{"id":10,"date":"2024-09-11T15:13:30","date_gmt":"2024-09-11T15:13:30","guid":{"rendered":"https:\/\/fmis.rj.gov.br\/v1\/?page_id=10"},"modified":"2026-04-24T07:39:22","modified_gmt":"2026-04-24T10:39:22","slug":"home","status":"publish","type":"page","link":"https:\/\/fmis.rj.gov.br\/v1\/","title":{"rendered":"In\u00edcio"},"content":{"rendered":"\n<div style=\"height:100px\" aria-hidden=\"true\" class=\"wp-block-spacer\"><\/div>\n\n\n\n<figure class=\"wp-block-image aligncenter size-full\"><img loading=\"lazy\" decoding=\"async\" width=\"800\" height=\"400\" src=\"https:\/\/fmis.rj.gov.br\/v1\/wp-content\/uploads\/2025\/12\/FMIS-pag1-2-logos-800x400-1.png\" alt=\"\" class=\"wp-image-1414\" srcset=\"https:\/\/fmis.rj.gov.br\/v1\/wp-content\/uploads\/2025\/12\/FMIS-pag1-2-logos-800x400-1.png 800w, https:\/\/fmis.rj.gov.br\/v1\/wp-content\/uploads\/2025\/12\/FMIS-pag1-2-logos-800x400-1-300x150.png 300w, https:\/\/fmis.rj.gov.br\/v1\/wp-content\/uploads\/2025\/12\/FMIS-pag1-2-logos-800x400-1-768x384.png 768w\" sizes=\"auto, (max-width: 800px) 100vw, 800px\" \/><\/figure>\n\n\n\n<div style=\"height:30px\" aria-hidden=\"true\" class=\"wp-block-spacer\"><\/div>\n\n\n\n<div class=\"wp-block-query is-layout-flow wp-block-query-is-layout-flow\"><div class=\"wp-block-query-no-results\">\n\n<p><\/p>\n\n<\/div><\/div>\n\n\n<div class=\"n2-section-smartslider fitvidsignore  n2_clear\" data-ssid=\"2\"><div class=\"n2-ss-margin\" style=\"margin: 5px 5px 5px 5px;\"><div id=\"n2-ss-2-align\" class=\"n2-ss-align\" style=\"margin: 0 auto; max-width: 1000px;\"><div class=\"n2-padding\"><div id=\"n2-ss-2\" data-creator=\"Smart Slider 3\" data-responsive=\"auto\" class=\"n2-ss-slider n2-ow n2-has-hover n2notransition  \">\n\n\n\n<div class=\"n2-ss-slider-wrapper-inside\">\n        <div class=\"n2-ss-slider-1 n2_ss__touch_element n2-ow\">\n            <div class=\"n2-ss-slider-2 n2-ow\">\n                                                <div class=\"n2-ss-slider-3 n2-ow\">\n\n                    <div class=\"n2-ss-slide-backgrounds n2-ow-all\"><div class=\"n2-ss-slide-background\" data-public-id=\"1\" data-mode=\"fill\"><div class=\"n2-ss-slide-background-image\" data-blur=\"0\" data-opacity=\"100\" data-x=\"50\" data-y=\"50\" data-alt=\"\" data-title=\"\"><picture class=\"skip-lazy\" data-skip-lazy=\"1\"><img decoding=\"async\" src=\"\/\/fmis.rj.gov.br\/v1\/wp-content\/uploads\/2026\/04\/1000151027.jpg\" alt=\"\" title=\"\" loading=\"lazy\" class=\"skip-lazy\" data-skip-lazy=\"1\"><\/picture><\/div><div data-color=\"RGBA(255,255,255,0)\" style=\"background-color: RGBA(255,255,255,0);\" class=\"n2-ss-slide-background-color\"><\/div><\/div><div class=\"n2-ss-slide-background\" data-public-id=\"2\" data-mode=\"fill\" aria-hidden=\"true\"><div class=\"n2-ss-slide-background-image\" data-blur=\"0\" data-opacity=\"100\" data-x=\"50\" data-y=\"50\" data-alt=\"\" data-title=\"\"><picture class=\"skip-lazy\" data-skip-lazy=\"1\"><img decoding=\"async\" src=\"\/\/fmis.rj.gov.br\/v1\/wp-content\/uploads\/2026\/03\/exposicao_carnaval.jpg\" alt=\"\" title=\"\" loading=\"lazy\" class=\"skip-lazy\" data-skip-lazy=\"1\"><\/picture><\/div><div data-color=\"RGBA(255,255,255,0)\" style=\"background-color: RGBA(255,255,255,0);\" class=\"n2-ss-slide-background-color\"><\/div><\/div><div class=\"n2-ss-slide-background\" data-public-id=\"3\" data-mode=\"fill\" aria-hidden=\"true\"><div class=\"n2-ss-slide-background-image\" data-blur=\"0\" data-opacity=\"100\" data-x=\"50\" data-y=\"50\" data-alt=\"\" data-title=\"\"><picture class=\"skip-lazy\" data-skip-lazy=\"1\"><img decoding=\"async\" src=\"\/\/fmis.rj.gov.br\/v1\/wp-content\/uploads\/2026\/03\/essencia-mis.jpg\" alt=\"\" title=\"\" loading=\"lazy\" class=\"skip-lazy\" data-skip-lazy=\"1\"><\/picture><\/div><div data-color=\"RGBA(255,255,255,0)\" style=\"background-color: RGBA(255,255,255,0);\" class=\"n2-ss-slide-background-color\"><\/div><\/div><div class=\"n2-ss-slide-background\" data-public-id=\"4\" data-mode=\"fill\" aria-hidden=\"true\"><div class=\"n2-ss-slide-background-image\" data-blur=\"0\" data-opacity=\"100\" data-x=\"50\" data-y=\"50\" data-alt=\"\" data-title=\"\"><picture class=\"skip-lazy\" data-skip-lazy=\"1\"><img decoding=\"async\" src=\"\/\/fmis.rj.gov.br\/v1\/wp-content\/uploads\/2026\/03\/projeto-mia-marco-v4.jpg\" alt=\"\" title=\"\" loading=\"lazy\" class=\"skip-lazy\" data-skip-lazy=\"1\"><\/picture><\/div><div data-color=\"RGBA(255,255,255,0)\" style=\"background-color: RGBA(255,255,255,0);\" class=\"n2-ss-slide-background-color\"><\/div><\/div><div class=\"n2-ss-slide-background\" data-public-id=\"5\" data-mode=\"fill\" aria-hidden=\"true\"><div class=\"n2-ss-slide-background-image\" data-blur=\"0\" data-opacity=\"100\" data-x=\"50\" data-y=\"50\" data-alt=\"\" data-title=\"\"><picture class=\"skip-lazy\" data-skip-lazy=\"1\"><img decoding=\"async\" src=\"\/\/fmis.rj.gov.br\/v1\/wp-content\/uploads\/2025\/12\/centrodepesquisa.jpg\" alt=\"\" title=\"\" loading=\"lazy\" class=\"skip-lazy\" data-skip-lazy=\"1\"><\/picture><\/div><div data-color=\"RGBA(255,255,255,0)\" style=\"background-color: RGBA(255,255,255,0);\" class=\"n2-ss-slide-background-color\"><\/div><\/div><div class=\"n2-ss-slide-background\" data-public-id=\"6\" data-mode=\"fill\" aria-hidden=\"true\"><div class=\"n2-ss-slide-background-image\" data-blur=\"0\" data-opacity=\"100\" data-x=\"50\" data-y=\"50\" data-alt=\"\" data-title=\"\"><picture class=\"skip-lazy\" data-skip-lazy=\"1\"><img decoding=\"async\" src=\"\/\/fmis.rj.gov.br\/v1\/wp-content\/uploads\/2025\/12\/contatos12-25.jpg\" alt=\"\" title=\"\" loading=\"lazy\" class=\"skip-lazy\" data-skip-lazy=\"1\"><\/picture><\/div><div data-color=\"RGBA(255,255,255,0)\" style=\"background-color: RGBA(255,255,255,0);\" class=\"n2-ss-slide-background-color\"><\/div><\/div><\/div>                    <div class=\"n2-ss-slider-4 n2-ow\">\n                        <svg xmlns=\"http:\/\/www.w3.org\/2000\/svg\" viewBox=\"0 0 1000 444\" data-related-device=\"desktopPortrait\" class=\"n2-ow n2-ss-preserve-size n2-ss-preserve-size--slider n2-ss-slide-limiter\"><\/svg><div data-first=\"1\" data-slide-duration=\"0\" data-id=\"286\" data-slide-public-id=\"1\" data-title=\"1000151027\" data-haslink=\"1\" data-href=\"https:\/\/www.radio.mis.rj.gov.br\/news-899-projeto-memOrias-afetivas-%E2%80%93-lembrancas-do-rio-em-depoimentos-na-fmis\" tabindex=\"0\" role=\"button\" data-target=\"_blank\" data-n2click=\"url\" data-force-pointer=\"\" class=\"n2-ss-slide n2-ow  n2-ss-slide-286\"><div role=\"note\" class=\"n2-ss-slide--focus\">1000151027<\/div><div class=\"n2-ss-layers-container n2-ss-slide-limiter n2-ow\"><div class=\"n2-ss-layer n2-ow n-uc-7vx9nGHzViAb\" data-sstype=\"slide\" data-pm=\"default\"><\/div><\/div><\/div><div data-slide-duration=\"0\" data-id=\"276\" data-slide-public-id=\"2\" aria-hidden=\"true\" data-title=\"exposi\u00e7ao_carnaval\" class=\"n2-ss-slide n2-ow  n2-ss-slide-276\"><div role=\"note\" class=\"n2-ss-slide--focus\" tabindex=\"-1\">exposi\u00e7ao_carnaval<\/div><div class=\"n2-ss-layers-container n2-ss-slide-limiter n2-ow\"><div class=\"n2-ss-layer n2-ow n-uc-4Z8CU36oF409\" data-sstype=\"slide\" data-pm=\"default\"><\/div><\/div><\/div><div data-slide-duration=\"0\" data-id=\"279\" data-slide-public-id=\"3\" aria-hidden=\"true\" data-title=\"essencia-mis\" class=\"n2-ss-slide n2-ow  n2-ss-slide-279\"><div role=\"note\" class=\"n2-ss-slide--focus\" tabindex=\"-1\">essencia-mis<\/div><div class=\"n2-ss-layers-container n2-ss-slide-limiter n2-ow\"><div class=\"n2-ss-layer n2-ow n-uc-RDANLH6216tc\" data-sstype=\"slide\" data-pm=\"default\"><\/div><\/div><\/div><div data-slide-duration=\"0\" data-id=\"278\" data-slide-public-id=\"4\" aria-hidden=\"true\" data-title=\"projeto-mia-marco-v4\" data-haslink=\"1\" data-href=\"https:\/\/fmis.rj.gov.br\/mia\" tabindex=\"0\" role=\"button\" data-target=\"_blank\" data-n2click=\"url\" data-force-pointer=\"\" class=\"n2-ss-slide n2-ow  n2-ss-slide-278\"><div role=\"note\" class=\"n2-ss-slide--focus\">projeto-mia-marco-v4<\/div><div class=\"n2-ss-layers-container n2-ss-slide-limiter n2-ow\"><div class=\"n2-ss-layer n2-ow n-uc-QvuWZ3f7EZNF\" data-sstype=\"slide\" data-pm=\"default\"><\/div><\/div><\/div><div data-slide-duration=\"0\" data-id=\"259\" data-slide-public-id=\"5\" aria-hidden=\"true\" data-title=\"centrodepesquisa\" data-haslink=\"1\" data-href=\"https:\/\/www.rj.gov.br\/servico\/pesquisa-online-no-acervo-da-fmisrj115\" tabindex=\"0\" role=\"button\" data-target=\"_blank\" data-n2click=\"url\" data-force-pointer=\"\" class=\"n2-ss-slide n2-ow  n2-ss-slide-259\"><div role=\"note\" class=\"n2-ss-slide--focus\">centrodepesquisa<\/div><div class=\"n2-ss-layers-container n2-ss-slide-limiter n2-ow\"><div class=\"n2-ss-layer n2-ow n-uc-jDpPb0j8UcmV\" data-sstype=\"slide\" data-pm=\"default\"><\/div><\/div><\/div><div data-slide-duration=\"0\" data-id=\"257\" data-slide-public-id=\"6\" aria-hidden=\"true\" data-title=\"contatos12-25\" class=\"n2-ss-slide n2-ow  n2-ss-slide-257\"><div role=\"note\" class=\"n2-ss-slide--focus\" tabindex=\"-1\">contatos12-25<\/div><div class=\"n2-ss-layers-container n2-ss-slide-limiter n2-ow\"><div class=\"n2-ss-layer n2-ow n-uc-URAhQyiwUGop\" data-sstype=\"slide\" data-pm=\"default\"><\/div><\/div><\/div>                    <\/div>\n\n                                    <\/div>\n            <\/div>\n        <\/div>\n        <div class=\"n2-ss-slider-controls n2-ss-slider-controls-absolute-left-center\"><div style=\"--widget-offset:15px;\" class=\"n2-ss-widget n2-style-107cb0e4b96e295f0c4852cfc0854d07-heading nextend-arrow n2-ow-all nextend-arrow-previous  nextend-arrow-animated-fade\" id=\"n2-ss-2-arrow-previous\" role=\"button\" aria-label=\"previous arrow\" tabindex=\"0\"><img loading=\"lazy\" decoding=\"async\" width=\"32\" height=\"32\" class=\"skip-lazy\" data-skip-lazy=\"1\" src=\"data:image\/svg+xml;base64,PHN2ZyB4bWxucz0iaHR0cDovL3d3dy53My5vcmcvMjAwMC9zdmciIHdpZHRoPSIzMiIgaGVpZ2h0PSIzMiIgdmlld0JveD0iMCAwIDMyIDMyIj4KICAgIDxwYXRoIGZpbGw9IiNmZmZmZmYiIG9wYWNpdHk9IjAuOCIgZmlsbC1ydWxlPSJldmVub2RkIgogICAgICAgICAgZD0iTTE4Ljk5NTggOC45OTA3YzAtLjQyNC0uMjA0LS43MjMtLjYxLS44OTgtLjQwOS0uMTczLS43NzItLjEwNC0xLjA5My4yMDlsLTcuMDA2IDYuOTc1Yy0uMjAxLjE5OS0uMjk3LjQzNy0uMjg2LjcxNiAwIC4yNjcuMDk2LjQ5OC4yODYuNjg5bDcuMDA2IDcuMDAxYy4zMjEuMzIxLjY4NC4zODkgMS4wOTMuMjA5LjQwNi0uMTc0LjYxLS40ODIuNjEtLjkyMlY4Ljk5MDd6Ii8+Cjwvc3ZnPg==\" alt=\"previous arrow\"><\/div><\/div><div class=\"n2-ss-slider-controls n2-ss-slider-controls-absolute-right-center\"><div style=\"--widget-offset:15px;\" class=\"n2-ss-widget n2-style-107cb0e4b96e295f0c4852cfc0854d07-heading nextend-arrow n2-ow-all nextend-arrow-next  nextend-arrow-animated-fade\" id=\"n2-ss-2-arrow-next\" role=\"button\" aria-label=\"next arrow\" tabindex=\"0\"><img loading=\"lazy\" decoding=\"async\" width=\"32\" height=\"32\" class=\"skip-lazy\" data-skip-lazy=\"1\" src=\"data:image\/svg+xml;base64,PHN2ZyB3aWR0aD0iMzIiIGhlaWdodD0iMzIiIHZpZXdCb3g9IjAgMCAzMiAzMiIgeG1sbnM9Imh0dHA6Ly93d3cudzMub3JnLzIwMDAvc3ZnIj4KICAgIDxwYXRoIGQ9Ik0xMiA4Ljk5YzAtLjQyMy4yMDQtLjcyMi42MS0uODk3LjQwOC0uMTczLjc3Mi0uMTA0IDEuMDkyLjIxbDcuMDA2IDYuOTc0Yy4yMDIuMi4yOTguNDM3LjI4Ny43MTYgMCAuMjY3LS4wOTYuNDk4LS4yODcuNjlsLTcuMDA2IDdjLS4zMi4zMi0uNjg0LjM5LTEuMDkyLjIxLS40MDYtLjE3NS0uNjEtLjQ4My0uNjEtLjkyM1Y4Ljk5eiIKICAgICAgICAgIGZpbGw9IiNmZmZmZmYiIG9wYWNpdHk9IjAuOCIgZmlsbC1ydWxlPSJldmVub2RkIi8+Cjwvc3ZnPg==\" alt=\"next arrow\"><\/div><\/div><\/div><\/div><ss3-loader><\/ss3-loader><\/div><\/div><div class=\"n2_clear\"><\/div><\/div><\/div>\n\n\n<div style=\"height:25px\" aria-hidden=\"true\" class=\"wp-block-spacer\"><\/div>\n\n\n<form role=\"search\" method=\"get\" action=\"https:\/\/fmis.rj.gov.br\/v1\/\" class=\"wp-block-search__button-outside wp-block-search__icon-button aligncenter wp-block-search\"    ><label class=\"wp-block-search__label screen-reader-text\" for=\"wp-block-search__input-1\" >Pesquisar<\/label><div class=\"wp-block-search__inside-wrapper\"  style=\"width: 75%\"><input class=\"wp-block-search__input\" id=\"wp-block-search__input-1\" placeholder=\"\" value=\"\" type=\"search\" name=\"s\" required \/><button aria-label=\"Pesquisar\" class=\"wp-block-search__button has-icon wp-element-button\" type=\"submit\" ><svg class=\"search-icon\" viewBox=\"0 0 24 24\" width=\"24\" height=\"24\">\n\t\t\t\t\t<path d=\"M13 5c-3.3 0-6 2.7-6 6 0 1.4.5 2.7 1.3 3.7l-3.8 3.8 1.1 1.1 3.8-3.8c1 .8 2.3 1.3 3.7 1.3 3.3 0 6-2.7 6-6S16.3 5 13 5zm0 10.5c-2.5 0-4.5-2-4.5-4.5s2-4.5 4.5-4.5 4.5 2 4.5 4.5-2 4.5-4.5 4.5z\"><\/path>\n\t\t\t\t<\/svg><\/button><\/div><\/form>\n\n\n<div style=\"height:25px\" aria-hidden=\"true\" class=\"wp-block-spacer\"><\/div>\n\n\n\n<div class=\"wp-block-group alignwide has-accent-5-background-color has-background is-layout-constrained wp-container-core-group-is-layout-d89aad35 wp-block-group-is-layout-constrained\" style=\"margin-top:0;margin-bottom:0;padding-top:var(--wp--preset--spacing--50);padding-right:var(--wp--preset--spacing--50);padding-bottom:var(--wp--preset--spacing--50);padding-left:var(--wp--preset--spacing--50)\">\n<div class=\"wp-block-columns alignwide is-layout-flex wp-container-core-columns-is-layout-1da03c2a wp-block-columns-is-layout-flex\">\n<div class=\"wp-block-column is-vertically-aligned-center is-layout-flow wp-block-column-is-layout-flow\" style=\"flex-basis:60%\">\n<figure class=\"wp-block-image aligncenter size-full is-resized is-style-default wp-duotone-varpresetduotoneduotone-1-2\"><img loading=\"lazy\" decoding=\"async\" width=\"600\" height=\"450\" src=\"https:\/\/fmis.rj.gov.br\/v1\/wp-content\/uploads\/2026\/04\/fotopraiacopacabana-1.jpg\" alt=\"\" class=\"wp-image-1633\" style=\"width:658px\" srcset=\"https:\/\/fmis.rj.gov.br\/v1\/wp-content\/uploads\/2026\/04\/fotopraiacopacabana-1.jpg 600w, https:\/\/fmis.rj.gov.br\/v1\/wp-content\/uploads\/2026\/04\/fotopraiacopacabana-1-300x225.jpg 300w\" sizes=\"auto, (max-width: 600px) 100vw, 600px\" \/><\/figure>\n<\/div>\n\n\n\n<div class=\"wp-block-column is-layout-flow wp-block-column-is-layout-flow\" style=\"flex-basis:40%\">\n<h3 class=\"wp-block-heading\">Artigo de Daiane Lopes: Por entre lentes e fatos &#8211; Copacabana em destaque no acervo Ronaldo C\u00e2mara da F.MIS<\/h3>\n\n\n\n<p>No caso especial do setor iconogr\u00e1fico da Funda\u00e7\u00e3o Museu da Imagem e do Som do Rio de Janeiro, h\u00e1 cerca de mil e novecentos itens imag\u00e9ticos ligados ao bairro, distribu\u00eddos pelas principais cole\u00e7\u00f5es salvaguardadas e disponibilizadas pelo Setor. O que demonstra a import\u00e2ncia do lugar aos que o escolheram para registros hist\u00f3ricos e emblem\u00e1ticos, afinal Copacabana se transforma em s\u00edmbolo nacional e internacional. Destaca-se tamb\u00e9m a presen\u00e7a de registros de imagens do bairro, ainda na primeira metade do s\u00e9culo XX, nas cole\u00e7\u00f5es hist\u00f3ricas dos fot\u00f3grafos Augusto Malta e Guilherme Santos, ambos retrataram uma Copacabana nascente nos termos que a conhecemos hoje, mas j\u00e1 com s\u00edmbolos eternizados atualmente em nossa mem\u00f3ria coletiva, pois j\u00e1 estavam presentes o Copacabana Palace, a praia enquanto lugar de lazer e sociabilidade, o in\u00edcio das edifica\u00e7\u00f5es na orla, a primeira vers\u00e3o de seu cal\u00e7ad\u00e3o com pedras portuguesas, por exemplo. Era uma Copacabana que come\u00e7ava a despontar para o mundo.<\/p>\n\n\n\n<p><\/p>\n\n\n\n<div class=\"wp-block-buttons is-content-justification-space-between is-layout-flex wp-container-core-buttons-is-layout-b2891da8 wp-block-buttons-is-layout-flex\">\n<div class=\"wp-block-button\"><a class=\"wp-block-button__link wp-element-button\" href=\"https:\/\/www.radio.mis.rj.gov.br\/news-916-artigo-de-daiane-lopes-por-entre-lentes-e-fatos--copacabana-em-destaque-no-acervo-ronaldo-camara-da-fmis\" target=\"_blank\" rel=\"noreferrer noopener\">Saiba mais<\/a><\/div>\n<\/div>\n<\/div>\n<\/div>\n<\/div>\n\n\n\n<div class=\"wp-block-group alignwide has-accent-5-background-color has-background is-layout-constrained wp-container-core-group-is-layout-d89aad35 wp-block-group-is-layout-constrained\" style=\"margin-top:0;margin-bottom:0;padding-top:var(--wp--preset--spacing--50);padding-right:var(--wp--preset--spacing--50);padding-bottom:var(--wp--preset--spacing--50);padding-left:var(--wp--preset--spacing--50)\">\n<div class=\"wp-block-columns alignwide is-layout-flex wp-container-core-columns-is-layout-1da03c2a wp-block-columns-is-layout-flex\">\n<div class=\"wp-block-column is-vertically-aligned-center is-layout-flow wp-block-column-is-layout-flow\" style=\"flex-basis:60%\">\n<figure class=\"wp-block-image aligncenter size-full is-resized is-style-default wp-duotone-varpresetduotoneduotone-1-3\"><img loading=\"lazy\" decoding=\"async\" width=\"600\" height=\"450\" src=\"https:\/\/fmis.rj.gov.br\/v1\/wp-content\/uploads\/2026\/04\/9287-2026-04-22.jpg\" alt=\"\" class=\"wp-image-1628\" style=\"width:658px\" srcset=\"https:\/\/fmis.rj.gov.br\/v1\/wp-content\/uploads\/2026\/04\/9287-2026-04-22.jpg 600w, https:\/\/fmis.rj.gov.br\/v1\/wp-content\/uploads\/2026\/04\/9287-2026-04-22-300x225.jpg 300w\" sizes=\"auto, (max-width: 600px) 100vw, 600px\" \/><\/figure>\n<\/div>\n\n\n\n<div class=\"wp-block-column is-layout-flow wp-block-column-is-layout-flow\" style=\"flex-basis:40%\">\n<h3 class=\"wp-block-heading\">Homenagem a Jorge Goulart emociona p\u00fablico e celebra legado de um dos grandes nomes da m\u00fasica brasileira na F.MIS<\/h3>\n\n\n\n<p><strong>\u201cCelebrar o centen\u00e1rio de Jorge Goulart \u00e9 preservar uma parte essencial da mem\u00f3ria musical brasileira. Ver esse audit\u00f3rio cheio, emocionado e conectado com a obra de um artista t\u00e3o importante mostra que esse legado segue vivo. A F.MIS tem esse papel de manter essas hist\u00f3rias pulsando e acess\u00edveis \u00e0s novas gera\u00e7\u00f5es\u201d<\/strong>, destacou o presidente da Funda\u00e7\u00e3o, Cesar Miranda Ribeiro.<\/p>\n\n\n\n<p>A abertura do evento ficou por conta da diretora t\u00e9cnica da F.MIS, \u00darsula Resende, que ressaltou a relev\u00e2ncia de Jorge Goulart para a m\u00fasica brasileira e a import\u00e2ncia da Funda\u00e7\u00e3o em promover encontros como esse, que mant\u00eam viva a mem\u00f3ria cultural do pa\u00eds. Em seguida, o p\u00fablico acompanhou a exibi\u00e7\u00e3o do document\u00e1rio produzido pelo professor F\u00e1bio Carvalho, reunindo depoimentos de personalidades que conviveram ou foram impactadas pela trajet\u00f3ria do artista.<\/p>\n\n\n\n<p><\/p>\n\n\n\n<div class=\"wp-block-buttons is-content-justification-space-between is-layout-flex wp-container-core-buttons-is-layout-b2891da8 wp-block-buttons-is-layout-flex\">\n<div class=\"wp-block-button\"><a class=\"wp-block-button__link wp-element-button\" href=\"https:\/\/www.radio.mis.rj.gov.br\/news-913-homenagem-a-jorge-goulart-emociona-publico-e-celebra-legado-de-um-dos-grandes-nomes-da-musica-brasileira-na-fmis\" target=\"_blank\" rel=\"noreferrer noopener\">Saiba mais<\/a><\/div>\n<\/div>\n<\/div>\n<\/div>\n<\/div>\n\n\n\n<div class=\"wp-block-group alignwide has-accent-5-background-color has-background is-layout-constrained wp-container-core-group-is-layout-d89aad35 wp-block-group-is-layout-constrained\" style=\"margin-top:0;margin-bottom:0;padding-top:var(--wp--preset--spacing--50);padding-right:var(--wp--preset--spacing--50);padding-bottom:var(--wp--preset--spacing--50);padding-left:var(--wp--preset--spacing--50)\">\n<div class=\"wp-block-columns alignwide is-layout-flex wp-container-core-columns-is-layout-1da03c2a wp-block-columns-is-layout-flex\">\n<div class=\"wp-block-column is-vertically-aligned-center is-layout-flow wp-block-column-is-layout-flow\" style=\"flex-basis:60%\">\n<figure class=\"wp-block-image aligncenter size-full is-resized is-style-default wp-duotone-varpresetduotoneduotone-1-4\"><img loading=\"lazy\" decoding=\"async\" width=\"600\" height=\"450\" src=\"https:\/\/fmis.rj.gov.br\/v1\/wp-content\/uploads\/2026\/04\/8500-2026-04-17.jpg\" alt=\"\" class=\"wp-image-1622\" style=\"width:658px\" srcset=\"https:\/\/fmis.rj.gov.br\/v1\/wp-content\/uploads\/2026\/04\/8500-2026-04-17.jpg 600w, https:\/\/fmis.rj.gov.br\/v1\/wp-content\/uploads\/2026\/04\/8500-2026-04-17-300x225.jpg 300w\" sizes=\"auto, (max-width: 600px) 100vw, 600px\" \/><\/figure>\n<\/div>\n\n\n\n<div class=\"wp-block-column is-layout-flow wp-block-column-is-layout-flow\" style=\"flex-basis:40%\">\n<h3 class=\"wp-block-heading\">F.MIS amplia di\u00e1logo internacional em Cartagena com reuni\u00f5es institucionais e participa\u00e7\u00e3o em encontro de produtores<\/h3>\n\n\n\n<p>Durante a agenda, Cesar e Juliana estiveram em reuni\u00e3o no AECID com Diana D\u00edaz Soto, diretora da Direcci\u00f3n de Audiovisuales, Cine y Medios Interactivos, vinculada ao Ministerio de Cultura de Colombia, e com Luz Amanda Sarmiento Clavijo, respons\u00e1vel pela \u00e1rea de internacionaliza\u00e7\u00e3o. O encontro teve como foco a troca de experi\u00eancias e a discuss\u00e3o de poss\u00edveis colabora\u00e7\u00f5es culturais entre Brasil e Col\u00f4mbia, abrangendo n\u00e3o apenas o audiovisual, mas tamb\u00e9m iniciativas no campo do r\u00e1dio e de outras linguagens culturais. Na ocasi\u00e3o, tamb\u00e9m foram apresentados projetos desenvolvidos pelo DACMI.<\/p>\n\n\n\n<p><\/p>\n\n\n\n<div class=\"wp-block-buttons is-content-justification-space-between is-layout-flex wp-container-core-buttons-is-layout-b2891da8 wp-block-buttons-is-layout-flex\">\n<div class=\"wp-block-button\"><a class=\"wp-block-button__link wp-element-button\" href=\"https:\/\/www.radio.mis.rj.gov.br\/news-911-fmis-amplia-dialogo-internacional-em-cartagena-com-reunioes-institucionais-e-participacao-em-encontro-de-produtores\" target=\"_blank\" rel=\"noreferrer noopener\">Saiba mais<\/a><\/div>\n<\/div>\n<\/div>\n<\/div>\n<\/div>\n\n\n\n<div class=\"wp-block-group alignwide has-accent-5-background-color has-background is-layout-constrained wp-container-core-group-is-layout-d89aad35 wp-block-group-is-layout-constrained\" style=\"margin-top:0;margin-bottom:0;padding-top:var(--wp--preset--spacing--50);padding-right:var(--wp--preset--spacing--50);padding-bottom:var(--wp--preset--spacing--50);padding-left:var(--wp--preset--spacing--50)\">\n<div class=\"wp-block-columns alignwide is-layout-flex wp-container-core-columns-is-layout-1da03c2a wp-block-columns-is-layout-flex\">\n<div class=\"wp-block-column is-vertically-aligned-center is-layout-flow wp-block-column-is-layout-flow\" style=\"flex-basis:60%\">\n<figure class=\"wp-block-image aligncenter size-full is-resized is-style-default wp-duotone-varpresetduotoneduotone-1-5\"><img loading=\"lazy\" decoding=\"async\" width=\"600\" height=\"450\" src=\"https:\/\/fmis.rj.gov.br\/v1\/wp-content\/uploads\/2026\/04\/1237-2026-04-16.jpg\" alt=\"\" class=\"wp-image-1621\" style=\"width:658px\" srcset=\"https:\/\/fmis.rj.gov.br\/v1\/wp-content\/uploads\/2026\/04\/1237-2026-04-16.jpg 600w, https:\/\/fmis.rj.gov.br\/v1\/wp-content\/uploads\/2026\/04\/1237-2026-04-16-300x225.jpg 300w\" sizes=\"auto, (max-width: 600px) 100vw, 600px\" \/><\/figure>\n<\/div>\n\n\n\n<div class=\"wp-block-column is-layout-flow wp-block-column-is-layout-flow\" style=\"flex-basis:40%\">\n<h3 class=\"wp-block-heading\">Presidente da F.MIS participa de painel sobre melodrama latino-americano no FICCI 65, em Cartagena<\/h3>\n\n\n\n<p>Em Cartagena das \u00cdndias, durante a 65\u00aa edi\u00e7\u00e3o do Festival Internacional de Cine de Cartagena de Indias (FICCI), o presidente da Funda\u00e7\u00e3o Museu da Imagem e do Som, Cesar Miranda Ribeiro, participou do painel \u201cRetrospectiva FICCIA A\u00f1os 60: el melodrama como s\u00edntoma social\u201d, ao lado de Mar\u00eda Alch\u00e9 e Andr\u00e9s Felipe Ardila, com media\u00e7\u00e3o de Manuel Zuluaga e tradu\u00e7\u00e3o de Karolyne Lins, da IBRACO. O debate foi realizado no Sal\u00f3n Mutis AECID e reuniu reflex\u00f5es sobre o papel do melodrama na hist\u00f3ria e na constru\u00e7\u00e3o do cinema latino-americano.<\/p>\n\n\n\n<p><\/p>\n\n\n\n<div class=\"wp-block-buttons is-content-justification-space-between is-layout-flex wp-container-core-buttons-is-layout-b2891da8 wp-block-buttons-is-layout-flex\">\n<div class=\"wp-block-button\"><a class=\"wp-block-button__link wp-element-button\" href=\"https:\/\/www.radio.mis.rj.gov.br\/news-910-presidente-da-fmis-participa-de-painel-sobre-melodrama-latino-americano-no-ficci-65-em-cartagena\" target=\"_blank\" rel=\"noreferrer noopener\">Saiba mais<\/a><\/div>\n<\/div>\n<\/div>\n<\/div>\n<\/div>\n\n\n\n<div class=\"wp-block-group alignwide has-accent-5-background-color has-background is-layout-constrained wp-container-core-group-is-layout-d89aad35 wp-block-group-is-layout-constrained\" style=\"margin-top:0;margin-bottom:0;padding-top:var(--wp--preset--spacing--50);padding-right:var(--wp--preset--spacing--50);padding-bottom:var(--wp--preset--spacing--50);padding-left:var(--wp--preset--spacing--50)\">\n<div class=\"wp-block-columns alignwide is-layout-flex wp-container-core-columns-is-layout-1da03c2a wp-block-columns-is-layout-flex\">\n<div class=\"wp-block-column is-vertically-aligned-center is-layout-flow wp-block-column-is-layout-flow\" style=\"flex-basis:60%\">\n<figure class=\"wp-block-image aligncenter size-full is-resized is-style-default wp-duotone-varpresetduotoneduotone-1-6\"><img loading=\"lazy\" decoding=\"async\" width=\"600\" height=\"450\" src=\"https:\/\/fmis.rj.gov.br\/v1\/wp-content\/uploads\/2026\/04\/jorgegoulart.jpg\" alt=\"\" class=\"wp-image-1616\" style=\"width:658px\" srcset=\"https:\/\/fmis.rj.gov.br\/v1\/wp-content\/uploads\/2026\/04\/jorgegoulart.jpg 600w, https:\/\/fmis.rj.gov.br\/v1\/wp-content\/uploads\/2026\/04\/jorgegoulart-300x225.jpg 300w\" sizes=\"auto, (max-width: 600px) 100vw, 600px\" \/><\/figure>\n<\/div>\n\n\n\n<div class=\"wp-block-column is-layout-flow wp-block-column-is-layout-flow\" style=\"flex-basis:40%\">\n<h3 class=\"wp-block-heading\">Centen\u00e1rio de Jorge Goulart \u00e9 celebrado em homenagem especial promovida pela F.MIS<\/h3>\n\n\n\n<p>A Funda\u00e7\u00e3o Museu da Imagem e do Som realiza amanh\u00e3, 17\/4, uma homenagem especial ao centen\u00e1rio de Jorge Goulart, um dos grandes nomes da m\u00fasica brasileira. Idealizado em parceria com o professor F\u00e1bio Carvalho e com a vi\u00fava do cantor, Ant\u00f4nia L\u00facia, o evento acontece na sede da Pra\u00e7a XV da institui\u00e7\u00e3o e celebra a trajet\u00f3ria do artista, reafirmando sua import\u00e2ncia para a cultura nacional.<\/p>\n\n\n\n<p>A programa\u00e7\u00e3o re\u00fane diferentes iniciativas que revisitam a vida e a obra do cantor, proporcionando ao p\u00fablico um mergulho em sua trajet\u00f3ria art\u00edstica. Um dos momentos centrais ser\u00e1 a exibi\u00e7\u00e3o de um document\u00e1rio produzido por F\u00e1bio Carvalho, que re\u00fane depoimentos de personalidades que conviveram ou foram impactadas pela obra de Jorge Goulart, como Roberto Kelly, Ana Botafogo, Roberto Barbosa, Lu\u00eds Prestes Filho e Abi-Rihan.<\/p>\n\n\n\n<p><\/p>\n\n\n\n<div class=\"wp-block-buttons is-content-justification-space-between is-layout-flex wp-container-core-buttons-is-layout-b2891da8 wp-block-buttons-is-layout-flex\">\n<div class=\"wp-block-button\"><a class=\"wp-block-button__link wp-element-button\" href=\"https:\/\/www.radio.mis.rj.gov.br\/news-909-centenario-de-jorge-goulart-e-celebrado-em-homenagem-especial-promovida-pela-fmis\" target=\"_blank\" rel=\"noreferrer noopener\">Saiba mais<\/a><\/div>\n<\/div>\n<\/div>\n<\/div>\n<\/div>\n\n\n\n<div class=\"wp-block-group alignwide has-accent-5-background-color has-background is-layout-constrained wp-container-core-group-is-layout-d89aad35 wp-block-group-is-layout-constrained\" style=\"margin-top:0;margin-bottom:0;padding-top:var(--wp--preset--spacing--50);padding-right:var(--wp--preset--spacing--50);padding-bottom:var(--wp--preset--spacing--50);padding-left:var(--wp--preset--spacing--50)\">\n<div class=\"wp-block-columns alignwide is-layout-flex wp-container-core-columns-is-layout-1da03c2a wp-block-columns-is-layout-flex\">\n<div class=\"wp-block-column is-vertically-aligned-center is-layout-flow wp-block-column-is-layout-flow\" style=\"flex-basis:60%\">\n<figure class=\"wp-block-image aligncenter size-full is-resized is-style-default wp-duotone-varpresetduotoneduotone-1-7\"><img loading=\"lazy\" decoding=\"async\" width=\"600\" height=\"450\" src=\"https:\/\/fmis.rj.gov.br\/v1\/wp-content\/uploads\/2026\/04\/via0426.jpg\" alt=\"\" class=\"wp-image-1615\" style=\"width:658px\" srcset=\"https:\/\/fmis.rj.gov.br\/v1\/wp-content\/uploads\/2026\/04\/via0426.jpg 600w, https:\/\/fmis.rj.gov.br\/v1\/wp-content\/uploads\/2026\/04\/via0426-300x225.jpg 300w\" sizes=\"auto, (max-width: 600px) 100vw, 600px\" \/><\/figure>\n<\/div>\n\n\n\n<div class=\"wp-block-column is-layout-flow wp-block-column-is-layout-flow\" style=\"flex-basis:40%\">\n<h3 class=\"wp-block-heading\">Presidente da F.MIS participa do Festival Internacional de Cine de Cartagena e refor\u00e7a presen\u00e7a do Brasil no cen\u00e1rio audiovisual<\/h3>\n\n\n\n<p>O presidente da Funda\u00e7\u00e3o Museu da Imagem e do Som, Cesar Miranda Ribeiro, est\u00e1 em Cartagena das \u00cdndias, na Col\u00f4mbia, acompanhado da coordenadora do setor de cinema da institui\u00e7\u00e3o, Juliana Botelho, participando do Festival Internacional de Cine de Cartagena de Indias (FICCI), que acontece entre os dias 14 e 19 de abril. Nesta edi\u00e7\u00e3o, o Brasil \u00e9 o pa\u00eds homenageado no mercado do festival, com uma programa\u00e7\u00e3o dedicada \u00e0 valoriza\u00e7\u00e3o e difus\u00e3o do audiovisual brasileiro.<\/p>\n\n\n\n<p><\/p>\n\n\n\n<div class=\"wp-block-buttons is-content-justification-space-between is-layout-flex wp-container-core-buttons-is-layout-b2891da8 wp-block-buttons-is-layout-flex\">\n<div class=\"wp-block-button\"><a class=\"wp-block-button__link wp-element-button\" href=\"https:\/\/www.radio.mis.rj.gov.br\/news-906-presidente-da-fmis-participa-do-festival-internacional-de-cine-de-cartagena-e-reforca-presenca-do-brasil-no-cenario-audiovisual\" target=\"_blank\" rel=\"noreferrer noopener\">Saiba mais<\/a><\/div>\n<\/div>\n<\/div>\n<\/div>\n<\/div>\n\n\n\n<div class=\"wp-block-group alignwide has-accent-5-background-color has-background is-layout-constrained wp-container-core-group-is-layout-d89aad35 wp-block-group-is-layout-constrained\" style=\"margin-top:0;margin-bottom:0;padding-top:var(--wp--preset--spacing--50);padding-right:var(--wp--preset--spacing--50);padding-bottom:var(--wp--preset--spacing--50);padding-left:var(--wp--preset--spacing--50)\">\n<div class=\"wp-block-columns alignwide is-layout-flex wp-container-core-columns-is-layout-1da03c2a wp-block-columns-is-layout-flex\">\n<div class=\"wp-block-column is-vertically-aligned-center is-layout-flow wp-block-column-is-layout-flow\" style=\"flex-basis:60%\">\n<figure class=\"wp-block-image aligncenter size-full is-resized is-style-default wp-duotone-varpresetduotoneduotone-1-8\"><img loading=\"lazy\" decoding=\"async\" width=\"600\" height=\"450\" src=\"https:\/\/fmis.rj.gov.br\/v1\/wp-content\/uploads\/2026\/04\/eventocopa.jpg\" alt=\"\" class=\"wp-image-1593\" style=\"width:658px\" srcset=\"https:\/\/fmis.rj.gov.br\/v1\/wp-content\/uploads\/2026\/04\/eventocopa.jpg 600w, https:\/\/fmis.rj.gov.br\/v1\/wp-content\/uploads\/2026\/04\/eventocopa-300x225.jpg 300w\" sizes=\"auto, (max-width: 600px) 100vw, 600px\" \/><\/figure>\n<\/div>\n\n\n\n<div class=\"wp-block-column is-layout-flow wp-block-column-is-layout-flow\" style=\"flex-basis:40%\">\n<h3 class=\"wp-block-heading\">Abertura de exposi\u00e7\u00e3o marca novo cap\u00edtulo do MIS Copacabana em evento emocionante e hist\u00f3rico<\/h3>\n\n\n\n<p>\u201c<strong>Presidir o MIS \u00e9 uma honra que atravessa a minha pr\u00f3pria hist\u00f3ria de vida. Enquanto aluno do curso de jornalismo, meus professores me mandavam ao MIS para realizarmos pesquisas. Estive presente na inaugura\u00e7\u00e3o do museu, em 1965, ainda crian\u00e7a, ao lado do meu pai. Voltar agora, tantos anos depois, participando da constru\u00e7\u00e3o de um novo cap\u00edtulo dessa institui\u00e7\u00e3o, \u00e9 algo profundamente emocionante. O MIS carrega a mem\u00f3ria de grandes nomes, como Pixinguinha, e de projetos fundamentais como os Depoimentos para a Posteridade. Estar aqui hoje \u00e9 reafirmar esse compromisso com a cultura e com o futuro\u201d<\/strong>, destacou o presidente da F.MIS, Cesar Miranda Ribeiro.<\/p>\n\n\n\n<p><\/p>\n\n\n\n<div class=\"wp-block-buttons is-content-justification-space-between is-layout-flex wp-container-core-buttons-is-layout-b2891da8 wp-block-buttons-is-layout-flex\">\n<div class=\"wp-block-button\"><a class=\"wp-block-button__link wp-element-button\" href=\"https:\/\/www.radio.mis.rj.gov.br\/news-903-abertura-de-exposicao-marca-novo-capitulo-do-mis-copacabana-em-evento-emocionante-e-historico\" target=\"_blank\" rel=\"noreferrer noopener\">Saiba mais<\/a><\/div>\n<\/div>\n<\/div>\n<\/div>\n<\/div>\n\n\n\n<div class=\"wp-block-group alignwide has-accent-5-background-color has-background is-layout-constrained wp-container-core-group-is-layout-d89aad35 wp-block-group-is-layout-constrained\" style=\"margin-top:0;margin-bottom:0;padding-top:var(--wp--preset--spacing--50);padding-right:var(--wp--preset--spacing--50);padding-bottom:var(--wp--preset--spacing--50);padding-left:var(--wp--preset--spacing--50)\">\n<div class=\"wp-block-columns alignwide is-layout-flex wp-container-core-columns-is-layout-1da03c2a wp-block-columns-is-layout-flex\">\n<div class=\"wp-block-column is-vertically-aligned-center is-layout-flow wp-block-column-is-layout-flow\" style=\"flex-basis:60%\">\n<figure class=\"wp-block-image aligncenter size-full is-resized is-style-default wp-duotone-varpresetduotoneduotone-1-9\"><img loading=\"lazy\" decoding=\"async\" width=\"600\" height=\"450\" src=\"https:\/\/fmis.rj.gov.br\/v1\/wp-content\/uploads\/2026\/04\/memorias.jpg\" alt=\"\" class=\"wp-image-1589\" style=\"width:658px\" srcset=\"https:\/\/fmis.rj.gov.br\/v1\/wp-content\/uploads\/2026\/04\/memorias.jpg 600w, https:\/\/fmis.rj.gov.br\/v1\/wp-content\/uploads\/2026\/04\/memorias-300x225.jpg 300w\" sizes=\"auto, (max-width: 600px) 100vw, 600px\" \/><\/figure>\n<\/div>\n\n\n\n<div class=\"wp-block-column is-layout-flow wp-block-column-is-layout-flow\" style=\"flex-basis:40%\">\n<h3 class=\"wp-block-heading\">Projeto MEM\u00d3RIAS AFETIVAS \u2013 Lembran\u00e7as do Rio em Depoimentos na F.MIS.<\/h3>\n\n\n\n<p>O projeto Mem\u00f3rias Afetivas tem como objetivo registrar, preservar e disponibilizar relatos de vida de pessoas com 80 anos ou mais, residentes no Estado do Rio de Janeiro. Por meio de entrevistas gravadas em \u00e1udio e v\u00eddeo, busca-se construir um acervo vivo que una mem\u00f3ria individual e mem\u00f3ria coletiva.<\/p>\n\n\n\n<p>Os depoimentos de pessoas que vivenciaram diferentes fases do desenvolvimento do Rio de Janeiro constituem fonte valiosa para a compreens\u00e3o das transforma\u00e7\u00f5es sociais, urbanas e culturais do estado. A partir dessas narrativas, ser\u00e1 poss\u00edvel identificar mudan\u00e7as nos bairros, modos de vida, rela\u00e7\u00f5es sociais e impactos do crescimento urbano ao longo do tempo.<\/p>\n\n\n\n<p><\/p>\n\n\n\n<div class=\"wp-block-buttons is-content-justification-space-between is-layout-flex wp-container-core-buttons-is-layout-b2891da8 wp-block-buttons-is-layout-flex\">\n<div class=\"wp-block-button\"><a class=\"wp-block-button__link wp-element-button\" href=\"https:\/\/www.radio.mis.rj.gov.br\/news-899-projeto-memOrias-afetivas-%E2%80%93-lembrancas-do-rio-em-depoimentos-na-fmis\" target=\"_blank\" rel=\"noreferrer noopener\">Saiba mais<\/a><\/div>\n<\/div>\n<\/div>\n<\/div>\n<\/div>\n\n\n\n<div class=\"wp-block-group alignwide has-accent-5-background-color has-background is-layout-constrained wp-container-core-group-is-layout-d89aad35 wp-block-group-is-layout-constrained\" style=\"margin-top:0;margin-bottom:0;padding-top:var(--wp--preset--spacing--50);padding-right:var(--wp--preset--spacing--50);padding-bottom:var(--wp--preset--spacing--50);padding-left:var(--wp--preset--spacing--50)\">\n<div class=\"wp-block-columns alignwide is-layout-flex wp-container-core-columns-is-layout-1da03c2a wp-block-columns-is-layout-flex\">\n<div class=\"wp-block-column is-vertically-aligned-center is-layout-flow wp-block-column-is-layout-flow\" style=\"flex-basis:60%\">\n<figure class=\"wp-block-image aligncenter size-full is-resized is-style-default wp-duotone-varpresetduotoneduotone-1-10\"><img loading=\"lazy\" decoding=\"async\" width=\"600\" height=\"450\" src=\"https:\/\/fmis.rj.gov.br\/v1\/wp-content\/uploads\/2026\/03\/5913-2026-03-30.jpg\" alt=\"\" class=\"wp-image-1579\" style=\"width:658px\" srcset=\"https:\/\/fmis.rj.gov.br\/v1\/wp-content\/uploads\/2026\/03\/5913-2026-03-30.jpg 600w, https:\/\/fmis.rj.gov.br\/v1\/wp-content\/uploads\/2026\/03\/5913-2026-03-30-300x225.jpg 300w\" sizes=\"auto, (max-width: 600px) 100vw, 600px\" \/><\/figure>\n<\/div>\n\n\n\n<div class=\"wp-block-column is-layout-flow wp-block-column-is-layout-flow\" style=\"flex-basis:40%\">\n<h3 class=\"wp-block-heading\">Corrida \u201cMIS a MIS\u201d emociona participantes e transforma o Rio em palco de celebra\u00e7\u00e3o da cultura e do movimento<\/h3>\n\n\n\n<p>Na manh\u00e3 de ontem, 29 de mar\u00e7o, o Rio de Janeiro foi cen\u00e1rio de um encontro marcante entre cultura, esporte e mem\u00f3ria com a realiza\u00e7\u00e3o da corrida \u201cMIS a MIS\u201d, promovida pela Funda\u00e7\u00e3o Museu da Imagem e do Som do Rio de Janeiro, atrav\u00e9s de seu presidente, Cesar Miranda Ribeiro. Com largada na Pra\u00e7a Luiz Souza Dantas, no MIS Pra\u00e7a XV, e chegada na orla de Copacabana, o evento reuniu centenas de participantes em um percurso simb\u00f3lico que conectou diferentes territ\u00f3rios e hist\u00f3rias da cidade. Idealizada pela Funda\u00e7\u00e3o, a corrida contou com apoio da Secretaria de Estado de Cultura e Economia Criativa, do Governo do Estado, da Prefeitura do Rio, por meio da Secretaria Estadual de Esportes, atrav\u00e9s do secret\u00e1rio Rodrigo Scorzelli, al\u00e9m do apoio institucional do Visit Rio e de parcerias como a Marinha do Brasil, o CONI-Brasile e os Hot\u00e9is Socialtel. A organiza\u00e7\u00e3o foi da DeCastilho Marketing, com patroc\u00ednio da Light. As inscri\u00e7\u00f5es, esgotadas em apenas seis minutos, j\u00e1 indicavam o sucesso que se confirmaria nas ruas, em uma experi\u00eancia emocionante e coletiva.<\/p>\n\n\n\n<p><\/p>\n\n\n\n<div class=\"wp-block-buttons is-content-justification-space-between is-layout-flex wp-container-core-buttons-is-layout-b2891da8 wp-block-buttons-is-layout-flex\">\n<div class=\"wp-block-button\"><a class=\"wp-block-button__link wp-element-button\" href=\"https:\/\/www.radio.mis.rj.gov.br\/news-894-corrida-mis-a-mis-emociona-participantes-e-transforma-o-rio-em-palco-de-celebracao-da-cultura-e-do-movimento\" target=\"_blank\" rel=\"noreferrer noopener\">Saiba mais<\/a><\/div>\n<\/div>\n<\/div>\n<\/div>\n<\/div>\n\n\n\n<div class=\"wp-block-group alignwide has-accent-5-background-color has-background is-layout-constrained wp-container-core-group-is-layout-d89aad35 wp-block-group-is-layout-constrained\" style=\"margin-top:0;margin-bottom:0;padding-top:var(--wp--preset--spacing--50);padding-right:var(--wp--preset--spacing--50);padding-bottom:var(--wp--preset--spacing--50);padding-left:var(--wp--preset--spacing--50)\">\n<div class=\"wp-block-columns alignwide is-layout-flex wp-container-core-columns-is-layout-1da03c2a wp-block-columns-is-layout-flex\">\n<div class=\"wp-block-column is-vertically-aligned-center is-layout-flow wp-block-column-is-layout-flow\" style=\"flex-basis:60%\">\n<figure class=\"wp-block-image aligncenter size-full is-resized is-style-default wp-duotone-varpresetduotoneduotone-1-11\"><img loading=\"lazy\" decoding=\"async\" width=\"600\" height=\"450\" src=\"https:\/\/fmis.rj.gov.br\/v1\/wp-content\/uploads\/2026\/03\/9842-2026-03-25.jpg\" alt=\"\" class=\"wp-image-1574\" style=\"width:658px\" srcset=\"https:\/\/fmis.rj.gov.br\/v1\/wp-content\/uploads\/2026\/03\/9842-2026-03-25.jpg 600w, https:\/\/fmis.rj.gov.br\/v1\/wp-content\/uploads\/2026\/03\/9842-2026-03-25-300x225.jpg 300w\" sizes=\"auto, (max-width: 600px) 100vw, 600px\" \/><\/figure>\n<\/div>\n\n\n\n<div class=\"wp-block-column is-layout-flow wp-block-column-is-layout-flow\" style=\"flex-basis:40%\">\n<h3 class=\"wp-block-heading\">Corrida \u201cMIS a MIS\u201d promove percurso simb\u00f3lico entre as sedes do museu pelo Rio de Janeiro<\/h3>\n\n\n\n<p>A Funda\u00e7\u00e3o Museu da Imagem e do Som do Rio de Janeiro realiza, no pr\u00f3ximo dia 29 de mar\u00e7o, \u00e0s 6h, a corrida \u201cMIS a MIS\u201d, um evento que prop\u00f5e um percurso simb\u00f3lico conectando passado e presente da institui\u00e7\u00e3o. A largada ser\u00e1 na Pra\u00e7a Luiz Souza Dantas, em frente \u00e0 sede hist\u00f3rica do MIS, na Pra\u00e7a XV, com chegada na Avenida Atl\u00e2ntica, na futura nova sede do MIS, em Copacabana. As inscri\u00e7\u00f5es gratuitas foram esgotadas em apenas 6 minutos, evidenciando o grande sucesso e a ades\u00e3o do p\u00fablico \u00e0 iniciativa.<\/p>\n\n\n\n<p><\/p>\n\n\n\n<div class=\"wp-block-buttons is-content-justification-space-between is-layout-flex wp-container-core-buttons-is-layout-b2891da8 wp-block-buttons-is-layout-flex\">\n<div class=\"wp-block-button\"><a class=\"wp-block-button__link wp-element-button\" href=\"https:\/\/www.radio.mis.rj.gov.br\/news-891-corrida-mis-a-mis-promove-percurso-simbolico-entre-as-sedes-do-museu-pelo-rio-de-janeiro\" target=\"_blank\" rel=\"noreferrer noopener\">Saiba mais<\/a><\/div>\n<\/div>\n<\/div>\n<\/div>\n<\/div>\n\n\n\n<div class=\"wp-block-group alignwide has-accent-5-background-color has-background is-layout-constrained wp-container-core-group-is-layout-d89aad35 wp-block-group-is-layout-constrained\" style=\"margin-top:0;margin-bottom:0;padding-top:var(--wp--preset--spacing--50);padding-right:var(--wp--preset--spacing--50);padding-bottom:var(--wp--preset--spacing--50);padding-left:var(--wp--preset--spacing--50)\">\n<div class=\"wp-block-columns alignwide is-layout-flex wp-container-core-columns-is-layout-1da03c2a wp-block-columns-is-layout-flex\">\n<div class=\"wp-block-column is-vertically-aligned-center is-layout-flow wp-block-column-is-layout-flow\" style=\"flex-basis:60%\">\n<figure class=\"wp-block-image aligncenter size-full is-resized is-style-default wp-duotone-varpresetduotoneduotone-1-12\"><img loading=\"lazy\" decoding=\"async\" width=\"600\" height=\"450\" src=\"https:\/\/fmis.rj.gov.br\/v1\/wp-content\/uploads\/2026\/03\/presidente-em-copa.jpg\" alt=\"\" class=\"wp-image-1546\" style=\"width:658px\" srcset=\"https:\/\/fmis.rj.gov.br\/v1\/wp-content\/uploads\/2026\/03\/presidente-em-copa.jpg 600w, https:\/\/fmis.rj.gov.br\/v1\/wp-content\/uploads\/2026\/03\/presidente-em-copa-300x225.jpg 300w\" sizes=\"auto, (max-width: 600px) 100vw, 600px\" \/><\/figure>\n<\/div>\n\n\n\n<div class=\"wp-block-column is-layout-flow wp-block-column-is-layout-flow\" style=\"flex-basis:40%\">\n<h3 class=\"wp-block-heading\">Artigo hist\u00f3rico da Presid\u00eancia: Funda\u00e7\u00e3o Museu da Imagem e do Som do Rio de Janeiro inicia nova etapa com a chegada da nova sede em Copacabana.<\/h3>\n\n\n\n<p>Com a aproxima\u00e7\u00e3o da conclus\u00e3o das obras e entrega da nova sede do Museu da Imagem e do Som do Rio de Janeiro, em Copacabana, aguardada pela popula\u00e7\u00e3o h\u00e1 muitos anos, inicia-se um novo cap\u00edtulo na trajet\u00f3ria desta institui\u00e7\u00e3o que, desde 1965, preserva e difunde a mem\u00f3ria cultural brasileira. Trata-se de uma importante entrega \u00e0 sociedade fluminense, que amplia o acesso p\u00fablico \u00e0 cultura, \u00e0 educa\u00e7\u00e3o e \u00e0 inova\u00e7\u00e3o.<\/p>\n\n\n\n<p>A inaugura\u00e7\u00e3o ser\u00e1 acompanhada por uma s\u00e9rie de atividades e eventos preparat\u00f3rios, enquanto a museologia e a preserva\u00e7\u00e3o do acervo continuar\u00e3o plenamente asseguradas nas sedes hist\u00f3ricas da Pra\u00e7a XV e da Lapa.<\/p>\n\n\n\n<div class=\"wp-block-buttons is-content-justification-space-between is-layout-flex wp-container-core-buttons-is-layout-b2891da8 wp-block-buttons-is-layout-flex\">\n<div class=\"wp-block-button\"><a class=\"wp-block-button__link wp-element-button\" href=\"https:\/\/www.radio.mis.rj.gov.br\/news-890-artigo-historico-da-presidencia-fundacao-museu-da-imagem-e-do-som-do-rio-de-janeiro-inicia-nova-etapa-com-a-chegada-da-nova-sede-em-copacabana\" target=\"_blank\" rel=\"noreferrer noopener\">Saiba mais<\/a><\/div>\n<\/div>\n<\/div>\n<\/div>\n<\/div>\n\n\n\n<div class=\"wp-block-group alignwide has-accent-5-background-color has-background is-layout-constrained wp-container-core-group-is-layout-d89aad35 wp-block-group-is-layout-constrained\" style=\"margin-top:0;margin-bottom:0;padding-top:var(--wp--preset--spacing--50);padding-right:var(--wp--preset--spacing--50);padding-bottom:var(--wp--preset--spacing--50);padding-left:var(--wp--preset--spacing--50)\">\n<div class=\"wp-block-columns alignwide is-layout-flex wp-container-core-columns-is-layout-1da03c2a wp-block-columns-is-layout-flex\">\n<div class=\"wp-block-column is-vertically-aligned-center is-layout-flow wp-block-column-is-layout-flow\" style=\"flex-basis:60%\">\n<figure class=\"wp-block-image aligncenter size-full is-resized is-style-default wp-duotone-varpresetduotoneduotone-1-13\"><img loading=\"lazy\" decoding=\"async\" width=\"600\" height=\"450\" src=\"https:\/\/fmis.rj.gov.br\/v1\/wp-content\/uploads\/2026\/03\/icom2026.jpg\" alt=\"\" class=\"wp-image-1539\" style=\"width:658px\" srcset=\"https:\/\/fmis.rj.gov.br\/v1\/wp-content\/uploads\/2026\/03\/icom2026.jpg 600w, https:\/\/fmis.rj.gov.br\/v1\/wp-content\/uploads\/2026\/03\/icom2026-300x225.jpg 300w\" sizes=\"auto, (max-width: 600px) 100vw, 600px\" \/><\/figure>\n<\/div>\n\n\n\n<div class=\"wp-block-column is-layout-flow wp-block-column-is-layout-flow\" style=\"flex-basis:40%\">\n<h3 class=\"wp-block-heading\">Funda\u00e7\u00e3o MIS tem trabalho aprovado para o Encontro do ICOM Brasil 2026, em Recife (PE)<\/h3>\n\n\n\n<p>A Funda\u00e7\u00e3o Museu da Imagem e do Som do Rio de Janeiro tem a satisfa\u00e7\u00e3o de compartilhar uma&nbsp;excelente not\u00edcia. Foi divulgada hoje, 12 de mar\u00e7o de 2026, a lista final dos trabalhos aprovados&nbsp;para o&nbsp;<strong>Encontro do ICOM Brasil 2026<\/strong>, e a&nbsp;<strong>Funda\u00e7\u00e3o MIS<\/strong>&nbsp;est\u00e1 entre as institui\u00e7\u00f5es selecionadas&nbsp;para apresenta\u00e7\u00e3o no evento, que ser\u00e1 realizado em Recife (PE).&nbsp;<\/p>\n\n\n\n<p>O trabalho aprovado, intitulado,<strong>&nbsp;Narrativas Iconogr\u00e1ficas na Funda\u00e7\u00e3o Museu da Imagem e do&nbsp;<\/strong><strong>Som do Rio de Janeiro, Mem\u00f3rias e Hist\u00f3rias da \u201cQuase Fam\u00edlia\u201d,<\/strong>&nbsp;\u00e9 de autoria da servidora&nbsp;<strong>Natasha Ferr\u00e3o&nbsp;<\/strong>e representa a contribui\u00e7\u00e3o da institui\u00e7\u00e3o para o debate contempor\u00e2neo no&nbsp;campo museal.<\/p>\n\n\n\n<p><\/p>\n\n\n\n<div class=\"wp-block-buttons is-content-justification-space-between is-layout-flex wp-container-core-buttons-is-layout-b2891da8 wp-block-buttons-is-layout-flex\">\n<div class=\"wp-block-button\"><a class=\"wp-block-button__link wp-element-button\" href=\"https:\/\/www.radio.mis.rj.gov.br\/news-881-fundacao-mis-tem-trabalho-aprovado-para-o-encontro-do-icom-brasil-2026-em-recife-pe\" target=\"_blank\" rel=\"noreferrer noopener\">Saiba mais<\/a><\/div>\n<\/div>\n<\/div>\n<\/div>\n<\/div>\n\n\n\n<div class=\"wp-block-group alignwide has-accent-5-background-color has-background is-layout-constrained wp-container-core-group-is-layout-d89aad35 wp-block-group-is-layout-constrained\" style=\"margin-top:0;margin-bottom:0;padding-top:var(--wp--preset--spacing--50);padding-right:var(--wp--preset--spacing--50);padding-bottom:var(--wp--preset--spacing--50);padding-left:var(--wp--preset--spacing--50)\">\n<div class=\"wp-block-columns alignwide is-layout-flex wp-container-core-columns-is-layout-1da03c2a wp-block-columns-is-layout-flex\">\n<div class=\"wp-block-column is-vertically-aligned-center is-layout-flow wp-block-column-is-layout-flow\" style=\"flex-basis:60%\">\n<figure class=\"wp-block-image aligncenter size-full is-resized is-style-default wp-duotone-varpresetduotoneduotone-1-14\"><img loading=\"lazy\" decoding=\"async\" width=\"600\" height=\"450\" src=\"https:\/\/fmis.rj.gov.br\/v1\/wp-content\/uploads\/2026\/03\/7448-2026-03-12.jpg\" alt=\"\" class=\"wp-image-1537\" style=\"width:658px\" srcset=\"https:\/\/fmis.rj.gov.br\/v1\/wp-content\/uploads\/2026\/03\/7448-2026-03-12.jpg 600w, https:\/\/fmis.rj.gov.br\/v1\/wp-content\/uploads\/2026\/03\/7448-2026-03-12-300x225.jpg 300w\" sizes=\"auto, (max-width: 600px) 100vw, 600px\" \/><\/figure>\n<\/div>\n\n\n\n<div class=\"wp-block-column is-layout-flow wp-block-column-is-layout-flow\" style=\"flex-basis:40%\">\n<h3 class=\"wp-block-heading\">Presidente da F.MIS participa de sess\u00e3o especial no Senado em celebra\u00e7\u00e3o aos 30 anos da TV Senado<\/h3>\n\n\n\n<p>Ainda em agenda institucional em Bras\u00edlia, o presidente da Funda\u00e7\u00e3o Museu da Imagem e do Som do Rio de Janeiro, Cesar Miranda Ribeiro, acompanhado da coordenadora do setor de Cinema da institui\u00e7\u00e3o, Juliana Botelho, esteve presente no Senado Federal para a sess\u00e3o especial em celebra\u00e7\u00e3o aos 30 anos da TV Senado. O evento reuniu autoridades, profissionais da comunica\u00e7\u00e3o e convidados para homenagear a trajet\u00f3ria da emissora p\u00fablica e sua contribui\u00e7\u00e3o para a transpar\u00eancia e a difus\u00e3o das atividades do Poder Legislativo.<\/p>\n\n\n\n<p><\/p>\n\n\n\n<div class=\"wp-block-buttons is-content-justification-space-between is-layout-flex wp-container-core-buttons-is-layout-b2891da8 wp-block-buttons-is-layout-flex\">\n<div class=\"wp-block-button\"><a class=\"wp-block-button__link wp-element-button\" href=\"https:\/\/www.radio.mis.rj.gov.br\/news-880-presidente-da-fmis-participa-de-sessao-especial-no-senado-em-celebracao-aos-30-anos-da-tv-senado\" target=\"_blank\" rel=\"noreferrer noopener\">Saiba mais<\/a><\/div>\n<\/div>\n<\/div>\n<\/div>\n<\/div>\n\n\n\n<div class=\"wp-block-group alignwide has-accent-5-background-color has-background is-layout-constrained wp-container-core-group-is-layout-d89aad35 wp-block-group-is-layout-constrained\" style=\"margin-top:0;margin-bottom:0;padding-top:var(--wp--preset--spacing--50);padding-right:var(--wp--preset--spacing--50);padding-bottom:var(--wp--preset--spacing--50);padding-left:var(--wp--preset--spacing--50)\">\n<div class=\"wp-block-columns alignwide is-layout-flex wp-container-core-columns-is-layout-1da03c2a wp-block-columns-is-layout-flex\">\n<div class=\"wp-block-column is-vertically-aligned-center is-layout-flow wp-block-column-is-layout-flow\" style=\"flex-basis:60%\">\n<figure class=\"wp-block-image aligncenter size-full is-resized is-style-default wp-duotone-varpresetduotoneduotone-1-15\"><img loading=\"lazy\" decoding=\"async\" width=\"600\" height=\"450\" src=\"https:\/\/fmis.rj.gov.br\/v1\/wp-content\/uploads\/2026\/03\/exposicaocarnaval.jpg\" alt=\"\" class=\"wp-image-1533\" style=\"width:658px\" srcset=\"https:\/\/fmis.rj.gov.br\/v1\/wp-content\/uploads\/2026\/03\/exposicaocarnaval.jpg 600w, https:\/\/fmis.rj.gov.br\/v1\/wp-content\/uploads\/2026\/03\/exposicaocarnaval-300x225.jpg 300w\" sizes=\"auto, (max-width: 600px) 100vw, 600px\" \/><\/figure>\n<\/div>\n\n\n\n<div class=\"wp-block-column is-layout-flow wp-block-column-is-layout-flow\" style=\"flex-basis:40%\">\n<h3 class=\"wp-block-heading\">F.MIS inaugura exposi\u00e7\u00e3o \u201cCarnaval: Uma Paix\u00e3o Carioca\u201d na sede da Lapa<\/h3>\n\n\n\n<p>Na \u00faltima sexta-feira, 6\/3, a Funda\u00e7\u00e3o Museu da Imagem e do Som do Rio de Janeiro inaugurou, em sua sede na Lapa, a exposi\u00e7\u00e3o \u201cCarnaval: Uma Paix\u00e3o Carioca\u201d, uma mostra que convida o p\u00fablico a olhar para o carnaval n\u00e3o apenas como festa, mas como parte essencial da identidade cultural do Rio de Janeiro. A exposi\u00e7\u00e3o parte do vasto acervo da institui\u00e7\u00e3o para revelar como a celebra\u00e7\u00e3o atravessa a vida do carioca, despertando sentimentos de alegria, paix\u00e3o e pertencimento.<\/p>\n\n\n\n<p><\/p>\n\n\n\n<div class=\"wp-block-buttons is-content-justification-space-between is-layout-flex wp-container-core-buttons-is-layout-b2891da8 wp-block-buttons-is-layout-flex\">\n<div class=\"wp-block-button\"><a class=\"wp-block-button__link wp-element-button\" href=\"https:\/\/www.radio.mis.rj.gov.br\/news-876-fmis-inaugura-exposicao-carnaval-uma-paixao-carioca-na-sede-da-lapa\" target=\"_blank\" rel=\"noreferrer noopener\">Saiba mais<\/a><\/div>\n<\/div>\n<\/div>\n<\/div>\n<\/div>\n\n\n\n<div class=\"wp-block-group alignwide has-accent-5-background-color has-background is-layout-constrained wp-container-core-group-is-layout-d89aad35 wp-block-group-is-layout-constrained\" style=\"margin-top:0;margin-bottom:0;padding-top:var(--wp--preset--spacing--50);padding-right:var(--wp--preset--spacing--50);padding-bottom:var(--wp--preset--spacing--50);padding-left:var(--wp--preset--spacing--50)\">\n<div class=\"wp-block-columns alignwide is-layout-flex wp-container-core-columns-is-layout-1da03c2a wp-block-columns-is-layout-flex\">\n<div class=\"wp-block-column is-vertically-aligned-center is-layout-flow wp-block-column-is-layout-flow\" style=\"flex-basis:60%\">\n<figure class=\"wp-block-image aligncenter size-full is-resized is-style-default wp-duotone-varpresetduotoneduotone-1-16\"><img loading=\"lazy\" decoding=\"async\" width=\"600\" height=\"450\" src=\"https:\/\/fmis.rj.gov.br\/v1\/wp-content\/uploads\/2026\/03\/4352-2026-03-05.jpg\" alt=\"\" class=\"wp-image-1528\" style=\"width:658px\" srcset=\"https:\/\/fmis.rj.gov.br\/v1\/wp-content\/uploads\/2026\/03\/4352-2026-03-05.jpg 600w, https:\/\/fmis.rj.gov.br\/v1\/wp-content\/uploads\/2026\/03\/4352-2026-03-05-300x225.jpg 300w\" sizes=\"auto, (max-width: 600px) 100vw, 600px\" \/><\/figure>\n<\/div>\n\n\n\n<div class=\"wp-block-column is-layout-flow wp-block-column-is-layout-flow\" style=\"flex-basis:40%\">\n<h3 class=\"wp-block-heading\">Presidente da F.MIS realiza agenda no interior do Estado e refor\u00e7a integra\u00e7\u00e3o cultural com munic\u00edpios fluminenses<\/h3>\n\n\n\n<p>O presidente da Funda\u00e7\u00e3o Museu da Imagem e do Som do Rio de Janeiro, Cesar Miranda Ribeiro, est\u00e1 em viagem pelo interior do Estado do Rio de Janeiro com o objetivo de fortalecer parcerias e promover a cultura junto \u00e0 popula\u00e7\u00e3o fluminense fora da capital. A agenda institucional reafirma o compromisso da Funda\u00e7\u00e3o com a interioriza\u00e7\u00e3o de suas a\u00e7\u00f5es e com a amplia\u00e7\u00e3o do acesso \u00e0 mem\u00f3ria e ao patrim\u00f4nio cultural do estado. A comitiva foi formada por Cesar, pela rep\u00f3rter fotogr\u00e1fica, Karoline Freitas, e pelo assessor Lucas Cabral.<\/p>\n\n\n\n<p><\/p>\n\n\n\n<div class=\"wp-block-buttons is-content-justification-space-between is-layout-flex wp-container-core-buttons-is-layout-b2891da8 wp-block-buttons-is-layout-flex\">\n<div class=\"wp-block-button\"><a class=\"wp-block-button__link wp-element-button\" href=\"https:\/\/www.radio.mis.rj.gov.br\/news-872-presidente-da-fmis-realiza-agenda-no-interior-do-estado-e-reforca-integracao-cultural-com-municipios-fluminenses\" target=\"_blank\" rel=\"noreferrer noopener\">Saiba mais<\/a><\/div>\n<\/div>\n<\/div>\n<\/div>\n<\/div>\n\n\n\n<div class=\"wp-block-group alignwide has-accent-5-background-color has-background is-layout-constrained wp-container-core-group-is-layout-d89aad35 wp-block-group-is-layout-constrained\" style=\"margin-top:0;margin-bottom:0;padding-top:var(--wp--preset--spacing--50);padding-right:var(--wp--preset--spacing--50);padding-bottom:var(--wp--preset--spacing--50);padding-left:var(--wp--preset--spacing--50)\">\n<div class=\"wp-block-columns alignwide is-layout-flex wp-container-core-columns-is-layout-1da03c2a wp-block-columns-is-layout-flex\">\n<div class=\"wp-block-column is-vertically-aligned-center is-layout-flow wp-block-column-is-layout-flow\" style=\"flex-basis:60%\">\n<figure class=\"wp-block-image aligncenter size-full is-resized is-style-default wp-duotone-varpresetduotoneduotone-1-17\"><img loading=\"lazy\" decoding=\"async\" width=\"600\" height=\"450\" src=\"https:\/\/fmis.rj.gov.br\/v1\/wp-content\/uploads\/2026\/03\/ultimas_exposicoes.jpg\" alt=\"\" class=\"wp-image-1521\" style=\"width:658px\" srcset=\"https:\/\/fmis.rj.gov.br\/v1\/wp-content\/uploads\/2026\/03\/ultimas_exposicoes.jpg 600w, https:\/\/fmis.rj.gov.br\/v1\/wp-content\/uploads\/2026\/03\/ultimas_exposicoes-300x225.jpg 300w\" sizes=\"auto, (max-width: 600px) 100vw, 600px\" \/><\/figure>\n<\/div>\n\n\n\n<div class=\"wp-block-column is-layout-flow wp-block-column-is-layout-flow\" style=\"flex-basis:40%\">\n<h3 class=\"wp-block-heading\">Exposi\u00e7\u00f5es \u201cChat\u00f4\u201d e \u201cJanete Clair\u201d consolidam sucesso de p\u00fablico na F.MIS com mais de 7.400 visitantes<\/h3>\n\n\n\n<p>Encerradas no dia 16 de janeiro, na sede Lapa da Funda\u00e7\u00e3o Museu da Imagem e do Som do Rio de Janeiro, as exposi\u00e7\u00f5es \u201cChat\u00f4 e os Di\u00e1rios Associados \u2013 100 Anos de Paix\u00e3o\u201d e \u201cJanete Clair 100 Anos \u2013 A Usineira de Sonhos\u201d deixaram um legado marcante na programa\u00e7\u00e3o cultural da institui\u00e7\u00e3o. Ao longo dos nove meses em cartaz, as mostras receberam mais de 7.400 visitantes do Brasil e do mundo, consolidando-se como grandes sucessos de p\u00fablico e cr\u00edtica.<\/p>\n\n\n\n<p><\/p>\n\n\n\n<div class=\"wp-block-buttons is-content-justification-space-between is-layout-flex wp-container-core-buttons-is-layout-b2891da8 wp-block-buttons-is-layout-flex\">\n<div class=\"wp-block-button\"><a class=\"wp-block-button__link wp-element-button\" href=\"https:\/\/www.radio.mis.rj.gov.br\/news-870-exposicoes-chato-e-janete-clair-consolidam-sucesso-de-publico-na-fmis-com-mais-de-7400-visitantes\" target=\"_blank\" rel=\"noreferrer noopener\">Saiba mais<\/a><\/div>\n<\/div>\n<\/div>\n<\/div>\n<\/div>\n\n\n\n<div class=\"wp-block-group alignwide has-accent-5-background-color has-background is-layout-constrained wp-container-core-group-is-layout-d89aad35 wp-block-group-is-layout-constrained\" style=\"margin-top:0;margin-bottom:0;padding-top:var(--wp--preset--spacing--50);padding-right:var(--wp--preset--spacing--50);padding-bottom:var(--wp--preset--spacing--50);padding-left:var(--wp--preset--spacing--50)\">\n<div class=\"wp-block-columns alignwide is-layout-flex wp-container-core-columns-is-layout-1da03c2a wp-block-columns-is-layout-flex\">\n<div class=\"wp-block-column is-vertically-aligned-center is-layout-flow wp-block-column-is-layout-flow\" style=\"flex-basis:60%\">\n<figure class=\"wp-block-image aligncenter size-full is-resized is-style-default wp-duotone-varpresetduotoneduotone-1-18\"><img loading=\"lazy\" decoding=\"async\" width=\"600\" height=\"450\" src=\"https:\/\/fmis.rj.gov.br\/v1\/wp-content\/uploads\/2026\/03\/foto2026-02-13.jpg\" alt=\"\" class=\"wp-image-1525\" style=\"width:658px\" srcset=\"https:\/\/fmis.rj.gov.br\/v1\/wp-content\/uploads\/2026\/03\/foto2026-02-13.jpg 600w, https:\/\/fmis.rj.gov.br\/v1\/wp-content\/uploads\/2026\/03\/foto2026-02-13-300x225.jpg 300w\" sizes=\"auto, (max-width: 600px) 100vw, 600px\" \/><\/figure>\n<\/div>\n\n\n\n<div class=\"wp-block-column is-layout-flow wp-block-column-is-layout-flow\" style=\"flex-basis:40%\">\n<h3 class=\"wp-block-heading\">F.MIS recebe representantes institucionais para articula\u00e7\u00e3o de evento que une cultura, esporte e cidadania<\/h3>\n\n\n\n<p>Ao promover o di\u00e1logo entre cultura, esporte e cidadania, a F.MIS reafirma sua compreens\u00e3o de que o patrim\u00f4nio cultural n\u00e3o se limita \u00e0 preserva\u00e7\u00e3o do passado, mas se projeta como instrumento ativo de transforma\u00e7\u00e3o social. Assim como o esporte mobiliza valores como disciplina, supera\u00e7\u00e3o e coletividade, a cultura fortalece identidade, pertencimento e consci\u00eancia hist\u00f3rica. Ao unir essas dimens\u00f5es, a Funda\u00e7\u00e3o amplia seu papel como agente de desenvolvimento humano, estimulando pr\u00e1ticas saud\u00e1veis e iniciativas que contribuem para uma sociedade mais participativa, inclusiva e conectada \u00e0s suas ra\u00edzes.<\/p>\n\n\n\n<p><\/p>\n\n\n\n<div class=\"wp-block-buttons is-content-justification-space-between is-layout-flex wp-container-core-buttons-is-layout-b2891da8 wp-block-buttons-is-layout-flex\">\n<div class=\"wp-block-button\"><a class=\"wp-block-button__link wp-element-button\" href=\"https:\/\/www.radio.mis.rj.gov.br\/news-864-fmis-recebe-representantes-institucionais-para-articulacao-de-evento-que-une-cultura-esporte-e-cidadania\" target=\"_blank\" rel=\"noreferrer noopener\">Saiba mais<\/a><\/div>\n<\/div>\n<\/div>\n<\/div>\n<\/div>\n\n\n\n<div class=\"wp-block-group alignwide has-accent-5-background-color has-background is-layout-constrained wp-container-core-group-is-layout-d89aad35 wp-block-group-is-layout-constrained\" style=\"margin-top:0;margin-bottom:0;padding-top:var(--wp--preset--spacing--50);padding-right:var(--wp--preset--spacing--50);padding-bottom:var(--wp--preset--spacing--50);padding-left:var(--wp--preset--spacing--50)\">\n<div class=\"wp-block-columns alignwide is-layout-flex wp-container-core-columns-is-layout-1da03c2a wp-block-columns-is-layout-flex\">\n<div class=\"wp-block-column is-vertically-aligned-center is-layout-flow wp-block-column-is-layout-flow\" style=\"flex-basis:60%\">\n<figure class=\"wp-block-image aligncenter size-full is-resized is-style-default wp-duotone-varpresetduotoneduotone-1-19\"><img loading=\"lazy\" decoding=\"async\" width=\"600\" height=\"450\" src=\"https:\/\/fmis.rj.gov.br\/v1\/wp-content\/uploads\/2026\/01\/0832-2026-01-06.jpg\" alt=\"\" class=\"wp-image-1465\" style=\"width:658px\" srcset=\"https:\/\/fmis.rj.gov.br\/v1\/wp-content\/uploads\/2026\/01\/0832-2026-01-06.jpg 600w, https:\/\/fmis.rj.gov.br\/v1\/wp-content\/uploads\/2026\/01\/0832-2026-01-06-300x225.jpg 300w\" sizes=\"auto, (max-width: 600px) 100vw, 600px\" \/><\/figure>\n<\/div>\n\n\n\n<div class=\"wp-block-column is-layout-flow wp-block-column-is-layout-flow\" style=\"flex-basis:40%\">\n<h3 class=\"wp-block-heading\">Presidente da F.MIS integra o Programa Embaixadores do Rio e refor\u00e7a protagonismo cultural da institui\u00e7\u00e3o<\/h3>\n\n\n\n<p>O presidente da Funda\u00e7\u00e3o Museu da Imagem e do Som do Rio de Janeiro, Cesar Miranda Ribeiro, foi indicado para integrar o Programa Embaixadores do Rio, passando a fazer parte do grupo de personalidades respons\u00e1veis por promover institucionalmente a imagem do Rio de Janeiro no Brasil e no exterior. Mais do que uma distin\u00e7\u00e3o individual, a nomea\u00e7\u00e3o projeta o trabalho desenvolvido pela F.MIS como refer\u00eancia no cen\u00e1rio cultural fluminense e nacional.<\/p>\n\n\n\n<p><\/p>\n\n\n\n<div class=\"wp-block-buttons is-content-justification-space-between is-layout-flex wp-container-core-buttons-is-layout-b2891da8 wp-block-buttons-is-layout-flex\">\n<div class=\"wp-block-button\"><a class=\"wp-block-button__link wp-element-button\" href=\"https:\/\/www.radio.mis.rj.gov.br\/news-837-presidente-da-fmis-integra-o-programa-embaixadores-do-rio-e-reforca-protagonismo-cultural-da-instituicao\" target=\"_blank\" rel=\"noreferrer noopener\">Saiba mais<\/a><\/div>\n<\/div>\n<\/div>\n<\/div>\n<\/div>\n\n\n\n<div class=\"wp-block-group alignwide has-accent-5-background-color has-background is-layout-constrained wp-container-core-group-is-layout-d89aad35 wp-block-group-is-layout-constrained\" style=\"margin-top:0;margin-bottom:0;padding-top:var(--wp--preset--spacing--50);padding-right:var(--wp--preset--spacing--50);padding-bottom:var(--wp--preset--spacing--50);padding-left:var(--wp--preset--spacing--50)\">\n<div class=\"wp-block-columns alignwide is-layout-flex wp-container-core-columns-is-layout-1da03c2a wp-block-columns-is-layout-flex\">\n<div class=\"wp-block-column is-vertically-aligned-center is-layout-flow wp-block-column-is-layout-flow\" style=\"flex-basis:60%\">\n<figure class=\"wp-block-image aligncenter size-full is-resized is-style-default wp-duotone-varpresetduotoneduotone-1-20\"><img loading=\"lazy\" decoding=\"async\" width=\"600\" height=\"450\" src=\"https:\/\/fmis.rj.gov.br\/v1\/wp-content\/uploads\/2025\/12\/1525-2025-11-29.jpg\" alt=\"\" class=\"wp-image-1365\" style=\"width:658px\" srcset=\"https:\/\/fmis.rj.gov.br\/v1\/wp-content\/uploads\/2025\/12\/1525-2025-11-29.jpg 600w, https:\/\/fmis.rj.gov.br\/v1\/wp-content\/uploads\/2025\/12\/1525-2025-11-29-300x225.jpg 300w\" sizes=\"auto, (max-width: 600px) 100vw, 600px\" \/><\/figure>\n<\/div>\n\n\n\n<div class=\"wp-block-column is-layout-flow wp-block-column-is-layout-flow\" style=\"flex-basis:40%\">\n<h3 class=\"wp-block-heading\">F.MIS realiza Depoimento para a Posteridade em homenagem a Stellinha Egg no MIS-PR<\/h3>\n\n\n\n<p>A homenagem ganha relev\u00e2ncia adicional porque Stellinha Egg j\u00e1 integra o acervo do MIS-RJ. Em 11 de junho de 1980, ela e o marido, o maestro Lindolpho Gaya, concederam um depoimento de tr\u00eas horas ao projeto Depoimentos para a Posteridade, que se tornou uma das maiores refer\u00eancias de mem\u00f3ria oral da cultura brasileira. A F.MIS preserva mais de 140 itens relacionados \u00e0 artista. Para o presidente da F.MIS, Cesar Miranda Ribeiro, essa retomada tem um valor especial:&nbsp;<strong>\u201cTrazer Stellinha Egg de volta ao centro das discuss\u00f5es sobre mem\u00f3ria musical \u00e9 uma honra para a F.MIS. Revisitar seu depoimento de 1980 e apresent\u00e1-lo aqui, em Curitiba, demonstra o compromisso da Funda\u00e7\u00e3o em preservar e difundir a hist\u00f3ria de artistas fundamentais para o Brasil.\u201d<\/strong><\/p>\n\n\n\n<p><\/p>\n\n\n\n<div class=\"wp-block-buttons is-content-justification-space-between is-layout-flex wp-container-core-buttons-is-layout-b2891da8 wp-block-buttons-is-layout-flex\">\n<div class=\"wp-block-button\"><a class=\"wp-block-button__link wp-element-button\" href=\"https:\/\/www.radio.mis.rj.gov.br\/news-808-fmis-realiza-depoimento-para-a-posteridade-em-homenagem-a-stellinha-egg-no-mis-pr\" target=\"_blank\" rel=\"noreferrer noopener\">Saiba mais<\/a><\/div>\n<\/div>\n<\/div>\n<\/div>\n<\/div>\n\n\n\n<div class=\"wp-block-group alignwide has-accent-5-background-color has-background is-layout-constrained wp-container-core-group-is-layout-d89aad35 wp-block-group-is-layout-constrained\" style=\"margin-top:0;margin-bottom:0;padding-top:var(--wp--preset--spacing--50);padding-right:var(--wp--preset--spacing--50);padding-bottom:var(--wp--preset--spacing--50);padding-left:var(--wp--preset--spacing--50)\">\n<div class=\"wp-block-columns alignwide is-layout-flex wp-container-core-columns-is-layout-1da03c2a wp-block-columns-is-layout-flex\">\n<div class=\"wp-block-column is-vertically-aligned-center is-layout-flow wp-block-column-is-layout-flow\" style=\"flex-basis:60%\">\n<figure class=\"wp-block-image aligncenter size-full is-resized is-style-default wp-duotone-varpresetduotoneduotone-1-21\"><img loading=\"lazy\" decoding=\"async\" width=\"600\" height=\"450\" src=\"https:\/\/fmis.rj.gov.br\/v1\/wp-content\/uploads\/2025\/11\/3265-2025-11-27.jpg\" alt=\"\" class=\"wp-image-1359\" style=\"width:658px\" srcset=\"https:\/\/fmis.rj.gov.br\/v1\/wp-content\/uploads\/2025\/11\/3265-2025-11-27.jpg 600w, https:\/\/fmis.rj.gov.br\/v1\/wp-content\/uploads\/2025\/11\/3265-2025-11-27-300x225.jpg 300w\" sizes=\"auto, (max-width: 600px) 100vw, 600px\" \/><\/figure>\n<\/div>\n\n\n\n<div class=\"wp-block-column is-layout-flow wp-block-column-is-layout-flow\" style=\"flex-basis:40%\">\n<h3 class=\"wp-block-heading\">Presidente da F.MIS participa do III F\u00f3rum Brasileiro de Museus da Imagem e do Som, em Curitiba<\/h3>\n\n\n\n<p>O evento, conhecido como \u201cMIS em Rede\u201d, reuniu representantes de Museus da Imagem e do Som de todo o pa\u00eds e se consolidou como um espa\u00e7o permanente de articula\u00e7\u00e3o, troca de experi\u00eancias e constru\u00e7\u00e3o coletiva de estrat\u00e9gias para o fortalecimento das institui\u00e7\u00f5es que trabalham com acervos audiovisuais, sonoros e imag\u00e9ticos. Recriado em 2023, o f\u00f3rum j\u00e1 teve edi\u00e7\u00f5es anteriores em S\u00e3o Paulo (MIS-SP) e Cear\u00e1 (MIS-CE), e, nesta terceira edi\u00e7\u00e3o, destaca-se pela proposta de avan\u00e7ar em processos de forma\u00e7\u00e3o, qualifica\u00e7\u00e3o t\u00e9cnica e institucionaliza\u00e7\u00e3o definitiva da rede.<\/p>\n\n\n\n<p><\/p>\n\n\n\n<div class=\"wp-block-buttons is-content-justification-space-between is-layout-flex wp-container-core-buttons-is-layout-b2891da8 wp-block-buttons-is-layout-flex\">\n<div class=\"wp-block-button\"><a class=\"wp-block-button__link wp-element-button\" href=\"https:\/\/www.radio.mis.rj.gov.br\/news-804-presidente-da-fmis-participa-do-iii-forum-brasileiro-de-museus-da-imagem-e-do-som-em-curitiba\" target=\"_blank\" rel=\"noreferrer noopener\">Saiba mais<\/a><\/div>\n<\/div>\n<\/div>\n<\/div>\n<\/div>\n\n\n\n<div class=\"wp-block-group alignwide has-accent-5-background-color has-background is-layout-constrained wp-container-core-group-is-layout-d89aad35 wp-block-group-is-layout-constrained\" style=\"margin-top:0;margin-bottom:0;padding-top:var(--wp--preset--spacing--50);padding-right:var(--wp--preset--spacing--50);padding-bottom:var(--wp--preset--spacing--50);padding-left:var(--wp--preset--spacing--50)\">\n<div class=\"wp-block-columns alignwide is-layout-flex wp-container-core-columns-is-layout-1da03c2a wp-block-columns-is-layout-flex\">\n<div class=\"wp-block-column is-vertically-aligned-center is-layout-flow wp-block-column-is-layout-flow\" style=\"flex-basis:60%\">\n<figure class=\"wp-block-image aligncenter size-full is-resized is-style-default wp-duotone-varpresetduotoneduotone-1-22\"><img loading=\"lazy\" decoding=\"async\" width=\"600\" height=\"450\" src=\"https:\/\/fmis.rj.gov.br\/v1\/wp-content\/uploads\/2025\/11\/8387-2025-11-16.jpg\" alt=\"\" class=\"wp-image-1348\" style=\"width:658px\" srcset=\"https:\/\/fmis.rj.gov.br\/v1\/wp-content\/uploads\/2025\/11\/8387-2025-11-16.jpg 600w, https:\/\/fmis.rj.gov.br\/v1\/wp-content\/uploads\/2025\/11\/8387-2025-11-16-300x225.jpg 300w\" sizes=\"auto, (max-width: 600px) 100vw, 600px\" \/><\/figure>\n<\/div>\n\n\n\n<div class=\"wp-block-column is-layout-flow wp-block-column-is-layout-flow\" style=\"flex-basis:40%\">\n<h3 class=\"wp-block-heading\">F.MIS amplia interc\u00e2mbio cultural e educativo durante visitas a institui\u00e7\u00f5es e museus em R\u00edo Cuarto e regi\u00e3o, na Argentina<\/h3>\n\n\n\n<p>A primeira parada foi na Escuela Agrot\u00e9cnica Salesiana Ambrosio Olmos, localizada na zona rural de San Ambrosio, a cerca de 30 km de R\u00edo Cuarto. Recebido pelo professor Felipe Fernando Noguera, o presidente conheceu o funcionamento da institui\u00e7\u00e3o, que oferece forma\u00e7\u00e3o t\u00e9cnica em produ\u00e7\u00e3o agropecu\u00e1ria desde 1953 e mant\u00e9m regime de internato e semi-internato. Noguera apresentou a hist\u00f3ria da escola, fundada na antiga Estancia El Durazno e entregue por heran\u00e7a \u00e0 Congrega\u00e7\u00e3o Salesiana por Do\u00f1a Adelia Mar\u00eda Harilaos, al\u00e9m de destacar a forte integra\u00e7\u00e3o da institui\u00e7\u00e3o com o territ\u00f3rio local. A equipe da F.MIS tamb\u00e9m visitou as duas capelas hist\u00f3ricas que permanecem ativas para casamentos, missas e batizados.<\/p>\n\n\n\n<p><\/p>\n\n\n\n<div class=\"wp-block-buttons is-content-justification-space-between is-layout-flex wp-container-core-buttons-is-layout-b2891da8 wp-block-buttons-is-layout-flex\">\n<div class=\"wp-block-button\"><a class=\"wp-block-button__link wp-element-button\" href=\"https:\/\/www.radio.mis.rj.gov.br\/news-797-fmis-amplia-intercambio-cultural-e-educativo-durante-visitas-a-instituicoes-e-museus-em-rio-cuarto-e-regiao-na-argentina\" target=\"_blank\" rel=\"noreferrer noopener\">Saiba mais<\/a><\/div>\n<\/div>\n<\/div>\n<\/div>\n<\/div>\n\n\n\n<div class=\"wp-block-group alignwide has-accent-5-background-color has-background is-layout-constrained wp-container-core-group-is-layout-d89aad35 wp-block-group-is-layout-constrained\" style=\"margin-top:0;margin-bottom:0;padding-top:var(--wp--preset--spacing--50);padding-right:var(--wp--preset--spacing--50);padding-bottom:var(--wp--preset--spacing--50);padding-left:var(--wp--preset--spacing--50)\">\n<div class=\"wp-block-columns alignwide is-layout-flex wp-container-core-columns-is-layout-1da03c2a wp-block-columns-is-layout-flex\">\n<div class=\"wp-block-column is-vertically-aligned-center is-layout-flow wp-block-column-is-layout-flow\" style=\"flex-basis:60%\">\n<figure class=\"wp-block-image aligncenter size-full is-resized is-style-default wp-duotone-varpresetduotoneduotone-1-23\"><img loading=\"lazy\" decoding=\"async\" width=\"600\" height=\"450\" src=\"https:\/\/fmis.rj.gov.br\/v1\/wp-content\/uploads\/2025\/11\/1577-2025-11-15.jpg\" alt=\"\" class=\"wp-image-1349\" style=\"width:658px\" srcset=\"https:\/\/fmis.rj.gov.br\/v1\/wp-content\/uploads\/2025\/11\/1577-2025-11-15.jpg 600w, https:\/\/fmis.rj.gov.br\/v1\/wp-content\/uploads\/2025\/11\/1577-2025-11-15-300x225.jpg 300w\" sizes=\"auto, (max-width: 600px) 100vw, 600px\" \/><\/figure>\n<\/div>\n\n\n\n<div class=\"wp-block-column is-layout-flow wp-block-column-is-layout-flow\" style=\"flex-basis:40%\">\n<h3 class=\"wp-block-heading\">O Presidente da F.MIS representou Danielle Barros, Secret\u00e1ria de Estado de Cultura do Rio de Janeiro, no Festival Internacional de Jazz de C\u00f3rdoba!<\/h3>\n\n\n\n<p>Uma noite de gala para a Cultura Brasileira no Teatro del Libertador General San Mart\u00edn. Ontem (14), o presidente da Funda\u00e7\u00e3o Museu da Imagem e do Som do Rio de Janeiro, Cesar Miranda Ribeiro, representou Danielle Barros, Secret\u00e1ria de Estado de Cultura e Economia Criativa do Rio de Janeiro, no Festival Internacional de Jazz de C\u00f3rdoba, para celebrar o terceiro ano do Festival Hola Rio.<\/p>\n\n\n\n<p><\/p>\n\n\n\n<div class=\"wp-block-buttons is-content-justification-space-between is-layout-flex wp-container-core-buttons-is-layout-b2891da8 wp-block-buttons-is-layout-flex\">\n<div class=\"wp-block-button\"><a class=\"wp-block-button__link wp-element-button\" href=\"https:\/\/www.radio.mis.rj.gov.br\/news-796-o-presidente-da-fmis-representou-danielle-barros-secretaria-de-estado-de-cultura-do-rio-de-janeiro-no-festival-internacional-de-jazz-de-cordoba\" target=\"_blank\" rel=\"noreferrer noopener\">Saiba mais<\/a><\/div>\n<\/div>\n<\/div>\n<\/div>\n<\/div>\n\n\n\n<div class=\"wp-block-group alignwide has-accent-5-background-color has-background is-layout-constrained wp-container-core-group-is-layout-d89aad35 wp-block-group-is-layout-constrained\" style=\"margin-top:0;margin-bottom:0;padding-top:var(--wp--preset--spacing--50);padding-right:var(--wp--preset--spacing--50);padding-bottom:var(--wp--preset--spacing--50);padding-left:var(--wp--preset--spacing--50)\">\n<div class=\"wp-block-columns alignwide is-layout-flex wp-container-core-columns-is-layout-1da03c2a wp-block-columns-is-layout-flex\">\n<div class=\"wp-block-column is-vertically-aligned-center is-layout-flow wp-block-column-is-layout-flow\" style=\"flex-basis:60%\">\n<figure class=\"wp-block-image aligncenter size-full is-resized is-style-default wp-duotone-varpresetduotoneduotone-1-24\"><img loading=\"lazy\" decoding=\"async\" width=\"600\" height=\"450\" src=\"https:\/\/fmis.rj.gov.br\/v1\/wp-content\/uploads\/2025\/11\/5630-2025-11-13.jpeg\" alt=\"\" class=\"wp-image-1347\" style=\"width:658px\" srcset=\"https:\/\/fmis.rj.gov.br\/v1\/wp-content\/uploads\/2025\/11\/5630-2025-11-13.jpeg 600w, https:\/\/fmis.rj.gov.br\/v1\/wp-content\/uploads\/2025\/11\/5630-2025-11-13-300x225.jpeg 300w\" sizes=\"auto, (max-width: 600px) 100vw, 600px\" \/><\/figure>\n<\/div>\n\n\n\n<div class=\"wp-block-column is-layout-flow wp-block-column-is-layout-flow\" style=\"flex-basis:40%\">\n<h3 class=\"wp-block-heading\">F.MIS avan\u00e7a em di\u00e1logo institucional no Concejo Deliberante de R\u00edo Cuarto<\/h3>\n\n\n\n<p>Durante o encontro, Ana Medina apresentou o funcionamento e as pautas priorit\u00e1rias do parlamento local, acompanhada por representantes de todos os partidos pol\u00edticos que integram o conselho. O di\u00e1logo abordou a import\u00e2ncia da cultura como ferramenta de integra\u00e7\u00e3o entre os pa\u00edses sul-americanos e a possibilidade de desenvolver um interc\u00e2mbio cultural entre o Brasil e a Argentina.<\/p>\n\n\n\n<p><\/p>\n\n\n\n<div class=\"wp-block-buttons is-content-justification-space-between is-layout-flex wp-container-core-buttons-is-layout-b2891da8 wp-block-buttons-is-layout-flex\">\n<div class=\"wp-block-button\"><a class=\"wp-block-button__link wp-element-button\" href=\"https:\/\/www.radio.mis.rj.gov.br\/news-792-fmis-avanca-em-dialogo-institucional-no-concejo-deliberante-de-rio-cuarto\" target=\"_blank\" rel=\"noreferrer noopener\">Saiba mais<\/a><\/div>\n<\/div>\n<\/div>\n<\/div>\n<\/div>\n\n\n\n<div class=\"wp-block-group alignwide has-accent-5-background-color has-background is-layout-constrained wp-container-core-group-is-layout-d89aad35 wp-block-group-is-layout-constrained\" style=\"margin-top:0;margin-bottom:0;padding-top:var(--wp--preset--spacing--50);padding-right:var(--wp--preset--spacing--50);padding-bottom:var(--wp--preset--spacing--50);padding-left:var(--wp--preset--spacing--50)\">\n<div class=\"wp-block-columns alignwide is-layout-flex wp-container-core-columns-is-layout-1da03c2a wp-block-columns-is-layout-flex\">\n<div class=\"wp-block-column is-vertically-aligned-center is-layout-flow wp-block-column-is-layout-flow\" style=\"flex-basis:60%\">\n<figure class=\"wp-block-image aligncenter size-full is-resized is-style-default wp-duotone-varpresetduotoneduotone-1-25\"><img loading=\"lazy\" decoding=\"async\" width=\"600\" height=\"450\" src=\"https:\/\/fmis.rj.gov.br\/v1\/wp-content\/uploads\/2025\/11\/1795-2025-11-11.jpg\" alt=\"\" class=\"wp-image-1346\" style=\"width:658px\" srcset=\"https:\/\/fmis.rj.gov.br\/v1\/wp-content\/uploads\/2025\/11\/1795-2025-11-11.jpg 600w, https:\/\/fmis.rj.gov.br\/v1\/wp-content\/uploads\/2025\/11\/1795-2025-11-11-300x225.jpg 300w\" sizes=\"auto, (max-width: 600px) 100vw, 600px\" \/><\/figure>\n<\/div>\n\n\n\n<div class=\"wp-block-column is-layout-flow wp-block-column-is-layout-flow\" style=\"flex-basis:40%\">\n<h3 class=\"wp-block-heading\">F.MIS amplia conex\u00f5es internacionais com visitas a museus hist\u00f3ricos no interior da Argentina<\/h3>\n\n\n\n<p>A primeira visita foi ao Museo Estancia Jesu\u00edtica de Alta Gracia, datado de 1643 e integrante do conjunto hist\u00f3rico jesu\u00edtico reconhecido como Patrim\u00f4nio Mundial pela UNESCO. O espa\u00e7o guarda parte fundamental da mem\u00f3ria colonial da Am\u00e9rica do Sul e mant\u00e9m viva a heran\u00e7a dos jesu\u00edtas que moldaram, por s\u00e9culos, o panorama religioso e cultural da regi\u00e3o. Durante a visita, o presidente participou de uma palestra sobre jesu\u00edtas, cultura e escraviza\u00e7\u00e3o no colonialismo espanhol entre os s\u00e9culos XVII e XIX, refletindo sobre as conex\u00f5es entre arte, religi\u00e3o e mem\u00f3ria hist\u00f3rica no contexto latino-americano.<\/p>\n\n\n\n<p><\/p>\n\n\n\n<div class=\"wp-block-buttons is-content-justification-space-between is-layout-flex wp-container-core-buttons-is-layout-b2891da8 wp-block-buttons-is-layout-flex\">\n<div class=\"wp-block-button\"><a class=\"wp-block-button__link wp-element-button\" href=\"https:\/\/www.radio.mis.rj.gov.br\/news-790-fmis-amplia-conexoes-internacionais-com-visitas-a-museus-historicos-no-interior-da-argentina\" target=\"_blank\" rel=\"noreferrer noopener\">Saiba mais<\/a><\/div>\n<\/div>\n<\/div>\n<\/div>\n<\/div>\n\n\n\n<div class=\"wp-block-group alignwide has-accent-5-background-color has-background is-layout-constrained wp-container-core-group-is-layout-d89aad35 wp-block-group-is-layout-constrained\" style=\"margin-top:0;margin-bottom:0;padding-top:var(--wp--preset--spacing--50);padding-right:var(--wp--preset--spacing--50);padding-bottom:var(--wp--preset--spacing--50);padding-left:var(--wp--preset--spacing--50)\">\n<div class=\"wp-block-columns alignwide is-layout-flex wp-container-core-columns-is-layout-1da03c2a wp-block-columns-is-layout-flex\">\n<div class=\"wp-block-column is-vertically-aligned-center is-layout-flow wp-block-column-is-layout-flow\" style=\"flex-basis:60%\">\n<figure class=\"wp-block-image aligncenter size-full is-resized is-style-default wp-duotone-varpresetduotoneduotone-1-26\"><img loading=\"lazy\" decoding=\"async\" width=\"600\" height=\"450\" src=\"https:\/\/fmis.rj.gov.br\/v1\/wp-content\/uploads\/2025\/11\/9716-2025-11-05.jpg\" alt=\"\" class=\"wp-image-1345\" style=\"width:658px\" srcset=\"https:\/\/fmis.rj.gov.br\/v1\/wp-content\/uploads\/2025\/11\/9716-2025-11-05.jpg 600w, https:\/\/fmis.rj.gov.br\/v1\/wp-content\/uploads\/2025\/11\/9716-2025-11-05-300x225.jpg 300w\" sizes=\"auto, (max-width: 600px) 100vw, 600px\" \/><\/figure>\n<\/div>\n\n\n\n<div class=\"wp-block-column is-layout-flow wp-block-column-is-layout-flow\" style=\"flex-basis:40%\">\n<h3 class=\"wp-block-heading\">F.MIS celebra acordo com o Museu do Samba e recebe doa\u00e7\u00e3o de acervo sobre rock<\/h3>\n\n\n\n<p>Com um acervo de mais de 45 mil itens, o Museu do Samba \u00e9 refer\u00eancia nacional em educa\u00e7\u00e3o patrimonial e valoriza\u00e7\u00e3o do samba, principal express\u00e3o identit\u00e1ria do povo brasileiro. Fundado em 2001 como Centro Cultural Cartola, pelos netos de Cartola e Dona Zica, o Museu est\u00e1 localizado aos p\u00e9s da Favela da Mangueira e, desde 2007, \u00e9 respons\u00e1vel pela salvaguarda das Matrizes do Samba do Rio de Janeiro, registradas como patrim\u00f4nio imaterial pelo IPHAN. Reconhecido como Centro de Refer\u00eancia de Documenta\u00e7\u00e3o e Pesquisa do Samba, atua em prol do reconhecimento da contribui\u00e7\u00e3o da popula\u00e7\u00e3o negra na constru\u00e7\u00e3o do patrim\u00f4nio brasileiro, promovendo a\u00e7\u00f5es educativas, exposi\u00e7\u00f5es, cursos e oficinas culturais.<\/p>\n\n\n\n<p><\/p>\n\n\n\n<div class=\"wp-block-buttons is-content-justification-space-between is-layout-flex wp-container-core-buttons-is-layout-b2891da8 wp-block-buttons-is-layout-flex\">\n<div class=\"wp-block-button\"><a class=\"wp-block-button__link wp-element-button\" href=\"https:\/\/www.radio.mis.rj.gov.br\/news-783-fmis-celebra-acordo-com-o-museu-do-samba-e-recebe-doacao-de-acervo-sobre-rock\" target=\"_blank\" rel=\"noreferrer noopener\">Saiba mais<\/a><\/div>\n<\/div>\n<\/div>\n<\/div>\n<\/div>\n\n\n\n<div class=\"wp-block-group alignwide has-accent-5-background-color has-background is-layout-constrained wp-container-core-group-is-layout-d89aad35 wp-block-group-is-layout-constrained\" style=\"margin-top:0;margin-bottom:0;padding-top:var(--wp--preset--spacing--50);padding-right:var(--wp--preset--spacing--50);padding-bottom:var(--wp--preset--spacing--50);padding-left:var(--wp--preset--spacing--50)\">\n<div class=\"wp-block-columns alignwide is-layout-flex wp-container-core-columns-is-layout-1da03c2a wp-block-columns-is-layout-flex\">\n<div class=\"wp-block-column is-vertically-aligned-center is-layout-flow wp-block-column-is-layout-flow\" style=\"flex-basis:60%\">\n<figure class=\"wp-block-image aligncenter size-full is-resized is-style-default wp-duotone-varpresetduotoneduotone-1-27\"><img loading=\"lazy\" decoding=\"async\" width=\"600\" height=\"450\" src=\"https:\/\/fmis.rj.gov.br\/v1\/wp-content\/uploads\/2025\/08\/1819-2025-08-13.jpg\" alt=\"\" class=\"wp-image-1109\" style=\"width:658px\" srcset=\"https:\/\/fmis.rj.gov.br\/v1\/wp-content\/uploads\/2025\/08\/1819-2025-08-13.jpg 600w, https:\/\/fmis.rj.gov.br\/v1\/wp-content\/uploads\/2025\/08\/1819-2025-08-13-300x225.jpg 300w\" sizes=\"auto, (max-width: 600px) 100vw, 600px\" \/><\/figure>\n<\/div>\n\n\n\n<div class=\"wp-block-column is-layout-flow wp-block-column-is-layout-flow\" style=\"flex-basis:40%\">\n<h3 class=\"wp-block-heading\">F.MIS apresenta para o p\u00fablico do Rio Innovation Week o in\u00e9dito Depoimento para a Posteridade com um n\u00e3o humano, a intelig\u00eancia artificial Orion Nova!<\/h3>\n\n\n\n<p>Em celebra\u00e7\u00e3o aos 60 anos da Funda\u00e7\u00e3o Museu da Imagem e do Som do Rio de Janeiro, a institui\u00e7\u00e3o marcou presen\u00e7a ontem, 12\/8, no Rio Innovation Week 2025, com an\u00fancios in\u00e9ditos que refor\u00e7am seu protagonismo no di\u00e1logo entre cultura e tecnologia. Durante o painel \u201cTecnologia e Cultura Unindo For\u00e7as \u2013 Olhares sobre a IA que podem transformar o nosso futuro\u201d, o presidente da F.MIS, Cesar Miranda Ribeiro, revelou ao p\u00fablico a realiza\u00e7\u00e3o in\u00e9dita do primeiro Depoimento para a Posteridade com uma intelig\u00eancia artificial, a Orion Nova, um marco pioneiro no Brasil.<\/p>\n\n\n\n<p><\/p>\n\n\n\n<div class=\"wp-block-buttons is-content-justification-space-between is-layout-flex wp-container-core-buttons-is-layout-b2891da8 wp-block-buttons-is-layout-flex\">\n<div class=\"wp-block-button\"><a class=\"wp-block-button__link wp-element-button\" href=\"https:\/\/www.radio.mis.rj.gov.br\/news-719-fmis-apresenta-para-o-publico-do-rio-innovation-week-o-inedito-depoimento-para-a-posteridade-com-um-nao-humano-a-inteligencia-artificial-orion-nova\" target=\"_blank\" rel=\"noreferrer noopener\">Saiba mais<\/a><\/div>\n<\/div>\n<\/div>\n<\/div>\n<\/div>\n\n\n\n<div class=\"wp-block-group alignwide has-accent-5-background-color has-background is-layout-constrained wp-container-core-group-is-layout-d89aad35 wp-block-group-is-layout-constrained\" style=\"margin-top:0;margin-bottom:0;padding-top:var(--wp--preset--spacing--50);padding-right:var(--wp--preset--spacing--50);padding-bottom:var(--wp--preset--spacing--50);padding-left:var(--wp--preset--spacing--50)\">\n<div class=\"wp-block-columns alignwide is-layout-flex wp-container-core-columns-is-layout-1da03c2a wp-block-columns-is-layout-flex\">\n<div class=\"wp-block-column is-vertically-aligned-center is-layout-flow wp-block-column-is-layout-flow\" style=\"flex-basis:60%\">\n<figure class=\"wp-block-image aligncenter size-full is-resized is-style-default wp-duotone-varpresetduotoneduotone-1-28\"><img loading=\"lazy\" decoding=\"async\" width=\"600\" height=\"450\" src=\"https:\/\/fmis.rj.gov.br\/v1\/wp-content\/uploads\/2025\/08\/7044-2025-08-13.jpg\" alt=\"\" class=\"wp-image-1112\" style=\"width:658px\" srcset=\"https:\/\/fmis.rj.gov.br\/v1\/wp-content\/uploads\/2025\/08\/7044-2025-08-13.jpg 600w, https:\/\/fmis.rj.gov.br\/v1\/wp-content\/uploads\/2025\/08\/7044-2025-08-13-300x225.jpg 300w\" sizes=\"auto, (max-width: 600px) 100vw, 600px\" \/><\/figure>\n<\/div>\n\n\n\n<div class=\"wp-block-column is-layout-flow wp-block-column-is-layout-flow\" style=\"flex-basis:40%\">\n<h3 class=\"wp-block-heading\">F.MIS celebra legado de Ilmar Carvalho com assinatura de termo de doa\u00e7\u00e3o<\/h3>\n\n\n\n<p>Em meio \u00e0s comemora\u00e7\u00f5es pelos 60 anos da Funda\u00e7\u00e3o Museu da Imagem e do Som do Rio de Janeiro, a institui\u00e7\u00e3o recebeu, na tarde desta quarta-feira (13\/8), Herondina da Silva, vi\u00fava do jornalista e cr\u00edtico musical Ilmar Carvalho, acompanhada de sua irm\u00e3 L\u00e9a da Silva. A visita teve como objetivo a assinatura do termo de doa\u00e7\u00e3o da Cole\u00e7\u00e3o Ilmar Carvalho, composta por mais de 380 itens, formalizando uma doa\u00e7\u00e3o realizada em 2019.<\/p>\n\n\n\n<p><strong>\u201c\u00c9 uma honra para a F.MIS preservar o legado de Ilmar Carvalho. Seu trabalho, dedicado \u00e0 m\u00fasica popular brasileira e \u00e0 cultura, \u00e9 parte importante da hist\u00f3ria que nosso museu se orgulha de guardar e difundir\u201d<\/strong>, afirmou o presidente Cesar Miranda Ribeiro.<\/p>\n\n\n\n<div class=\"wp-block-buttons is-content-justification-space-between is-layout-flex wp-container-core-buttons-is-layout-b2891da8 wp-block-buttons-is-layout-flex\">\n<div class=\"wp-block-button\"><a class=\"wp-block-button__link wp-element-button\" href=\"https:\/\/www.radio.mis.rj.gov.br\/news-720-fmis-celebra-legado-de-ilmar-carvalho-com-assinatura-de-termo-de-doacao\" target=\"_blank\" rel=\"noreferrer noopener\">Saiba mais<\/a><\/div>\n<\/div>\n<\/div>\n<\/div>\n<\/div>\n\n\n\n<div class=\"wp-block-group alignwide has-accent-5-background-color has-background is-layout-constrained wp-container-core-group-is-layout-d89aad35 wp-block-group-is-layout-constrained\" style=\"margin-top:0;margin-bottom:0;padding-top:var(--wp--preset--spacing--50);padding-right:var(--wp--preset--spacing--50);padding-bottom:var(--wp--preset--spacing--50);padding-left:var(--wp--preset--spacing--50)\">\n<div class=\"wp-block-columns alignwide is-layout-flex wp-container-core-columns-is-layout-1da03c2a wp-block-columns-is-layout-flex\">\n<div class=\"wp-block-column is-vertically-aligned-center is-layout-flow wp-block-column-is-layout-flow\" style=\"flex-basis:60%\">\n<figure class=\"wp-block-image aligncenter size-full is-resized is-style-default wp-duotone-varpresetduotoneduotone-1-29\"><img loading=\"lazy\" decoding=\"async\" width=\"600\" height=\"450\" src=\"https:\/\/fmis.rj.gov.br\/v1\/wp-content\/uploads\/2025\/07\/5756-2025-07-11.jpg\" alt=\"\" class=\"wp-image-1050\" style=\"width:658px\" srcset=\"https:\/\/fmis.rj.gov.br\/v1\/wp-content\/uploads\/2025\/07\/5756-2025-07-11.jpg 600w, https:\/\/fmis.rj.gov.br\/v1\/wp-content\/uploads\/2025\/07\/5756-2025-07-11-300x225.jpg 300w\" sizes=\"auto, (max-width: 600px) 100vw, 600px\" \/><\/figure>\n<\/div>\n\n\n\n<div class=\"wp-block-column is-layout-flow wp-block-column-is-layout-flow\" style=\"flex-basis:40%\">\n<h3 class=\"wp-block-heading\">Funda\u00e7\u00e3o Museu da Imagem e do Som do Rio de Janeiro projeta o futuro da cultura em encontro no MIS Copacabana<\/h3>\n\n\n\n<p><strong>\u201cDesde 2021, n\u00f3s estamos aqui a convite da nossa secret\u00e1ria Danielle Barros e do governador Cl\u00e1udio Castro, justamente para preservar a mem\u00f3ria, uma mem\u00f3ria que come\u00e7ou l\u00e1 em 1965. N\u00e3o podemos esquecer do protagonismo de onde tudo come\u00e7ou. A FMIS RJ e o MIS Copacabana trabalhar\u00e3o juntos para continuarmos a levar a hist\u00f3ria da nossa cultura para o Brasil e o mundo\u201d<\/strong>, destacou o presidente do museu, Cesar Miranda Ribeiro. Em sua fala, ele emocionou os presentes ao relembrar a trajet\u00f3ria da institui\u00e7\u00e3o, apresentou o v\u00eddeo institucional da Funda\u00e7\u00e3o, que narra a hist\u00f3ria do museu desde sua cria\u00e7\u00e3o, em 3 de setembro de 1965. Tamb\u00e9m compartilhou as pr\u00f3ximas a\u00e7\u00f5es previstas at\u00e9 a inaugura\u00e7\u00e3o da nova sede, incluindo o Plano de Inser\u00e7\u00e3o Gradual do MIS Copacabana nas redes sociais, que visa preservar a identidade hist\u00f3rica da FMIS RJ e promover uma comunica\u00e7\u00e3o digital integrada.<\/p>\n\n\n\n<div class=\"wp-block-buttons is-content-justification-space-between is-layout-flex wp-container-core-buttons-is-layout-b2891da8 wp-block-buttons-is-layout-flex\">\n<div class=\"wp-block-button\"><a class=\"wp-block-button__link wp-element-button\" href=\"https:\/\/www.radio.mis.rj.gov.br\/news-691-fundacao-museu-da-imagem-e-do-som-do-rio-de-janeiro-projeta-o-futuro-da-cultura-em-encontro-no-mis-copacabana\" target=\"_blank\" rel=\"noreferrer noopener\">Saiba mais<\/a><\/div>\n<\/div>\n<\/div>\n<\/div>\n<\/div>\n\n\n\n<div class=\"wp-block-group alignwide has-accent-5-background-color has-background is-layout-constrained wp-container-core-group-is-layout-d89aad35 wp-block-group-is-layout-constrained\" style=\"margin-top:0;margin-bottom:0;padding-top:var(--wp--preset--spacing--50);padding-right:var(--wp--preset--spacing--50);padding-bottom:var(--wp--preset--spacing--50);padding-left:var(--wp--preset--spacing--50)\">\n<div class=\"wp-block-columns alignwide is-layout-flex wp-container-core-columns-is-layout-1da03c2a wp-block-columns-is-layout-flex\">\n<div class=\"wp-block-column is-vertically-aligned-center is-layout-flow wp-block-column-is-layout-flow\" style=\"flex-basis:60%\">\n<figure class=\"wp-block-image aligncenter size-full is-resized is-style-default wp-duotone-varpresetduotoneduotone-1-30\"><img loading=\"lazy\" decoding=\"async\" width=\"600\" height=\"450\" src=\"https:\/\/fmis.rj.gov.br\/v1\/wp-content\/uploads\/2025\/05\/4857-2025-04-26.jpg\" alt=\"\" class=\"wp-image-980\" style=\"width:658px\" srcset=\"https:\/\/fmis.rj.gov.br\/v1\/wp-content\/uploads\/2025\/05\/4857-2025-04-26.jpg 600w, https:\/\/fmis.rj.gov.br\/v1\/wp-content\/uploads\/2025\/05\/4857-2025-04-26-300x225.jpg 300w\" sizes=\"auto, (max-width: 600px) 100vw, 600px\" \/><\/figure>\n<\/div>\n\n\n\n<div class=\"wp-block-column is-layout-flow wp-block-column-is-layout-flow\" style=\"flex-basis:40%\">\n<h3 class=\"wp-block-heading\">Exposi\u00e7\u00e3o \u201cJANETE CLAIR 100 ANOS \u2013 A USINEIRA DOS SONHOS\u201d, \u00e9 inaugurada no MIS RJ com a participa\u00e7\u00e3o dos filhos, amigos e f\u00e3s!<\/h3>\n\n\n\n<p>\u201c<strong>Todos do MIS RJ&nbsp;se sentem conectados&nbsp;afetivamente&nbsp;com&nbsp;a exposi\u00e7\u00e3o porque, de alguma forma, acompanharam o primoroso trabalho dessa mestra da teledramaturgia, e os mais jovens est\u00e3o tendo a oportunidade desse contato com a sua trajet\u00f3ria de sucesso.&nbsp;\u00c9 um orgulho imenso ver a sinopse original de \u201cSelva de Pedra\u201d, os muitos trof\u00e9us que recebeu ao longo da carreira brilhante, as fotos em fam\u00edlia, as mat\u00e9rias publicadas exaltando Janete Clair, considerada a \u201cnossa senhora das oito\u201d, uma refer\u00eancia ao hor\u00e1rio em que era campe\u00e3 de audi\u00eancia. E claro, ouvir a pr\u00f3pria Janete contando a sua hist\u00f3ria no Depoimento para a Posteridade, prestado ao MIS RJ em 27 de junho de 1978\u201d<\/strong>, afirmou o presidente do museu, Cesar Miranda Ribeiro.<\/p>\n\n\n\n<div class=\"wp-block-buttons is-content-justification-space-between is-layout-flex wp-container-core-buttons-is-layout-b2891da8 wp-block-buttons-is-layout-flex\">\n<div class=\"wp-block-button\"><a class=\"wp-block-button__link wp-element-button\" href=\"https:\/\/www.radio.mis.rj.gov.br\/news-643-exposicao-janete-clair-100-anos-%E2%80%93-a-usineira-dos-sonhos-e-inaugurada-no-mis-rj-com-a-participacao-dos-filhos-amigos-e-fas\" target=\"_blank\" rel=\"noreferrer noopener\">Saiba mais<\/a><\/div>\n<\/div>\n<\/div>\n<\/div>\n<\/div>\n\n\n\n<div class=\"wp-block-group alignwide has-accent-5-background-color has-background is-layout-constrained wp-container-core-group-is-layout-d89aad35 wp-block-group-is-layout-constrained\" style=\"margin-top:0;margin-bottom:0;padding-top:var(--wp--preset--spacing--50);padding-right:var(--wp--preset--spacing--50);padding-bottom:var(--wp--preset--spacing--50);padding-left:var(--wp--preset--spacing--50)\">\n<div class=\"wp-block-columns alignwide is-layout-flex wp-container-core-columns-is-layout-1da03c2a wp-block-columns-is-layout-flex\">\n<div class=\"wp-block-column is-vertically-aligned-center is-layout-flow wp-block-column-is-layout-flow\" style=\"flex-basis:60%\">\n<figure class=\"wp-block-image aligncenter size-full is-resized is-style-default wp-duotone-varpresetduotoneduotone-1-31\"><img loading=\"lazy\" decoding=\"async\" width=\"600\" height=\"450\" src=\"https:\/\/fmis.rj.gov.br\/v1\/wp-content\/uploads\/2025\/05\/0077-2025-04-25.jpg\" alt=\"\" class=\"wp-image-981\" style=\"width:658px;height:auto\" srcset=\"https:\/\/fmis.rj.gov.br\/v1\/wp-content\/uploads\/2025\/05\/0077-2025-04-25.jpg 600w, https:\/\/fmis.rj.gov.br\/v1\/wp-content\/uploads\/2025\/05\/0077-2025-04-25-300x225.jpg 300w\" sizes=\"auto, (max-width: 600px) 100vw, 600px\" \/><\/figure>\n<\/div>\n\n\n\n<div class=\"wp-block-column is-layout-flow wp-block-column-is-layout-flow\" style=\"flex-basis:40%\">\n<h3 class=\"wp-block-heading\">MIS RJ realiza evento de inaugura\u00e7\u00e3o da exposi\u00e7\u00e3o \u201cChat\u00f4 e os Di\u00e1rios Associados \u2013 100 Anos de Paix\u00e3o\u201d<\/h3>\n\n\n\n<p>Durante a cerim\u00f4nia, o presidente do MIS RJ, Cesar Miranda Ribeiro, celebrou a chegada da exposi\u00e7\u00e3o \u00e0 sede da institui\u00e7\u00e3o:&nbsp;<strong>\u201cQuando a equipe me procurou pra nos dar esse presente, que \u00e9 contar a hist\u00f3ria de Assis Chateaubriand, eu fiquei muito feliz e animado. Transformar esse espa\u00e7o em um local onde a sociedade fluminense poder\u00e1 conhecer a trajet\u00f3ria desse grande homem da comunica\u00e7\u00e3o brasileira, \u00e9 ampliar o alcance desse trabalho primoroso desenvolvido em tempo recorde pela equipe da exposi\u00e7\u00e3o. Desejo que muitas pessoas venham a nossa sede da Lapa para conhecer um pouco mais sobre a constru\u00e7\u00e3o de um imp\u00e9rio chamado Di\u00e1rios Associados\u201d<\/strong>.<\/p>\n\n\n\n<div class=\"wp-block-buttons is-content-justification-space-between is-layout-flex wp-container-core-buttons-is-layout-b2891da8 wp-block-buttons-is-layout-flex\">\n<div class=\"wp-block-button\"><a class=\"wp-block-button__link wp-element-button\" href=\"https:\/\/www.radio.mis.rj.gov.br\/news-641-mis-rj-realiza-evento-de-inauguracao-da-exposicao-chato-e-os-diarios-associados-%E2%80%93-100-anos-de-paixao\" target=\"_blank\" rel=\"noreferrer noopener\">Saiba mais<\/a><\/div>\n<\/div>\n<\/div>\n<\/div>\n<\/div>\n\n\n\n<div class=\"wp-block-group alignwide has-accent-5-background-color has-background is-layout-constrained wp-container-core-group-is-layout-d89aad35 wp-block-group-is-layout-constrained\" style=\"margin-top:0;margin-bottom:0;padding-top:var(--wp--preset--spacing--50);padding-right:var(--wp--preset--spacing--50);padding-bottom:var(--wp--preset--spacing--50);padding-left:var(--wp--preset--spacing--50)\">\n<div class=\"wp-block-columns alignwide is-layout-flex wp-container-core-columns-is-layout-1da03c2a wp-block-columns-is-layout-flex\">\n<div class=\"wp-block-column is-vertically-aligned-center is-layout-flow wp-block-column-is-layout-flow\" style=\"flex-basis:60%\">\n<figure class=\"wp-block-image aligncenter size-full is-resized is-style-default wp-duotone-varpresetduotoneduotone-1-32\"><img loading=\"lazy\" decoding=\"async\" width=\"1024\" height=\"573\" src=\"https:\/\/fmis.rj.gov.br\/v1\/wp-content\/uploads\/2024\/09\/Plano-1024x573-1.jpg\" alt=\"\" class=\"wp-image-273\" style=\"width:658px;height:auto\" srcset=\"https:\/\/fmis.rj.gov.br\/v1\/wp-content\/uploads\/2024\/09\/Plano-1024x573-1.jpg 1024w, https:\/\/fmis.rj.gov.br\/v1\/wp-content\/uploads\/2024\/09\/Plano-1024x573-1-300x168.jpg 300w, https:\/\/fmis.rj.gov.br\/v1\/wp-content\/uploads\/2024\/09\/Plano-1024x573-1-768x430.jpg 768w\" sizes=\"auto, (max-width: 1024px) 100vw, 1024px\" \/><\/figure>\n<\/div>\n\n\n\n<div class=\"wp-block-column is-layout-flow wp-block-column-is-layout-flow\" style=\"flex-basis:40%\">\n<h3 class=\"wp-block-heading\">Plano Museol\u00f3gico<\/h3>\n\n\n\n<p>O Plano Museol\u00f3gico do Museu da Imagem e do Som do Rio de Janeiro &#8211; MIS\/RJ \u00e9 um importante instrumento de gest\u00e3o que apresenta o perfil institucional, as vincula\u00e7\u00f5es administrativas e suas responsabilidades, assim como orienta sua atua\u00e7\u00e3o p\u00fablica, a partir da defini\u00e7\u00e3o, ordenamento e prioriza\u00e7\u00e3o dos objetivos e das a\u00e7\u00f5es de cada um dos n\u00facleos de funcionamento do museu de forma estruturada, com base em metas, para uma autorreflex\u00e3o e constante avalia\u00e7\u00e3o (interna e externa) dos resultados.<\/p>\n\n\n\n<div class=\"wp-block-buttons is-content-justification-space-between is-layout-flex wp-container-core-buttons-is-layout-b2891da8 wp-block-buttons-is-layout-flex\">\n<div class=\"wp-block-button\"><a class=\"wp-block-button__link wp-element-button\" href=\"https:\/\/drive.google.com\/file\/d\/17cW7kIQko2a8fIADi9JYx9csOSMUIHOa\/view?usp=drive_link\" target=\"_blank\" rel=\"noreferrer noopener\">Saiba mais<\/a><\/div>\n<\/div>\n<\/div>\n<\/div>\n<\/div>\n\n\n\n<div class=\"wp-block-group alignwide has-accent-5-background-color has-background is-layout-constrained wp-container-core-group-is-layout-d89aad35 wp-block-group-is-layout-constrained\" style=\"margin-top:0;margin-bottom:0;padding-top:var(--wp--preset--spacing--50);padding-right:var(--wp--preset--spacing--50);padding-bottom:var(--wp--preset--spacing--50);padding-left:var(--wp--preset--spacing--50)\">\n<div class=\"wp-block-columns alignwide is-layout-flex wp-container-core-columns-is-layout-1da03c2a wp-block-columns-is-layout-flex\">\n<div class=\"wp-block-column is-vertically-aligned-center is-layout-flow wp-block-column-is-layout-flow\" style=\"flex-basis:60%\">\n<figure class=\"wp-block-image aligncenter size-full is-resized is-style-default wp-duotone-varpresetduotoneduotone-1-33\"><img loading=\"lazy\" decoding=\"async\" width=\"600\" height=\"450\" src=\"https:\/\/fmis.rj.gov.br\/v1\/wp-content\/uploads\/2024\/12\/6768-2024-12-23.jpg\" alt=\"\" class=\"wp-image-818\" style=\"width:658px;height:auto\" srcset=\"https:\/\/fmis.rj.gov.br\/v1\/wp-content\/uploads\/2024\/12\/6768-2024-12-23.jpg 600w, https:\/\/fmis.rj.gov.br\/v1\/wp-content\/uploads\/2024\/12\/6768-2024-12-23-300x225.jpg 300w\" sizes=\"auto, (max-width: 600px) 100vw, 600px\" \/><\/figure>\n<\/div>\n\n\n\n<div class=\"wp-block-column is-layout-flow wp-block-column-is-layout-flow\" style=\"flex-basis:40%\">\n<h3 class=\"wp-block-heading\">Web R\u00e1dio MIS RJ<\/h3>\n\n\n\n<p>Este foi um ano memor\u00e1vel para o Museu da Imagem e do Som do Rio de Janeiro (MIS RJ), que mais uma vez se conectou profundamente \u00e0 sociedade carioca e fluminense por meio de grandes realiza\u00e7\u00f5es culturais.<\/p>\n\n\n\n<p>Desde 1965, o MIS RJ tem cumprido sua miss\u00e3o de preservar a cultura nacional, com um acervo de 42 cole\u00e7\u00f5es dedicadas a grandes nomes da nossa hist\u00f3ria. Esse trabalho constante apoia acad\u00eamicos, cineastas e pesquisadores que buscam compreender e valorizar a ess\u00eancia brasileira.<\/p>\n\n\n\n<div class=\"wp-block-buttons is-content-justification-space-between is-layout-flex wp-container-core-buttons-is-layout-b2891da8 wp-block-buttons-is-layout-flex\">\n<div class=\"wp-block-button\"><a class=\"wp-block-button__link wp-element-button\" href=\"https:\/\/radio.mis.rj.gov.br\" target=\"_blank\" rel=\"noreferrer noopener\">Saiba mais<\/a><\/div>\n<\/div>\n<\/div>\n<\/div>\n<\/div>\n\n\n\n<div style=\"height:30px\" aria-hidden=\"true\" class=\"wp-block-spacer\"><\/div>\n\n\n\n<div class=\"wp-block-group is-layout-constrained wp-block-group-is-layout-constrained\">\n<div class=\"wp-block-columns is-layout-flex wp-container-core-columns-is-layout-28f84493 wp-block-columns-is-layout-flex\">\n<div class=\"wp-block-column is-layout-flow wp-block-column-is-layout-flow\" style=\"flex-basis:100%\">\n<div class=\"wp-block-cover is-light\"><img loading=\"lazy\" decoding=\"async\" width=\"600\" height=\"450\" class=\"wp-block-cover__image-background wp-image-1516 size-full\" alt=\"\" src=\"https:\/\/fmis.rj.gov.br\/v1\/wp-content\/uploads\/2026\/02\/7153-2026-02-11.png\" data-object-fit=\"cover\" srcset=\"https:\/\/fmis.rj.gov.br\/v1\/wp-content\/uploads\/2026\/02\/7153-2026-02-11.png 600w, https:\/\/fmis.rj.gov.br\/v1\/wp-content\/uploads\/2026\/02\/7153-2026-02-11-300x225.png 300w\" sizes=\"auto, (max-width: 600px) 100vw, 600px\" \/><span aria-hidden=\"true\" class=\"wp-block-cover__background has-background-dim\" style=\"background-color:#8397b2\"><\/span><div class=\"wp-block-cover__inner-container is-layout-constrained wp-block-cover-is-layout-constrained\">\n<p class=\"has-text-align-center has-medium-font-size\"><mark style=\"background-color:rgba(0, 0, 0, 0)\" class=\"has-inline-color has-ast-global-color-5-color\"><strong>Cinco anos \u00e0 frente da F.MIS:<\/strong><\/mark><br><mark style=\"background-color:rgba(0, 0, 0, 0)\" class=\"has-inline-color has-ast-global-color-5-color\"><strong> uma gest\u00e3o que conectou mem\u00f3ria, inova\u00e7\u00e3o e futuro<\/strong><\/mark><\/p>\n\n\n\n<div class=\"wp-block-buttons is-layout-flex wp-block-buttons-is-layout-flex\">\n<div class=\"wp-block-button\"><a class=\"wp-block-button__link wp-element-button\" href=\"https:\/\/www.radio.mis.rj.gov.br\/news-860-cinco-anos-a-frente-da-fmis-uma-gestao-que-conectou-memoria-inovacao-e-futuro\" target=\"_blank\" rel=\"noreferrer noopener\">Saiba mais<\/a><\/div>\n<\/div>\n<\/div><\/div>\n<\/div>\n<\/div>\n<\/div>\n\n\n\n<div class=\"wp-block-group is-layout-constrained wp-block-group-is-layout-constrained\">\n<div class=\"wp-block-columns is-layout-flex wp-container-core-columns-is-layout-28f84493 wp-block-columns-is-layout-flex\">\n<div class=\"wp-block-column is-layout-flow wp-block-column-is-layout-flow\" style=\"flex-basis:100%\">\n<div class=\"wp-block-cover is-light\"><img loading=\"lazy\" decoding=\"async\" width=\"600\" height=\"450\" class=\"wp-block-cover__image-background wp-image-1390 size-full\" alt=\"\" src=\"https:\/\/fmis.rj.gov.br\/v1\/wp-content\/uploads\/2025\/12\/9656-2025-05-13.jpg\" style=\"object-position:50% 30%\" data-object-fit=\"cover\" data-object-position=\"50% 30%\" srcset=\"https:\/\/fmis.rj.gov.br\/v1\/wp-content\/uploads\/2025\/12\/9656-2025-05-13.jpg 600w, https:\/\/fmis.rj.gov.br\/v1\/wp-content\/uploads\/2025\/12\/9656-2025-05-13-300x225.jpg 300w\" sizes=\"auto, (max-width: 600px) 100vw, 600px\" \/><span aria-hidden=\"true\" class=\"wp-block-cover__background has-background-dim\" style=\"background-color:#979797\"><\/span><div class=\"wp-block-cover__inner-container is-layout-constrained wp-block-cover-is-layout-constrained\">\n<p class=\"has-text-align-center has-medium-font-size\"><mark style=\"background-color:rgba(0, 0, 0, 0)\" class=\"has-inline-color has-ast-global-color-5-color\"><strong>Doa\u00e7\u00e3o do document\u00e1rio<\/strong><\/mark><br><mark style=\"background-color:rgba(0, 0, 0, 0)\" class=\"has-inline-color has-ast-global-color-5-color\"><strong> &#8220;O Cravo e a lapela &#8211; Vida e obra de Ricardo Cravo Albin&#8221;, para a FMIS RJ!<\/strong><\/mark><\/p>\n\n\n\n<div class=\"wp-block-buttons is-layout-flex wp-block-buttons-is-layout-flex\">\n<div class=\"wp-block-button\"><a class=\"wp-block-button__link wp-element-button\" href=\"https:\/\/www.radio.mis.rj.gov.br\/news-652-encontro-literario-celebra-a-doacao-do-documentario-quot;o-cravo-e-a-lapela--vida-e-obra-de-ricardo-cravo-albinquot;-para-a-fmis-rj\" target=\"_blank\" rel=\"noreferrer noopener\">Saiba mais<\/a><\/div>\n<\/div>\n<\/div><\/div>\n<\/div>\n<\/div>\n<\/div>\n\n\n\n<div class=\"wp-block-group is-layout-constrained wp-block-group-is-layout-constrained\">\n<div class=\"wp-block-columns is-layout-flex wp-container-core-columns-is-layout-28f84493 wp-block-columns-is-layout-flex\">\n<div class=\"wp-block-column is-layout-flow wp-block-column-is-layout-flow\" style=\"flex-basis:100%\">\n<div class=\"wp-block-cover is-light\"><img loading=\"lazy\" decoding=\"async\" width=\"600\" height=\"450\" class=\"wp-block-cover__image-background wp-image-1385 size-full\" alt=\"\" src=\"https:\/\/fmis.rj.gov.br\/v1\/wp-content\/uploads\/2025\/12\/5767-2025-11-03.jpg\" style=\"object-position:50% 20%\" data-object-fit=\"cover\" data-object-position=\"50% 20%\" srcset=\"https:\/\/fmis.rj.gov.br\/v1\/wp-content\/uploads\/2025\/12\/5767-2025-11-03.jpg 600w, https:\/\/fmis.rj.gov.br\/v1\/wp-content\/uploads\/2025\/12\/5767-2025-11-03-300x225.jpg 300w\" sizes=\"auto, (max-width: 600px) 100vw, 600px\" \/><span aria-hidden=\"true\" class=\"wp-block-cover__background has-background-dim\" style=\"background-color:#c3c3c3\"><\/span><div class=\"wp-block-cover__inner-container is-layout-flow wp-block-cover-is-layout-flow\">\n<p class=\"has-text-align-center has-medium-font-size\"><mark style=\"background-color:rgba(0, 0, 0, 0)\" class=\"has-inline-color has-ast-global-color-5-color\"><strong>L\u00f4 Borges: o som das esquinas que se eternizou<\/strong><\/mark><\/p>\n\n\n\n<div class=\"wp-block-buttons is-layout-flex wp-block-buttons-is-layout-flex\">\n<div class=\"wp-block-button\"><a class=\"wp-block-button__link wp-element-button\" href=\"https:\/\/www.radio.mis.rj.gov.br\/news-780-lo-borges-o-som-das-esquinas-que-se-eternizou\" target=\"_blank\" rel=\"noreferrer noopener\">Saiba mais<\/a><\/div>\n<\/div>\n<\/div><\/div>\n<\/div>\n<\/div>\n<\/div>\n\n\n\n<div class=\"wp-block-group is-layout-constrained wp-block-group-is-layout-constrained\">\n<div class=\"wp-block-columns is-layout-flex wp-container-core-columns-is-layout-28f84493 wp-block-columns-is-layout-flex\">\n<div class=\"wp-block-column is-layout-flow wp-block-column-is-layout-flow\" style=\"flex-basis:100%\">\n<div class=\"wp-block-cover is-light\"><img loading=\"lazy\" decoding=\"async\" width=\"600\" height=\"450\" class=\"wp-block-cover__image-background wp-image-1376 size-full\" alt=\"\" src=\"https:\/\/fmis.rj.gov.br\/v1\/wp-content\/uploads\/2025\/12\/7183-2025-08-21.jpg\" data-object-fit=\"cover\" srcset=\"https:\/\/fmis.rj.gov.br\/v1\/wp-content\/uploads\/2025\/12\/7183-2025-08-21.jpg 600w, https:\/\/fmis.rj.gov.br\/v1\/wp-content\/uploads\/2025\/12\/7183-2025-08-21-300x225.jpg 300w\" sizes=\"auto, (max-width: 600px) 100vw, 600px\" \/><span aria-hidden=\"true\" class=\"wp-block-cover__background has-background-dim\" style=\"background-color:#a7aea6\"><\/span><div class=\"wp-block-cover__inner-container is-layout-constrained wp-block-cover-is-layout-constrained\">\n<p class=\"has-text-align-center has-medium-font-size\"><mark style=\"background-color:rgba(0, 0, 0, 0)\" class=\"has-inline-color has-ast-global-color-5-color\"><strong>Jos\u00e9 Wilker: mem\u00f3ria viva na Funda\u00e7\u00e3o Museu da Imagem e do Som do Rio de Janeiro<\/strong><\/mark><\/p>\n\n\n\n<div class=\"wp-block-buttons is-layout-flex wp-block-buttons-is-layout-flex\">\n<div class=\"wp-block-button\"><a class=\"wp-block-button__link wp-element-button\" href=\"https:\/\/www.radio.mis.rj.gov.br\/news-728-jose-wilker-memoria-viva-na-fundacao-museu-da-imagem-e-do-som-do-rio-de-janeiro\" target=\"_blank\" rel=\"noreferrer noopener\">Saiba mais<\/a><\/div>\n<\/div>\n<\/div><\/div>\n<\/div>\n<\/div>\n<\/div>\n\n\n\n<p><\/p>\n\n\n\n<style>\n\n    body {\n      font-family: Arial, sans-serif;\n      background-color: #f4f4f4;\n      margin: 0;\n      padding: 0;\n    }\n\n    \/* GRID AJUSTADO *\/\n    .container {\n      display: grid;\n      gap: 20px;\n      padding: 25px;\n      grid-template-columns: 1fr; \/* mobile *\/\n    }\n\n    \/* 2 colunas em telas m\u00e9dias *\/\n    @media (min-width: 768px) {\n      .container {\n        grid-template-columns: repeat(2, 1fr);\n      }\n    }\n\n    \/* 3 colunas em telas grandes *\/\n    @media (min-width: 1200px) {\n      .container {\n        grid-template-columns: repeat(3, 1fr);\n      }\n    }\n\n    .card {\n      background: white;\n      border-radius: 10px;\n      overflow: hidden;\n      box-shadow: 0 2px 5px rgba(0,0,0,0.1);\n    }\n\n    .card img {\n      width: 100%;\n      height: 220px;\n      object-fit: contain;\n      background-color: #000;\n    }\n\n    .card-content {\n      width: 100%;\n      padding: 16px;\n    }\n\n    .card-content h3 {\n      margin: 10px 20px 10px 0;\n      font-size: 0.9em;\n    }\n\n    .card-content p {\n      margin: 10px 20px 10px 0;\n      font-size: 0.6em;\n    }\n\n    .meta {\n      font-size: 0.9em;\n      color: #555;\n      margin: 5px 15px 5px 0;\n    }\n\n    .card-content a {\n      display: inline-block;\n      margin: 10px 20px 10px 0;\n      color: #472774;\n      text-decoration: none;\n      font-weight: bold;\n    }\n\n    .logo-text {\n      display: flex;\n      align-items: center;\n    }\n\n<\/style>\n\n<!DOCTYPE html>\n<html lang=\"pt-BR\">\n<head>\n  <meta charset=\"UTF-8\">\n  <title>MIS na M\u00eddia<\/title>\n\n  <style>\n\n    .logo-text {\n      display: flex;\n      align-items: center;\n    }\n\n    .logo-text img {\n      width: 80px;\n      height: auto;\n      margin-right: 20px;\n    }\n\n    .text {\n      display: flex;\n      background: linear-gradient(90deg, #192844 67.81%, #472774 100%);\n      color: white;\n      align-items: center;\n      justify-content: center;\n      padding: 20px;\n      position: relative;\n      text-align: center;\n    }\n\n    .text h1 {\n      margin: 0;\n      font-size: 24px;\n      color: #ffffff;\n    }\n\n    .text p {\n      margin: 5px 0 0 0;\n      font-size: 14px;\n      color: #ffffff;\n    }\n\n    body {\n      margin: 0;\n      font-family: Arial, sans-serif;\n      background-color: #f4f4f4;\n    }\n\n  <\/style>\n\n<\/head>\n<body>\n\n  <div class=\"text\">\n    <h1>F.MIS na M\u00eddia<\/h1>\n  <\/div>\n\n  <div class=\"container\">\n\n    <div class=\"card\">\n      <img decoding=\"async\" src=\"https:\/\/odia.ig.com.br\/_midias\/jpg\/2025\/10\/23\/1200x1920\/1_unnamed-37328678.jpg\" alt=\"\">\n      <div class=\"card-content\">\n        <h3>B\u00fazios discute parceria com o Museu da Imagem e do Som do Rio de Janeiro para preserva\u00e7\u00e3o da mem\u00f3ria audiovisual<\/h3>\n        <div class=\"meta\">Por Renata Cristiane | Site: odia.ig.com.br<br>Data: 23\/10\/2025<\/div>\n        <a href=\"https:\/\/odia.ig.com.br\/buzios\/2025\/10\/7151143-buzios-discute-parceria-com-o-museu-da-imagem-e-do-som-do-rio-de-janeiro-para-preservacao-da-memoria-audiovisual.html\" target=\"_blank\">Leia mais<\/a>\n      <\/div>\n    <\/div>\n\n    <div class=\"card\">\n      <img decoding=\"async\" src=\"https:\/\/j3news.com\/wp-content\/uploads\/2025\/09\/Cerimonia-MIS.jpg\" alt=\"\">\n      <div class=\"card-content\">\n        <h3>UENF recebe Trof\u00e9u Golfinho do Museu da Imagem e do Som<\/h3>\n        <div class=\"meta\">Por Reda\u00e7\u00e3o | Site: j3news.com<br>Data: 09\/09\/2025<\/div>\n        <a href=\"https:\/\/j3news.com\/2025\/09\/09\/uenf-recebe-trofeu-golfinho-do-museu-da-imagem-e-do-som\/\" target=\"_blank\">Leia mais<\/a>\n      <\/div>\n    <\/div>\n\n    <div class=\"card\">\n      <img decoding=\"async\" src=\"https:\/\/www.ururau.com.br\/img\/noticias\/g\/1de3dc3173d5a7a7123967b86ab652392507202511363468839672b7349.jpeg\" alt=\"\">\n      <div class=\"card-content\">\n        <h3>UENF alinha parceria com Museu da Imagem e do Som pela preserva\u00e7\u00e3o da mem\u00f3ria de Campos<\/h3>\n        <div class=\"meta\">Por Igor Azeredo | Site: ururau.com.br<br>Data: 25\/07\/2025<\/div>\n        <a href=\"https:\/\/www.ururau.com.br\/noticias\/cidades\/uenf-alinha-parceria-com-museu-da-imagem-e-do-som-pela-preservacao-da-memoria-de-campos\/76899\/\" target=\"_blank\">Leia mais<\/a>\n      <\/div>\n    <\/div>\n\n    <div class=\"card\">\n      <img decoding=\"async\" src=\"https:\/\/s2-g1.glbimg.com\/N7C2s8sa04jvRp1z8wHLBGapEUw=\/1200x0\/filters:format(jpeg)\/https:\/i.s3.glbimg.com\/v1\/AUTH_59edd422c0c84a879bd37670ae4f538a\/internal_photos\/bs\/2025\/p\/I\/hfDJysS7eMbyKGs9o2GQ\/copia-de-copia-de-materia.png\" alt=\"\">\n      <div class=\"card-content\">\n        <h3>Clube do Choro de Santos firma parceria com funda\u00e7\u00e3o do RJ para preservar acervo do compositor Garoto<\/h3>\n        <div class=\"meta\">Por g1 Santos<br>Site: g1.globo.com\/sp\/santos-regiao<br>Data: 07\/07\/2025<\/div>\n        <a href=\"https:\/\/g1.globo.com\/sp\/santos-regiao\/noticia\/2025\/07\/07\/clube-do-choro-de-santos-firma-parceria-com-fundacao-do-rj-para-preservar-acervo-do-compositor-garoto.ghtml\" target=\"_blank\">Leia mais<\/a>\n      <\/div>\n    <\/div>\n\n    <div class=\"card\">\n      <img decoding=\"async\" src=\"https:\/\/odia.ig.com.br\/_midias\/jpg\/2025\/06\/22\/1200x750\/1_joao-36315464.jpg\" alt=\"\">\n      <div class=\"card-content\">\n        <h3>MIS-RJ inaugura salas dedicadas aos acervos de Jos\u00e9 Wilker, Jo\u00e3o Ara\u00fajo e S\u00e9rgio Cabral<\/h3>\n        <div class=\"meta\">Por redacao@odia.com.br<br>Site: odia.ig.com.br<br>Data: 22\/06\/2025<\/div>\n        <a href=\"https:\/\/odia.ig.com.br\/rio-de-janeiro\/2025\/06\/7079349-mis-rj-inaugura-salas-dedicadas-aos-acervos-de-jose-wilker-joao-araujo-e-sergio-cabral.html\" target=\"_blank\">Leia mais<\/a>\n      <\/div>\n    <\/div>\n\n    <div class=\"card\">\n      <img decoding=\"async\" src=\"https:\/\/s2-extra.glbimg.com\/LqrxExvi-p5toWR9DoGfxnHHl50=\/0x0:2048x1536\/888x0\/smart\/filters:strip_icc()\/i.s3.glbimg.com\/v1\/AUTH_1f551ea7087a47f39ead75f64041559a\/internal_photos\/bs\/2025\/v\/w\/O2nj5tQBeN52gai67BKQ\/aerea-mis-leonardo-ferraz.jpg\" alt=\"\">\n      <div class=\"card-content\">\n        <h3>MIS RJ inaugura primeira fototeca estadual<\/h3>\n        <div class=\"meta\">Site: extra.globo.com<br>Data: 21\/02\/2025<\/div>\n        <a href=\"https:\/\/extra.globo.com\/rio\/cidades\/noticia\/2025\/02\/mis-rj-inaugura-primeira-fototeca-estadual.ghtml\" target=\"_blank\">Leia mais<\/a>\n      <\/div>\n    <\/div>\n\n  <\/div>\n\n<\/body>\n<\/html>\n\n\n\n<div style=\"height:30px\" aria-hidden=\"true\" class=\"wp-block-spacer\"><\/div>\n\n\n\n<div style=\"height:30px\" aria-hidden=\"true\" class=\"wp-block-spacer\"><\/div>\n\n\n\n<figure class=\"wp-block-image alignwide size-large\"><a href=\"https:\/\/www.rj.gov.br\/app\/\" target=\"_blank\" rel=\"noreferrer noopener\"><img loading=\"lazy\" decoding=\"async\" width=\"1024\" height=\"213\" src=\"https:\/\/fmis.rj.gov.br\/v1\/wp-content\/uploads\/2024\/10\/Banner-App-RJ-Digital_-1024x213.jpg\" alt=\"\" class=\"wp-image-483\" srcset=\"https:\/\/fmis.rj.gov.br\/v1\/wp-content\/uploads\/2024\/10\/Banner-App-RJ-Digital_-1024x213.jpg 1024w, https:\/\/fmis.rj.gov.br\/v1\/wp-content\/uploads\/2024\/10\/Banner-App-RJ-Digital_-300x63.jpg 300w, https:\/\/fmis.rj.gov.br\/v1\/wp-content\/uploads\/2024\/10\/Banner-App-RJ-Digital_-768x160.jpg 768w, https:\/\/fmis.rj.gov.br\/v1\/wp-content\/uploads\/2024\/10\/Banner-App-RJ-Digital_-1536x320.jpg 1536w, https:\/\/fmis.rj.gov.br\/v1\/wp-content\/uploads\/2024\/10\/Banner-App-RJ-Digital_.jpg 1920w\" sizes=\"auto, (max-width: 1024px) 100vw, 1024px\" \/><\/a><\/figure>\n\n\n\n<div style=\"height:10px\" aria-hidden=\"true\" class=\"wp-block-spacer\"><\/div>\n\n\n\n<p><\/p>\n\n\n\n<p><\/p>\n","protected":false},"excerpt":{"rendered":"<p>Artigo de Daiane Lopes: Por entre lentes e fatos &#8211; Copacabana em destaque no acervo Ronaldo C\u00e2mara da F.MIS No [&hellip;]<\/p>\n","protected":false},"author":3,"featured_media":0,"parent":0,"menu_order":0,"comment_status":"closed","ping_status":"closed","template":"","meta":{"site-sidebar-layout":"default","site-content-layout":"","ast-site-content-layout":"default","site-content-style":"default","site-sidebar-style":"default","ast-global-header-display":"","ast-banner-title-visibility":"","ast-main-header-display":"","ast-hfb-above-header-display":"","ast-hfb-below-header-display":"","ast-hfb-mobile-header-display":"","site-post-title":"disabled","ast-breadcrumbs-content":"","ast-featured-img":"","footer-sml-layout":"","ast-disable-related-posts":"","theme-transparent-header-meta":"","adv-header-id-meta":"","stick-header-meta":"","header-above-stick-meta":"","header-main-stick-meta":"","header-below-stick-meta":"","astra-migrate-meta-layouts":"default","ast-page-background-enabled":"default","ast-page-background-meta":{"desktop":{"background-color":"var(--ast-global-color-4)","background-image":"","background-repeat":"repeat","background-position":"center center","background-size":"auto","background-attachment":"scroll","background-type":"","background-media":"","overlay-type":"","overlay-color":"","overlay-opacity":"","overlay-gradient":""},"tablet":{"background-color":"","background-image":"","background-repeat":"repeat","background-position":"center center","background-size":"auto","background-attachment":"scroll","background-type":"","background-media":"","overlay-type":"","overlay-color":"","overlay-opacity":"","overlay-gradient":""},"mobile":{"background-color":"","background-image":"","background-repeat":"repeat","background-position":"center center","background-size":"auto","background-attachment":"scroll","background-type":"","background-media":"","overlay-type":"","overlay-color":"","overlay-opacity":"","overlay-gradient":""}},"ast-content-background-meta":{"desktop":{"background-color":"var(--ast-global-color-5)","background-image":"","background-repeat":"repeat","background-position":"center center","background-size":"auto","background-attachment":"scroll","background-type":"","background-media":"","overlay-type":"","overlay-color":"","overlay-opacity":"","overlay-gradient":""},"tablet":{"background-color":"var(--ast-global-color-5)","background-image":"","background-repeat":"repeat","background-position":"center center","background-size":"auto","background-attachment":"scroll","background-type":"","background-media":"","overlay-type":"","overlay-color":"","overlay-opacity":"","overlay-gradient":""},"mobile":{"background-color":"var(--ast-global-color-5)","background-image":"","background-repeat":"repeat","background-position":"center center","background-size":"auto","background-attachment":"scroll","background-type":"","background-media":"","overlay-type":"","overlay-color":"","overlay-opacity":"","overlay-gradient":""}},"footnotes":""},"folder":[],"class_list":["post-10","page","type-page","status-publish","hentry"],"_links":{"self":[{"href":"https:\/\/fmis.rj.gov.br\/v1\/wp-json\/wp\/v2\/pages\/10","targetHints":{"allow":["GET"]}}],"collection":[{"href":"https:\/\/fmis.rj.gov.br\/v1\/wp-json\/wp\/v2\/pages"}],"about":[{"href":"https:\/\/fmis.rj.gov.br\/v1\/wp-json\/wp\/v2\/types\/page"}],"author":[{"embeddable":true,"href":"https:\/\/fmis.rj.gov.br\/v1\/wp-json\/wp\/v2\/users\/3"}],"replies":[{"embeddable":true,"href":"https:\/\/fmis.rj.gov.br\/v1\/wp-json\/wp\/v2\/comments?post=10"}],"version-history":[{"count":180,"href":"https:\/\/fmis.rj.gov.br\/v1\/wp-json\/wp\/v2\/pages\/10\/revisions"}],"predecessor-version":[{"id":1634,"href":"https:\/\/fmis.rj.gov.br\/v1\/wp-json\/wp\/v2\/pages\/10\/revisions\/1634"}],"wp:attachment":[{"href":"https:\/\/fmis.rj.gov.br\/v1\/wp-json\/wp\/v2\/media?parent=10"}],"wp:term":[{"taxonomy":"folder","embeddable":true,"href":"https:\/\/fmis.rj.gov.br\/v1\/wp-json\/wp\/v2\/folder?post=10"}],"curies":[{"name":"wp","href":"https:\/\/api.w.org\/{rel}","templated":true}]}}