{"id":245,"date":"2024-09-13T10:25:05","date_gmt":"2024-09-13T13:25:05","guid":{"rendered":"https:\/\/fmis.rj.gov.br\/v1\/?page_id=245"},"modified":"2026-04-14T10:54:48","modified_gmt":"2026-04-14T13:54:48","slug":"depoimentos","status":"publish","type":"page","link":"https:\/\/fmis.rj.gov.br\/v1\/depoimentos\/","title":{"rendered":"Depoimentos"},"content":{"rendered":"\n<div style=\"height:30px\" aria-hidden=\"true\" class=\"wp-block-spacer\"><\/div>\n\n\n\n<div class=\"wp-block-media-text has-media-on-the-right is-stacked-on-mobile is-vertically-aligned-center has-medium-font-size\" style=\"margin-right:0;margin-left:0;grid-template-columns:auto 78%\"><div class=\"wp-block-media-text__content\">\n<h1 class=\"wp-block-heading has-text-align-center\"><strong><mark style=\"background-color:rgba(0, 0, 0, 0)\" class=\"has-inline-color has-ast-global-color-1-color\">Depoimentos<\/mark><\/strong><\/h1>\n<\/div><figure class=\"wp-block-media-text__media\"><img loading=\"lazy\" decoding=\"async\" width=\"1024\" height=\"341\" src=\"https:\/\/fmis.rj.gov.br\/v1\/wp-content\/uploads\/2025\/12\/Copia-de-Logo_mis_abas_unica_geral-1-1-1024x341.png\" alt=\"\" class=\"wp-image-1401 size-full\" srcset=\"https:\/\/fmis.rj.gov.br\/v1\/wp-content\/uploads\/2025\/12\/Copia-de-Logo_mis_abas_unica_geral-1-1-1024x341.png 1024w, https:\/\/fmis.rj.gov.br\/v1\/wp-content\/uploads\/2025\/12\/Copia-de-Logo_mis_abas_unica_geral-1-1-300x100.png 300w, https:\/\/fmis.rj.gov.br\/v1\/wp-content\/uploads\/2025\/12\/Copia-de-Logo_mis_abas_unica_geral-1-1-768x256.png 768w, https:\/\/fmis.rj.gov.br\/v1\/wp-content\/uploads\/2025\/12\/Copia-de-Logo_mis_abas_unica_geral-1-1.png 1200w\" sizes=\"auto, (max-width: 1024px) 100vw, 1024px\" \/><\/figure><\/div>\n\n\n\n<div style=\"height:30px\" aria-hidden=\"true\" class=\"wp-block-spacer\"><\/div>\n\n\n\n<figure class=\"wp-block-image size-full\"><img loading=\"lazy\" decoding=\"async\" width=\"600\" height=\"450\" src=\"https:\/\/fmis.rj.gov.br\/v1\/wp-content\/uploads\/2024\/09\/d6b616bf.jpg\" alt=\"\" class=\"wp-image-432\" srcset=\"https:\/\/fmis.rj.gov.br\/v1\/wp-content\/uploads\/2024\/09\/d6b616bf.jpg 600w, https:\/\/fmis.rj.gov.br\/v1\/wp-content\/uploads\/2024\/09\/d6b616bf-300x225.jpg 300w\" sizes=\"auto, (max-width: 600px) 100vw, 600px\" \/><\/figure>\n\n\n\n<p>A s\u00e9rie \u201cDepoimentos para a Posteridade\u201d \u00e9 projeto pioneiro e vitorioso, criado por Ricardo Cravo Albin, um ano ap\u00f3s a funda\u00e7\u00e3o do Museu da Imagem e do Som, em 1966. S\u00e3o grava\u00e7\u00f5es de depoimentos prestados por personalidades dos mais diversos setores da cultura. Os nomes eram inicialmente escolhidos por conselheiros dos campos da literatura, teatro, esportes, m\u00fasica, artes pl\u00e1sticas, cinema, jornalismo e outros.<\/p>\n\n\n\n<p>O primeiro entrevistado foi o grande Jo\u00e3o da Baiana, cantor, compositor, ritmista, autor de cl\u00e1ssicos e ainda pintor de paisagens e cenas de Carnaval. Em agosto de 1966, o artista, que \u00e9 considerado o introdutor do pandeiro no samba, abriu a importante s\u00e9rie do Museu, deixando sua hist\u00f3ria para gera\u00e7\u00f5es futuras. O sambista teve o nome escolhido por unanimidade pelo Conselho Superior de MPB do Museu.<\/p>\n\n\n\n<p>Posteriormente os gigantes Donga e Pixinguinha concederam seus depoimentos. Na \u00e9poca, a orienta\u00e7\u00e3o era que teriam prefer\u00eancia os entrevistados mais idosos. Chico Buarque, um dos maiores artistas da MPB, gravou seu registro em 1966, aos 22 anos de idade, rompendo esse preceito.<\/p>\n\n\n\n<p>Em 1990, ficou estabelecido que os depoimentos seguiriam a metodologia usada nos programas de hist\u00f3ria oral, utilizada at\u00e9 os dias atuais. Escolhido o depoente, sua biografia \u00e9 profundamente pesquisada pela equipe do MIS<strong>.<\/strong>&nbsp;Com esse material em m\u00e3os, \u00e9 escrito um texto, narrando a trajet\u00f3ria do homenageado. Tamb\u00e9m s\u00e3o realizadas conversas, onde fragmentos de mem\u00f3rias e relatos afetivos ajudam a montar um quadro fiel do depoente, para retratar, de seu nascimento, at\u00e9 a atualidade. Todo esse material \u00e9 submetido ao entrevistado para ser avaliado.<\/p>\n\n\n\n<p>O Museu da Imagem e do Som conta com um acervo com mais de mil depoimentos para a posteridade. De 1966 at\u00e9 1995 foram registrados apenas em \u00e1udio. A partir de 1995 passaram a ser documentados em v\u00eddeo. Esses registros de tantas personalidades que ajudaram a escrever e marcaram a hist\u00f3ria do Brasil s\u00e3o tesouros que atraem pesquisadores, m\u00fasicos, escritores e profissionais de diferentes \u00e1reas.<\/p>\n\n\n\n<p>\u00c9 importante ressaltar que, mesmo durante a Pandemia Covid-19, o trabalho continuou. Em maio de 2021, a s\u00e9rie Depoimentos para a Posteridade foi retomada e iniciou uma nova etapa de sua hist\u00f3ria, ao ser realizada&nbsp;<em>on-line,&nbsp;<\/em>respeitando os protocolos de sa\u00fade e preservando a seguran\u00e7a de todos, depoentes e equipe do MIS. A tecnologia digital abriu novas e vastas possibilidades, ao permitir que o depoente que estiver em qualquer regi\u00e3o do planeta possa ser ouvido e visto.<\/p>\n\n\n\n<p>O retorno da grava\u00e7\u00e3o presencial, que aconteceu em 3 de setembro de 2021, foi emocionante. No dia j\u00e1 emblem\u00e1tico do anivers\u00e1rio do MIS, o Depoimentos para a Posteridade recebeu, com muita honra, Ricardo Cravo Albin, um dos maiores pesquisadores da m\u00fasica popular brasileira e um dos fundadores do MIS, tendo dirigido o Museu de 1965 at\u00e9 1971.<\/p>\n\n\n\n<p>Desde a cria\u00e7\u00e3o da s\u00e9rie, em 1966, e pela primeira vez na hist\u00f3ria do MIS, em outubro de 2021, outro passo relevante: o Depoimentos para a Posteridade foi gravado em outro estado. Maria da Penha Maia Fernandes, indicada ao Nobel da Paz em 2017, trabalhadora incans\u00e1vel na luta contra a viol\u00eancia sofrida pelas mulheres, foi a depoente, no Instituto Maria da Penha, em Fortaleza.<\/p>\n\n\n\n<p>Em fevereiro de 2022, abrindo o ano, o primeiro registro do Depoimentos para a Posteridade foi realizado no MIS Pra\u00e7a XV, sede hist\u00f3rica que comemora seu centen\u00e1rio em setembro de 2022. No depoimento do consagrado Jos\u00e9 Carlos Ara\u00fajo, o \u201cGarotinho\u201d, foi agregada mais tecnologia na s\u00e9rie: duas c\u00e2meras, com o objetivo de melhorar a qualidade documental do material, j\u00e1 pensando em oferecer op\u00e7\u00f5es para as pesquisas que s\u00e3o realizadas no Museu.<\/p>\n\n\n\n<p>A partir de maio de 2022, o Depoimentos para a Posteridade passou a ser gravado com tr\u00eas c\u00e2meras. A dedicada equipe que realiza a s\u00e9rie est\u00e1 sempre buscando solu\u00e7\u00f5es que ampliem e melhorem imagens e conte\u00fado que ser\u00e3o oferecidos ao futuro pesquisador. A s\u00e9rie, pela sua dimens\u00e3o, \u00e9 fonte de conhecimento, inspira\u00e7\u00e3o e impulso criativo para gera\u00e7\u00e3o de novos saberes.<\/p>\n\n\n\n<p>Em junho de 2022, a grande virada da s\u00e9rie: a hist\u00f3rica conex\u00e3o direta com a Ant\u00e1rtica, o continente gelado, celebrando os 40 anos do Programa Ant\u00e1rtico Brasileiro (PROANTAR), que projetou o nome do Brasil no cen\u00e1rio internacional, com pesquisas relevantes para o pa\u00eds e o mundo. O Depoimentos para a Posteridade comemorou os desbravadores e suas conquistas com uma conversa diretamente da Esta\u00e7\u00e3o Ant\u00e1rtica Comandante Ferraz (EACF), tendo como depoentes o Capit\u00e3o de Fragata Alessandro Gurski, que participou remotamente, e o Contra-Almirante Jos\u00e9 Henrique Elkfury, na sede do Museu da Imagem e do Som.<\/p>\n\n\n\n<p>Um imenso desafio gratificante para todos, que demonstrou o empenho do Museu em registrar mais esse documento, que servir\u00e1 a tantos estudos. Assim como os brasileiros na Ant\u00e1rtica, a equipe soube enfrentar as muitas dificuldades log\u00edsticas para entregar mais uma grava\u00e7\u00e3o valiosa para o acervo do MIS.<\/p>\n\n\n\n<figure class=\"wp-block-image size-full\"><img loading=\"lazy\" decoding=\"async\" width=\"600\" height=\"450\" src=\"https:\/\/fmis.rj.gov.br\/v1\/wp-content\/uploads\/2024\/09\/044674db.jpg\" alt=\"\" class=\"wp-image-434\" srcset=\"https:\/\/fmis.rj.gov.br\/v1\/wp-content\/uploads\/2024\/09\/044674db.jpg 600w, https:\/\/fmis.rj.gov.br\/v1\/wp-content\/uploads\/2024\/09\/044674db-300x225.jpg 300w\" sizes=\"auto, (max-width: 600px) 100vw, 600px\" \/><\/figure>\n","protected":false},"excerpt":{"rendered":"<p>Depoimentos A s\u00e9rie \u201cDepoimentos para a Posteridade\u201d \u00e9 projeto pioneiro e vitorioso, criado por Ricardo Cravo Albin, um ano ap\u00f3s [&hellip;]<\/p>\n","protected":false},"author":3,"featured_media":0,"parent":0,"menu_order":0,"comment_status":"closed","ping_status":"closed","template":"","meta":{"site-sidebar-layout":"default","site-content-layout":"","ast-site-content-layout":"default","site-content-style":"default","site-sidebar-style":"default","ast-global-header-display":"","ast-banner-title-visibility":"","ast-main-header-display":"","ast-hfb-above-header-display":"","ast-hfb-below-header-display":"","ast-hfb-mobile-header-display":"","site-post-title":"disabled","ast-breadcrumbs-content":"","ast-featured-img":"","footer-sml-layout":"","ast-disable-related-posts":"","theme-transparent-header-meta":"","adv-header-id-meta":"","stick-header-meta":"","header-above-stick-meta":"","header-main-stick-meta":"","header-below-stick-meta":"","astra-migrate-meta-layouts":"default","ast-page-background-enabled":"default","ast-page-background-meta":{"desktop":{"background-color":"var(--ast-global-color-4)","background-image":"","background-repeat":"repeat","background-position":"center center","background-size":"auto","background-attachment":"scroll","background-type":"","background-media":"","overlay-type":"","overlay-color":"","overlay-opacity":"","overlay-gradient":""},"tablet":{"background-color":"","background-image":"","background-repeat":"repeat","background-position":"center center","background-size":"auto","background-attachment":"scroll","background-type":"","background-media":"","overlay-type":"","overlay-color":"","overlay-opacity":"","overlay-gradient":""},"mobile":{"background-color":"","background-image":"","background-repeat":"repeat","background-position":"center center","background-size":"auto","background-attachment":"scroll","background-type":"","background-media":"","overlay-type":"","overlay-color":"","overlay-opacity":"","overlay-gradient":""}},"ast-content-background-meta":{"desktop":{"background-color":"var(--ast-global-color-5)","background-image":"","background-repeat":"repeat","background-position":"center center","background-size":"auto","background-attachment":"scroll","background-type":"","background-media":"","overlay-type":"","overlay-color":"","overlay-opacity":"","overlay-gradient":""},"tablet":{"background-color":"var(--ast-global-color-5)","background-image":"","background-repeat":"repeat","background-position":"center center","background-size":"auto","background-attachment":"scroll","background-type":"","background-media":"","overlay-type":"","overlay-color":"","overlay-opacity":"","overlay-gradient":""},"mobile":{"background-color":"var(--ast-global-color-5)","background-image":"","background-repeat":"repeat","background-position":"center center","background-size":"auto","background-attachment":"scroll","background-type":"","background-media":"","overlay-type":"","overlay-color":"","overlay-opacity":"","overlay-gradient":""}},"footnotes":""},"folder":[],"class_list":["post-245","page","type-page","status-publish","hentry"],"_links":{"self":[{"href":"https:\/\/fmis.rj.gov.br\/v1\/wp-json\/wp\/v2\/pages\/245","targetHints":{"allow":["GET"]}}],"collection":[{"href":"https:\/\/fmis.rj.gov.br\/v1\/wp-json\/wp\/v2\/pages"}],"about":[{"href":"https:\/\/fmis.rj.gov.br\/v1\/wp-json\/wp\/v2\/types\/page"}],"author":[{"embeddable":true,"href":"https:\/\/fmis.rj.gov.br\/v1\/wp-json\/wp\/v2\/users\/3"}],"replies":[{"embeddable":true,"href":"https:\/\/fmis.rj.gov.br\/v1\/wp-json\/wp\/v2\/comments?post=245"}],"version-history":[{"count":13,"href":"https:\/\/fmis.rj.gov.br\/v1\/wp-json\/wp\/v2\/pages\/245\/revisions"}],"predecessor-version":[{"id":1606,"href":"https:\/\/fmis.rj.gov.br\/v1\/wp-json\/wp\/v2\/pages\/245\/revisions\/1606"}],"wp:attachment":[{"href":"https:\/\/fmis.rj.gov.br\/v1\/wp-json\/wp\/v2\/media?parent=245"}],"wp:term":[{"taxonomy":"folder","embeddable":true,"href":"https:\/\/fmis.rj.gov.br\/v1\/wp-json\/wp\/v2\/folder?post=245"}],"curies":[{"name":"wp","href":"https:\/\/api.w.org\/{rel}","templated":true}]}}