{"id":360,"date":"2024-09-20T10:49:54","date_gmt":"2024-09-20T13:49:54","guid":{"rendered":"https:\/\/fmis.rj.gov.br\/v1\/?page_id=360"},"modified":"2026-04-14T10:55:50","modified_gmt":"2026-04-14T13:55:50","slug":"sobre-o-acervo","status":"publish","type":"page","link":"https:\/\/fmis.rj.gov.br\/v1\/sobre-o-acervo\/","title":{"rendered":"Sobre o Acervo"},"content":{"rendered":"\n<div style=\"height:50px\" aria-hidden=\"true\" class=\"wp-block-spacer\"><\/div>\n\n\n\n<div class=\"wp-block-media-text has-media-on-the-right is-stacked-on-mobile is-vertically-aligned-center has-medium-font-size\" style=\"margin-right:0;margin-left:0;grid-template-columns:auto 80%\"><div class=\"wp-block-media-text__content\">\n<h1 class=\"wp-block-heading has-text-align-center\"><strong><mark style=\"background-color:rgba(0, 0, 0, 0)\" class=\"has-inline-color has-ast-global-color-1-color\">Sobre o Acervo<\/mark><\/strong><\/h1>\n<\/div><figure class=\"wp-block-media-text__media\"><img loading=\"lazy\" decoding=\"async\" width=\"1024\" height=\"341\" src=\"https:\/\/fmis.rj.gov.br\/v1\/wp-content\/uploads\/2025\/12\/Copia-de-Logo_mis_abas_unica_geral-1-1-1024x341.png\" alt=\"\" class=\"wp-image-1401 size-full\" srcset=\"https:\/\/fmis.rj.gov.br\/v1\/wp-content\/uploads\/2025\/12\/Copia-de-Logo_mis_abas_unica_geral-1-1-1024x341.png 1024w, https:\/\/fmis.rj.gov.br\/v1\/wp-content\/uploads\/2025\/12\/Copia-de-Logo_mis_abas_unica_geral-1-1-300x100.png 300w, https:\/\/fmis.rj.gov.br\/v1\/wp-content\/uploads\/2025\/12\/Copia-de-Logo_mis_abas_unica_geral-1-1-768x256.png 768w, https:\/\/fmis.rj.gov.br\/v1\/wp-content\/uploads\/2025\/12\/Copia-de-Logo_mis_abas_unica_geral-1-1.png 1200w\" sizes=\"auto, (max-width: 1024px) 100vw, 1024px\" \/><\/figure><\/div>\n\n\n\n<div style=\"height:20px\" aria-hidden=\"true\" class=\"wp-block-spacer\"><\/div>\n\n\n\n<div style=\"height:33px\" aria-hidden=\"true\" class=\"wp-block-spacer\"><\/div>\n\n\n\n<div class=\"wp-block-group alignwide has-accent-5-background-color has-background is-layout-constrained wp-container-core-group-is-layout-d89aad35 wp-block-group-is-layout-constrained\" style=\"margin-top:0;margin-bottom:0;padding-top:var(--wp--preset--spacing--50);padding-right:var(--wp--preset--spacing--50);padding-bottom:var(--wp--preset--spacing--50);padding-left:var(--wp--preset--spacing--50)\">\n<div class=\"wp-block-columns alignwide is-layout-flex wp-container-core-columns-is-layout-1da03c2a wp-block-columns-is-layout-flex\">\n<div class=\"wp-block-column is-vertically-aligned-center is-layout-flow wp-block-column-is-layout-flow\" style=\"flex-basis:60%\">\n<figure class=\"wp-block-image aligncenter size-full is-resized is-style-default wp-duotone-varpresetduotoneduotone-1-1\"><img loading=\"lazy\" decoding=\"async\" width=\"1024\" height=\"768\" src=\"https:\/\/fmis.rj.gov.br\/v1\/wp-content\/uploads\/2024\/09\/IMG_20200813_141554166_HDR-1024x768-1.jpg\" alt=\"\" class=\"wp-image-271\" style=\"object-fit:cover;width:658px;height:450px\" srcset=\"https:\/\/fmis.rj.gov.br\/v1\/wp-content\/uploads\/2024\/09\/IMG_20200813_141554166_HDR-1024x768-1.jpg 1024w, https:\/\/fmis.rj.gov.br\/v1\/wp-content\/uploads\/2024\/09\/IMG_20200813_141554166_HDR-1024x768-1-300x225.jpg 300w, https:\/\/fmis.rj.gov.br\/v1\/wp-content\/uploads\/2024\/09\/IMG_20200813_141554166_HDR-1024x768-1-768x576.jpg 768w\" sizes=\"auto, (max-width: 1024px) 100vw, 1024px\" \/><\/figure>\n<\/div>\n\n\n\n<div class=\"wp-block-column is-layout-flow wp-block-column-is-layout-flow\" style=\"flex-basis:40%\">\n<h3 class=\"wp-block-heading\"><\/h3>\n\n\n\n<p>O tratamento dado ao acervo do MIS \u00e9 o museol\u00f3gico. Est\u00e1 organizado em sete setores, separados por tipologias: sonoro, textual, audiovisual, iconogr\u00e1fico, partitura, tridimensional e bibliogr\u00e1fico.<\/p>\n\n\n\n<p>O Acervo \u00e9 formado com 39 cole\u00e7\u00f5es particulares de grandes personalidades da nossa cultura. Com mais de 500 mil itens, documentos nos mais variados suportes: fotografias em papel, negativos em vidro, negativos estereosc\u00f3picos, cartazes, gravuras, discos, filmes, fitas de v\u00eddeo e de \u00e1udio (formatos diversos), documentos textuais, partituras e objetos tridimensionais (instrumentos musicais, indument\u00e1ria, medalhas, trof\u00e9us, etc.). Este acervo constitui uma significativa parcela da mem\u00f3ria carioca. Foi doado ou adquirido de personalidades relacionadas aos diversos setores culturais, com \u00eanfase para a m\u00fasica popular brasileira.<\/p>\n\n\n\n<div class=\"wp-block-buttons is-content-justification-space-between is-layout-flex wp-container-core-buttons-is-layout-b2891da8 wp-block-buttons-is-layout-flex\">\n<div class=\"wp-block-button\"><a class=\"wp-block-button__link wp-element-button\" href=\"#\">Saiba mais<\/a><\/div>\n<\/div>\n<\/div>\n<\/div>\n<\/div>\n\n\n\n<div style=\"height:33px\" aria-hidden=\"true\" class=\"wp-block-spacer\"><\/div>\n\n\n\n<p><\/p>\n\n\n\n<h2 class=\"wp-block-heading\"><strong>Sede Lapa<\/strong><\/h2>\n\n\n\n<p>Na sede Lapa encontram-se o acervo Tridimensional, Sonoro, Textual, Partitura, Bibliogr\u00e1fico e Audiovisual.<\/p>\n\n\n\n<h3 class=\"wp-block-heading\"><strong>Acervo Tridimensional<\/strong><\/h3>\n\n\n\n<p>S\u00e3o os objetos em tr\u00eas dimens\u00f5es (comprimento, largura e altura). Deste acervo fazem parte, por exemplo, trof\u00e9us, medalhas, instrumentos musicais, utens\u00edlios pessoais. <\/p>\n\n\n\n<figure class=\"wp-block-image size-full is-resized\"><img loading=\"lazy\" decoding=\"async\" width=\"168\" height=\"112\" src=\"https:\/\/fmis.rj.gov.br\/v1\/wp-content\/uploads\/2024\/09\/mic.png\" alt=\"\" class=\"wp-image-361\" style=\"width:300px\"\/><figcaption class=\"wp-element-caption\">Microfone (Cole\u00e7\u00e3o MIS).<br>Utilizado em programas de est\u00fadio, provavelmente das d\u00e9cadas de 1940 a 1950.<\/figcaption><\/figure>\n\n\n\n<h3 class=\"wp-block-heading\"><strong>Acervo Sonoro<\/strong><\/h3>\n\n\n\n<p>Como o nome j\u00e1 indica, s\u00e3o os dispositivos que emitem som, anal\u00f3gicos ou digitais, como fita cassete e rolo, disco de acetato sobre alum\u00ednio, acetato sobre papel, cera e vinil, CDs, dentre outros aparelhos.<\/p>\n\n\n\n<figure class=\"wp-block-image size-full is-resized\"><img loading=\"lazy\" decoding=\"async\" width=\"98\" height=\"127\" src=\"https:\/\/fmis.rj.gov.br\/v1\/wp-content\/uploads\/2024\/09\/disco.png\" alt=\"\" class=\"wp-image-362\" style=\"width:300px\"\/><figcaption class=\"wp-element-caption\">Disco<\/figcaption><\/figure>\n\n\n\n<figure class=\"wp-block-image size-full is-resized\"><img loading=\"lazy\" decoding=\"async\" width=\"97\" height=\"126\" src=\"https:\/\/fmis.rj.gov.br\/v1\/wp-content\/uploads\/2024\/09\/fita.png\" alt=\"\" class=\"wp-image-363\" style=\"width:300px\"\/><figcaption class=\"wp-element-caption\">Fita<\/figcaption><\/figure>\n\n\n\n<h3 class=\"wp-block-heading\"><strong>Acervo Textual<\/strong><\/h3>\n\n\n\n<p>\u00c9 composto dos documentos manuscritos, datilografados ou impressos, como scripts e roteiros de programas, correspond\u00eancias, documentos cont\u00e1beis, documentos pessoais, convites, textos legais (contratos empresa, gravadoras etc.); produ\u00e7\u00e3o intelectual, tais como textos, entrevistas, recortes de jornais, e outros. <\/p>\n\n\n\n<figure class=\"wp-block-image size-full is-resized\"><img loading=\"lazy\" decoding=\"async\" width=\"160\" height=\"120\" src=\"https:\/\/fmis.rj.gov.br\/v1\/wp-content\/uploads\/2024\/09\/jacob.png\" alt=\"\" class=\"wp-image-364\" style=\"width:300px\"\/><figcaption class=\"wp-element-caption\">Cole\u00e7\u00e3o Jacob do Bandolim<\/figcaption><\/figure>\n\n\n\n<h3 class=\"wp-block-heading\"><strong>Partitura<\/strong><\/h3>\n\n\n\n<p>S\u00e3o as nota\u00e7\u00f5es musicais manuscritas ou impressas. O setor possui capa de partitura e partituras que somam 84.997 itens. Sendo 35.459 partituras manuscritas e 48.636 impressas.<\/p>\n\n\n\n<figure class=\"wp-block-image size-full is-resized\"><img loading=\"lazy\" decoding=\"async\" width=\"128\" height=\"165\" src=\"https:\/\/fmis.rj.gov.br\/v1\/wp-content\/uploads\/2024\/09\/partitura.png\" alt=\"\" class=\"wp-image-367\" style=\"width:300px\"\/><figcaption class=\"wp-element-caption\">Partitura de \u201cSerenata do Adeus\u201d, de Vin\u00edcius de Moraes com arranjo de Tom Jobim<\/figcaption><\/figure>\n\n\n\n<h3 class=\"wp-block-heading\"><strong>Acervo Bibliogr\u00e1fico<\/strong><\/h3>\n\n\n\n<p>Entre revistas, folhetos, livros, peri\u00f3dicos e refer\u00eancias e muitos outros itens.<\/p>\n\n\n\n<figure class=\"wp-block-image size-full is-resized\"><img loading=\"lazy\" decoding=\"async\" width=\"1024\" height=\"768\" src=\"https:\/\/fmis.rj.gov.br\/v1\/wp-content\/uploads\/2024\/09\/IMG_20200813_141554166_HDR-1024x768-1.jpg\" alt=\"\" class=\"wp-image-271\" style=\"width:300px\" srcset=\"https:\/\/fmis.rj.gov.br\/v1\/wp-content\/uploads\/2024\/09\/IMG_20200813_141554166_HDR-1024x768-1.jpg 1024w, https:\/\/fmis.rj.gov.br\/v1\/wp-content\/uploads\/2024\/09\/IMG_20200813_141554166_HDR-1024x768-1-300x225.jpg 300w, https:\/\/fmis.rj.gov.br\/v1\/wp-content\/uploads\/2024\/09\/IMG_20200813_141554166_HDR-1024x768-1-768x576.jpg 768w\" sizes=\"auto, (max-width: 1024px) 100vw, 1024px\" \/><\/figure>\n\n\n\n<h3 class=\"wp-block-heading\"><strong>Acervo Audiovisual<\/strong><\/h3>\n\n\n\n<p>S\u00e3o instrumentos que transmitem mensagem por meio de som e imagens (fixas ou com movimento), em sincronia. Os objetos se apresentam em diversos formatos, como arquivo digital (DVD\/HD), fita de v\u00eddeo (BETACAM\/ DVCAM\/MINI-DV\/ U-MATIC\/ VHS\/ S-VHS), pel\u00edculas cinematogr\u00e1ficas em 16 e 35 mm, al\u00e9m de outros formatos. <\/p>\n\n\n\n<figure class=\"wp-block-image size-full is-resized\"><img loading=\"lazy\" decoding=\"async\" width=\"1024\" height=\"768\" src=\"https:\/\/fmis.rj.gov.br\/v1\/wp-content\/uploads\/2024\/09\/Audiovisual-2-1024x768-1.jpg\" alt=\"\" class=\"wp-image-368\" style=\"width:300px\" srcset=\"https:\/\/fmis.rj.gov.br\/v1\/wp-content\/uploads\/2024\/09\/Audiovisual-2-1024x768-1.jpg 1024w, https:\/\/fmis.rj.gov.br\/v1\/wp-content\/uploads\/2024\/09\/Audiovisual-2-1024x768-1-300x225.jpg 300w, https:\/\/fmis.rj.gov.br\/v1\/wp-content\/uploads\/2024\/09\/Audiovisual-2-1024x768-1-768x576.jpg 768w\" sizes=\"auto, (max-width: 1024px) 100vw, 1024px\" \/><\/figure>\n\n\n\n<h2 class=\"wp-block-heading\"><strong>Sede Pra\u00e7a XV<\/strong><\/h2>\n\n\n\n<p>Na sede Pra\u00e7a XV, encontra-se o acervo Iconogr\u00e1fico.<\/p>\n\n\n\n<h3 class=\"wp-block-heading\"><strong>Acervo Iconogr\u00e1fico<\/strong><\/h3>\n\n\n\n<p>S\u00e3o documentos bidimensionais, como fotografias em papel e estereosc\u00f3picas em vidro, negativos em vidro, diapositivos, cartazes, desenhos, serigrafias e gravuras, dentre outros.<\/p>\n\n\n\n<figure class=\"wp-block-image size-full is-resized\"><img loading=\"lazy\" decoding=\"async\" width=\"190\" height=\"87\" src=\"https:\/\/fmis.rj.gov.br\/v1\/wp-content\/uploads\/2024\/09\/col-guilherme-santos.png\" alt=\"\" class=\"wp-image-369\" style=\"width:300px\"\/><\/figure>\n\n\n\n<div style=\"height:50px\" aria-hidden=\"true\" class=\"wp-block-spacer\"><\/div>\n\n\n\n<p><\/p>\n","protected":false},"excerpt":{"rendered":"<p>Sobre o Acervo O tratamento dado ao acervo do MIS \u00e9 o museol\u00f3gico. Est\u00e1 organizado em sete setores, separados por [&hellip;]<\/p>\n","protected":false},"author":2,"featured_media":0,"parent":0,"menu_order":0,"comment_status":"closed","ping_status":"closed","template":"","meta":{"site-sidebar-layout":"default","site-content-layout":"","ast-site-content-layout":"default","site-content-style":"default","site-sidebar-style":"default","ast-global-header-display":"","ast-banner-title-visibility":"","ast-main-header-display":"","ast-hfb-above-header-display":"","ast-hfb-below-header-display":"","ast-hfb-mobile-header-display":"","site-post-title":"disabled","ast-breadcrumbs-content":"","ast-featured-img":"","footer-sml-layout":"","ast-disable-related-posts":"","theme-transparent-header-meta":"","adv-header-id-meta":"","stick-header-meta":"","header-above-stick-meta":"","header-main-stick-meta":"","header-below-stick-meta":"","astra-migrate-meta-layouts":"default","ast-page-background-enabled":"default","ast-page-background-meta":{"desktop":{"background-color":"var(--ast-global-color-4)","background-image":"","background-repeat":"repeat","background-position":"center center","background-size":"auto","background-attachment":"scroll","background-type":"","background-media":"","overlay-type":"","overlay-color":"","overlay-opacity":"","overlay-gradient":""},"tablet":{"background-color":"","background-image":"","background-repeat":"repeat","background-position":"center center","background-size":"auto","background-attachment":"scroll","background-type":"","background-media":"","overlay-type":"","overlay-color":"","overlay-opacity":"","overlay-gradient":""},"mobile":{"background-color":"","background-image":"","background-repeat":"repeat","background-position":"center center","background-size":"auto","background-attachment":"scroll","background-type":"","background-media":"","overlay-type":"","overlay-color":"","overlay-opacity":"","overlay-gradient":""}},"ast-content-background-meta":{"desktop":{"background-color":"var(--ast-global-color-5)","background-image":"","background-repeat":"repeat","background-position":"center center","background-size":"auto","background-attachment":"scroll","background-type":"","background-media":"","overlay-type":"","overlay-color":"","overlay-opacity":"","overlay-gradient":""},"tablet":{"background-color":"var(--ast-global-color-5)","background-image":"","background-repeat":"repeat","background-position":"center center","background-size":"auto","background-attachment":"scroll","background-type":"","background-media":"","overlay-type":"","overlay-color":"","overlay-opacity":"","overlay-gradient":""},"mobile":{"background-color":"var(--ast-global-color-5)","background-image":"","background-repeat":"repeat","background-position":"center center","background-size":"auto","background-attachment":"scroll","background-type":"","background-media":"","overlay-type":"","overlay-color":"","overlay-opacity":"","overlay-gradient":""}},"footnotes":""},"folder":[],"class_list":["post-360","page","type-page","status-publish","hentry"],"_links":{"self":[{"href":"https:\/\/fmis.rj.gov.br\/v1\/wp-json\/wp\/v2\/pages\/360","targetHints":{"allow":["GET"]}}],"collection":[{"href":"https:\/\/fmis.rj.gov.br\/v1\/wp-json\/wp\/v2\/pages"}],"about":[{"href":"https:\/\/fmis.rj.gov.br\/v1\/wp-json\/wp\/v2\/types\/page"}],"author":[{"embeddable":true,"href":"https:\/\/fmis.rj.gov.br\/v1\/wp-json\/wp\/v2\/users\/2"}],"replies":[{"embeddable":true,"href":"https:\/\/fmis.rj.gov.br\/v1\/wp-json\/wp\/v2\/comments?post=360"}],"version-history":[{"count":15,"href":"https:\/\/fmis.rj.gov.br\/v1\/wp-json\/wp\/v2\/pages\/360\/revisions"}],"predecessor-version":[{"id":1608,"href":"https:\/\/fmis.rj.gov.br\/v1\/wp-json\/wp\/v2\/pages\/360\/revisions\/1608"}],"wp:attachment":[{"href":"https:\/\/fmis.rj.gov.br\/v1\/wp-json\/wp\/v2\/media?parent=360"}],"wp:term":[{"taxonomy":"folder","embeddable":true,"href":"https:\/\/fmis.rj.gov.br\/v1\/wp-json\/wp\/v2\/folder?post=360"}],"curies":[{"name":"wp","href":"https:\/\/api.w.org\/{rel}","templated":true}]}}