{"id":421,"date":"2024-09-20T23:36:28","date_gmt":"2024-09-21T02:36:28","guid":{"rendered":"https:\/\/fmis.rj.gov.br\/v1\/?page_id=421"},"modified":"2026-03-25T19:05:33","modified_gmt":"2026-03-25T22:05:33","slug":"apresentacao","status":"publish","type":"page","link":"https:\/\/fmis.rj.gov.br\/v1\/apresentacao\/","title":{"rendered":"Apresenta\u00e7\u00e3o"},"content":{"rendered":"\n<div style=\"height:50px\" aria-hidden=\"true\" class=\"wp-block-spacer\"><\/div>\n\n\n\n<div class=\"wp-block-media-text has-media-on-the-right is-stacked-on-mobile is-vertically-aligned-center has-medium-font-size\" style=\"margin-right:0;margin-left:0;grid-template-columns:auto 79%\"><div class=\"wp-block-media-text__content\">\n<h1 class=\"wp-block-heading has-text-align-center\"><strong><mark style=\"background-color:rgba(0, 0, 0, 0)\" class=\"has-inline-color has-ast-global-color-1-color\">Apresenta\u00e7\u00e3o<\/mark><\/strong><\/h1>\n<\/div><figure class=\"wp-block-media-text__media\"><img loading=\"lazy\" decoding=\"async\" width=\"1024\" height=\"341\" src=\"https:\/\/fmis.rj.gov.br\/v1\/wp-content\/uploads\/2025\/12\/Copia-de-Logo_mis_abas_unica_geral-1-1-1024x341.png\" alt=\"\" class=\"wp-image-1401 size-full\" srcset=\"https:\/\/fmis.rj.gov.br\/v1\/wp-content\/uploads\/2025\/12\/Copia-de-Logo_mis_abas_unica_geral-1-1-1024x341.png 1024w, https:\/\/fmis.rj.gov.br\/v1\/wp-content\/uploads\/2025\/12\/Copia-de-Logo_mis_abas_unica_geral-1-1-300x100.png 300w, https:\/\/fmis.rj.gov.br\/v1\/wp-content\/uploads\/2025\/12\/Copia-de-Logo_mis_abas_unica_geral-1-1-768x256.png 768w, https:\/\/fmis.rj.gov.br\/v1\/wp-content\/uploads\/2025\/12\/Copia-de-Logo_mis_abas_unica_geral-1-1.png 1200w\" sizes=\"auto, (max-width: 1024px) 100vw, 1024px\" \/><\/figure><\/div>\n\n\n\n<div style=\"height:50px\" aria-hidden=\"true\" class=\"wp-block-spacer\"><\/div>\n\n\n\n<div class=\"wp-block-group alignwide has-accent-5-background-color has-background is-layout-constrained wp-container-core-group-is-layout-d89aad35 wp-block-group-is-layout-constrained\" style=\"margin-top:0;margin-bottom:0;padding-top:var(--wp--preset--spacing--50);padding-right:var(--wp--preset--spacing--50);padding-bottom:var(--wp--preset--spacing--50);padding-left:var(--wp--preset--spacing--50)\">\n<div class=\"wp-block-columns alignwide is-layout-flex wp-container-core-columns-is-layout-1da03c2a wp-block-columns-is-layout-flex\">\n<div class=\"wp-block-column is-vertically-aligned-center is-layout-flow wp-block-column-is-layout-flow\" style=\"flex-basis:60%\">\n<figure class=\"wp-block-image aligncenter size-full is-resized is-style-default wp-duotone-varpresetduotoneduotone-1-1\"><img loading=\"lazy\" decoding=\"async\" width=\"584\" height=\"1024\" src=\"https:\/\/fmis.rj.gov.br\/v1\/wp-content\/uploads\/2024\/09\/lapa2.jpg\" alt=\"\" class=\"wp-image-272\" style=\"object-fit:cover;width:658px;height:450px\" srcset=\"https:\/\/fmis.rj.gov.br\/v1\/wp-content\/uploads\/2024\/09\/lapa2.jpg 584w, https:\/\/fmis.rj.gov.br\/v1\/wp-content\/uploads\/2024\/09\/lapa2-171x300.jpg 171w\" sizes=\"auto, (max-width: 584px) 100vw, 584px\" \/><\/figure>\n<\/div>\n\n\n\n<div class=\"wp-block-column is-layout-flow wp-block-column-is-layout-flow\" style=\"flex-basis:40%\">\n<h3 class=\"wp-block-heading\"><\/h3>\n\n\n\n<p>Tudo no Museu da Imagem e do Som \u00e9 monumental. Junte um acervo fant\u00e1stico ao entusiasmo e paix\u00e3o dos profissionais que trabalham para que o MIS se torne cada vez mais acess\u00edvel e democr\u00e1tico aos pesquisadores e ao p\u00fablico em geral. Essa \u00e9 a nossa meta\u2026que voc\u00ea descubra rel\u00edquias de grande valor hist\u00f3rico e sociocultural. E que isso, usando um termo atual, \u201cviralize\u201d em novas a\u00e7\u00f5es, ideias, livros, m\u00fasicas e iniciativas originais que fa\u00e7am a roda da cultura girar e avan\u00e7ar, impactando e transformando para melhor a nossa realidade.<\/p>\n\n\n\n<div class=\"wp-block-buttons is-content-justification-space-between is-layout-flex wp-container-core-buttons-is-layout-b2891da8 wp-block-buttons-is-layout-flex\">\n<div class=\"wp-block-button\"><a class=\"wp-block-button__link wp-element-button\" href=\"#\">Saiba mais<\/a><\/div>\n<\/div>\n<\/div>\n<\/div>\n<\/div>\n\n\n\n<div style=\"height:50px\" aria-hidden=\"true\" class=\"wp-block-spacer\"><\/div>\n\n\n\n<p><\/p>\n\n\n\n<p>O MIS \u00e9 um museu vivo, din\u00e2mico, que abriga o legado de talentos gigantescos da nossa cultura, personagens que merecem o conhecimento das novas gera\u00e7\u00f5es e a rever\u00eancia dos que j\u00e1 tem intimidade e carinho por g\u00eanios que nos fizeram e fazem ser o que somos. Gente que construiu a nossa brasilidade, a nossa identidade musical, que marcou \u00e9poca nas mais diversas \u00e1reas de atua\u00e7\u00e3o, da literatura \u00e0 fotografia. Fizeram arte, soltaram a voz, quebraram paradigmas, abriram caminhos, desafiaram comportamentos e surpreenderam seu tempo. Basta lembrar algumas dessas personalidades para termos a dimens\u00e3o da nossa responsabilidade como guardi\u00e3es deste tesouro: temos as cole\u00e7\u00f5es de Augusto Malta, Henrique Foreis, o Almirante, Elizeth Cardoso, Jacob do Bandolim, Nara Le\u00e3o, Braguinha e muito mais\u2026e na cole\u00e7\u00e3o Depoimentos para a Posteridade, depoimentos fabulosos, \u00fanicos e emocionantes, dispon\u00edveis para consulta no museu.<\/p>\n\n\n\n<p>Essas celebridades inspiram hoje, temos certeza, todos os que frequentam o MIS, seja para visitar as exposi\u00e7\u00f5es ou investigar o acervo, produzindo trabalhos, gerando mais conhecimento e cultura. Novos olhares que v\u00e3o propor novas reflex\u00f5es, v\u00e3o enriquecer mais ainda a nossa hist\u00f3ria.<\/p>\n\n\n\n<p>O Museu da Imagem e do Som \u00e9 o passado presente, \u00e9 a nossa mem\u00f3ria tecida com acordes de can\u00e7\u00f5es inesquec\u00edveis, os nossos costumes e transforma\u00e7\u00f5es eternizados em fotos, objetos e filmes hist\u00f3ricos. O MIS \u00e9 uma aventura no tempo\u2026sempre em \u00f3tima companhia.<\/p>\n\n\n\n<p><strong>Mas vamos voltar ao passado\u2026<\/strong><\/p>\n\n\n\n<p>Carlos Lacerda era o primeiro governador do estado da Guanabara (atual localiza\u00e7\u00e3o da cidade do Rio de Janeiro), ent\u00e3o capital do Brasil. Com a inaugura\u00e7\u00e3o de Bras\u00edlia, a capital seria transferida, perderia sua posi\u00e7\u00e3o central nas decis\u00f5es pol\u00edticas do pa\u00eds. Como bom estrategista pol\u00edtico, carism\u00e1tico e orador brilhante, Lacerda quis demonstrar a pot\u00eancia e a relev\u00e2ncia do Rio de Janeiro. O Museu da Imagem e do Som, foi ent\u00e3o inaugurado em 3 de setembro de 1965, como parte dos festejos de comemora\u00e7\u00e3o do IV Centen\u00e1rio da cidade do Rio de Janeiro. Tinha como objetivo lan\u00e7ar a Guanabara como for\u00e7a irradiadora de cultura para todo o pa\u00eds. O vanguardismo do MIS como pioneiro de museu audiovisual e centro cultural foi replicado em outras capitais e cidades.<\/p>\n\n\n\n<h2 class=\"wp-block-heading\"><strong>Miss\u00e3o<\/strong><\/h2>\n\n\n\n<p>O Museu da Imagem e do Som \u2013 MIS RJ desempenha a miss\u00e3o de preservar e registrar a mem\u00f3ria audiovisual da cultura brasileira, com destaque para o Rio de Janeiro. \u00c9 tamb\u00e9m um ativo centro cultural, promovendo express\u00f5es art\u00edsticas contempor\u00e2neas.<\/p>\n\n\n\n<h2 class=\"wp-block-heading\"><strong>Vis\u00e3o<\/strong><\/h2>\n\n\n\n<p>O Museu da Imagem e do Som \u2013 MIS RJ tem por prop\u00f3sito se transformar no mais relevante centro museol\u00f3gico de registro audiovisual da cultura brasileira, em especial do Rio de Janeiro, confirmando-se como centro de excel\u00eancia, para estudo, pesquisa e difus\u00e3o.<\/p>\n\n\n\n<h2 class=\"wp-block-heading\"><strong>Corpo T\u00e9cnico<\/strong><\/h2>\n\n\n\n<p class=\"has-medium-font-size\">Presidente<br>C\u00e9sar Miranda Ribeiro<br>Ler Bio \u2013 <a href=\"https:\/\/fmis.rj.gov.br\/v1\/index.php\/presidente\/\">fmis.rj.gov.br\/presidente<\/a><\/p>\n\n\n\n<figure class=\"wp-block-image alignwide size-full\"><img loading=\"lazy\" decoding=\"async\" width=\"1458\" height=\"698\" src=\"https:\/\/fmis.rj.gov.br\/v1\/wp-content\/uploads\/2026\/01\/e1-2.jpg\" alt=\"\" class=\"wp-image-1489\" srcset=\"https:\/\/fmis.rj.gov.br\/v1\/wp-content\/uploads\/2026\/01\/e1-2.jpg 1458w, https:\/\/fmis.rj.gov.br\/v1\/wp-content\/uploads\/2026\/01\/e1-2-300x144.jpg 300w, https:\/\/fmis.rj.gov.br\/v1\/wp-content\/uploads\/2026\/01\/e1-2-1024x490.jpg 1024w, https:\/\/fmis.rj.gov.br\/v1\/wp-content\/uploads\/2026\/01\/e1-2-768x368.jpg 768w\" sizes=\"auto, (max-width: 1458px) 100vw, 1458px\" \/><\/figure>\n\n\n\n<figure class=\"wp-block-image alignwide size-full\"><img loading=\"lazy\" decoding=\"async\" width=\"1458\" height=\"703\" src=\"https:\/\/fmis.rj.gov.br\/v1\/wp-content\/uploads\/2026\/01\/e2-1.jpg\" alt=\"\" class=\"wp-image-1491\" srcset=\"https:\/\/fmis.rj.gov.br\/v1\/wp-content\/uploads\/2026\/01\/e2-1.jpg 1458w, https:\/\/fmis.rj.gov.br\/v1\/wp-content\/uploads\/2026\/01\/e2-1-300x145.jpg 300w, https:\/\/fmis.rj.gov.br\/v1\/wp-content\/uploads\/2026\/01\/e2-1-1024x494.jpg 1024w, https:\/\/fmis.rj.gov.br\/v1\/wp-content\/uploads\/2026\/01\/e2-1-768x370.jpg 768w\" sizes=\"auto, (max-width: 1458px) 100vw, 1458px\" \/><\/figure>\n\n\n\n<figure class=\"wp-block-image alignwide size-full\"><img loading=\"lazy\" decoding=\"async\" width=\"1458\" height=\"707\" src=\"https:\/\/fmis.rj.gov.br\/v1\/wp-content\/uploads\/2026\/01\/e3-1.jpg\" alt=\"\" class=\"wp-image-1493\" srcset=\"https:\/\/fmis.rj.gov.br\/v1\/wp-content\/uploads\/2026\/01\/e3-1.jpg 1458w, https:\/\/fmis.rj.gov.br\/v1\/wp-content\/uploads\/2026\/01\/e3-1-300x145.jpg 300w, https:\/\/fmis.rj.gov.br\/v1\/wp-content\/uploads\/2026\/01\/e3-1-1024x497.jpg 1024w, https:\/\/fmis.rj.gov.br\/v1\/wp-content\/uploads\/2026\/01\/e3-1-768x372.jpg 768w\" sizes=\"auto, (max-width: 1458px) 100vw, 1458px\" \/><\/figure>\n\n\n\n<figure class=\"wp-block-image alignwide size-full\"><img loading=\"lazy\" decoding=\"async\" width=\"1458\" height=\"723\" src=\"https:\/\/fmis.rj.gov.br\/v1\/wp-content\/uploads\/2026\/01\/e4-1.jpg\" alt=\"\" class=\"wp-image-1494\" srcset=\"https:\/\/fmis.rj.gov.br\/v1\/wp-content\/uploads\/2026\/01\/e4-1.jpg 1458w, https:\/\/fmis.rj.gov.br\/v1\/wp-content\/uploads\/2026\/01\/e4-1-300x149.jpg 300w, https:\/\/fmis.rj.gov.br\/v1\/wp-content\/uploads\/2026\/01\/e4-1-1024x508.jpg 1024w, https:\/\/fmis.rj.gov.br\/v1\/wp-content\/uploads\/2026\/01\/e4-1-768x381.jpg 768w\" sizes=\"auto, (max-width: 1458px) 100vw, 1458px\" \/><\/figure>\n\n\n\n<figure class=\"wp-block-image alignwide size-full\"><img loading=\"lazy\" decoding=\"async\" width=\"1458\" height=\"735\" src=\"https:\/\/fmis.rj.gov.br\/v1\/wp-content\/uploads\/2026\/01\/e5-1.jpg\" alt=\"\" class=\"wp-image-1495\" srcset=\"https:\/\/fmis.rj.gov.br\/v1\/wp-content\/uploads\/2026\/01\/e5-1.jpg 1458w, https:\/\/fmis.rj.gov.br\/v1\/wp-content\/uploads\/2026\/01\/e5-1-300x151.jpg 300w, https:\/\/fmis.rj.gov.br\/v1\/wp-content\/uploads\/2026\/01\/e5-1-1024x516.jpg 1024w, https:\/\/fmis.rj.gov.br\/v1\/wp-content\/uploads\/2026\/01\/e5-1-768x387.jpg 768w\" sizes=\"auto, (max-width: 1458px) 100vw, 1458px\" \/><\/figure>\n\n\n\n<div style=\"height:30px\" aria-hidden=\"true\" class=\"wp-block-spacer\"><\/div>\n\n\n\n<p><\/p>\n","protected":false},"excerpt":{"rendered":"<p>Apresenta\u00e7\u00e3o Tudo no Museu da Imagem e do Som \u00e9 monumental. Junte um acervo fant\u00e1stico ao entusiasmo e paix\u00e3o dos [&hellip;]<\/p>\n","protected":false},"author":2,"featured_media":0,"parent":0,"menu_order":0,"comment_status":"closed","ping_status":"closed","template":"","meta":{"site-sidebar-layout":"default","site-content-layout":"","ast-site-content-layout":"default","site-content-style":"default","site-sidebar-style":"default","ast-global-header-display":"","ast-banner-title-visibility":"","ast-main-header-display":"","ast-hfb-above-header-display":"","ast-hfb-below-header-display":"","ast-hfb-mobile-header-display":"","site-post-title":"disabled","ast-breadcrumbs-content":"","ast-featured-img":"","footer-sml-layout":"","ast-disable-related-posts":"","theme-transparent-header-meta":"","adv-header-id-meta":"","stick-header-meta":"","header-above-stick-meta":"","header-main-stick-meta":"","header-below-stick-meta":"","astra-migrate-meta-layouts":"default","ast-page-background-enabled":"default","ast-page-background-meta":{"desktop":{"background-color":"var(--ast-global-color-4)","background-image":"","background-repeat":"repeat","background-position":"center center","background-size":"auto","background-attachment":"scroll","background-type":"","background-media":"","overlay-type":"","overlay-color":"","overlay-opacity":"","overlay-gradient":""},"tablet":{"background-color":"","background-image":"","background-repeat":"repeat","background-position":"center center","background-size":"auto","background-attachment":"scroll","background-type":"","background-media":"","overlay-type":"","overlay-color":"","overlay-opacity":"","overlay-gradient":""},"mobile":{"background-color":"","background-image":"","background-repeat":"repeat","background-position":"center center","background-size":"auto","background-attachment":"scroll","background-type":"","background-media":"","overlay-type":"","overlay-color":"","overlay-opacity":"","overlay-gradient":""}},"ast-content-background-meta":{"desktop":{"background-color":"var(--ast-global-color-5)","background-image":"","background-repeat":"repeat","background-position":"center center","background-size":"auto","background-attachment":"scroll","background-type":"","background-media":"","overlay-type":"","overlay-color":"","overlay-opacity":"","overlay-gradient":""},"tablet":{"background-color":"var(--ast-global-color-5)","background-image":"","background-repeat":"repeat","background-position":"center center","background-size":"auto","background-attachment":"scroll","background-type":"","background-media":"","overlay-type":"","overlay-color":"","overlay-opacity":"","overlay-gradient":""},"mobile":{"background-color":"var(--ast-global-color-5)","background-image":"","background-repeat":"repeat","background-position":"center center","background-size":"auto","background-attachment":"scroll","background-type":"","background-media":"","overlay-type":"","overlay-color":"","overlay-opacity":"","overlay-gradient":""}},"footnotes":""},"folder":[],"class_list":["post-421","page","type-page","status-publish","hentry"],"_links":{"self":[{"href":"https:\/\/fmis.rj.gov.br\/v1\/wp-json\/wp\/v2\/pages\/421","targetHints":{"allow":["GET"]}}],"collection":[{"href":"https:\/\/fmis.rj.gov.br\/v1\/wp-json\/wp\/v2\/pages"}],"about":[{"href":"https:\/\/fmis.rj.gov.br\/v1\/wp-json\/wp\/v2\/types\/page"}],"author":[{"embeddable":true,"href":"https:\/\/fmis.rj.gov.br\/v1\/wp-json\/wp\/v2\/users\/2"}],"replies":[{"embeddable":true,"href":"https:\/\/fmis.rj.gov.br\/v1\/wp-json\/wp\/v2\/comments?post=421"}],"version-history":[{"count":23,"href":"https:\/\/fmis.rj.gov.br\/v1\/wp-json\/wp\/v2\/pages\/421\/revisions"}],"predecessor-version":[{"id":1573,"href":"https:\/\/fmis.rj.gov.br\/v1\/wp-json\/wp\/v2\/pages\/421\/revisions\/1573"}],"wp:attachment":[{"href":"https:\/\/fmis.rj.gov.br\/v1\/wp-json\/wp\/v2\/media?parent=421"}],"wp:term":[{"taxonomy":"folder","embeddable":true,"href":"https:\/\/fmis.rj.gov.br\/v1\/wp-json\/wp\/v2\/folder?post=421"}],"curies":[{"name":"wp","href":"https:\/\/api.w.org\/{rel}","templated":true}]}}