{"id":589,"date":"2024-10-07T12:04:19","date_gmt":"2024-10-07T15:04:19","guid":{"rendered":"https:\/\/fmis.rj.gov.br\/v1\/?page_id=589"},"modified":"2026-04-14T10:53:18","modified_gmt":"2026-04-14T13:53:18","slug":"mis-em-cartaz","status":"publish","type":"page","link":"https:\/\/fmis.rj.gov.br\/v1\/mis-em-cartaz\/","title":{"rendered":"FMIS em Cartaz"},"content":{"rendered":"\n<div style=\"height:30px\" aria-hidden=\"true\" class=\"wp-block-spacer\"><\/div>\n\n\n\n<div class=\"wp-block-media-text has-media-on-the-right is-stacked-on-mobile is-vertically-aligned-center has-medium-font-size\" style=\"margin-right:0;margin-left:0;grid-template-columns:auto 80%\"><div class=\"wp-block-media-text__content\">\n<h1 class=\"wp-block-heading has-text-align-center\"><strong><mark style=\"background-color:rgba(0, 0, 0, 0)\" class=\"has-inline-color has-ast-global-color-1-color\">FMIS em Cartaz<\/mark><\/strong><\/h1>\n<\/div><figure class=\"wp-block-media-text__media\"><img loading=\"lazy\" decoding=\"async\" width=\"1024\" height=\"341\" src=\"https:\/\/fmis.rj.gov.br\/v1\/wp-content\/uploads\/2025\/12\/Copia-de-Logo_mis_abas_unica_geral-1-1-1024x341.png\" alt=\"\" class=\"wp-image-1401 size-full\" srcset=\"https:\/\/fmis.rj.gov.br\/v1\/wp-content\/uploads\/2025\/12\/Copia-de-Logo_mis_abas_unica_geral-1-1-1024x341.png 1024w, https:\/\/fmis.rj.gov.br\/v1\/wp-content\/uploads\/2025\/12\/Copia-de-Logo_mis_abas_unica_geral-1-1-300x100.png 300w, https:\/\/fmis.rj.gov.br\/v1\/wp-content\/uploads\/2025\/12\/Copia-de-Logo_mis_abas_unica_geral-1-1-768x256.png 768w, https:\/\/fmis.rj.gov.br\/v1\/wp-content\/uploads\/2025\/12\/Copia-de-Logo_mis_abas_unica_geral-1-1.png 1200w\" sizes=\"auto, (max-width: 1024px) 100vw, 1024px\" \/><\/figure><\/div>\n\n\n\n<div style=\"height:20px\" aria-hidden=\"true\" class=\"wp-block-spacer\"><\/div>\n\n\n\n<p><\/p>\n\n\n\n<figure class=\"wp-block-image size-full is-resized\"><img loading=\"lazy\" decoding=\"async\" width=\"768\" height=\"279\" src=\"https:\/\/fmis.rj.gov.br\/v1\/wp-content\/uploads\/2024\/10\/IMG-20230316-WA0018-768x279-1.jpg\" alt=\"\" class=\"wp-image-592\" style=\"width:800px\" srcset=\"https:\/\/fmis.rj.gov.br\/v1\/wp-content\/uploads\/2024\/10\/IMG-20230316-WA0018-768x279-1.jpg 768w, https:\/\/fmis.rj.gov.br\/v1\/wp-content\/uploads\/2024\/10\/IMG-20230316-WA0018-768x279-1-300x109.jpg 300w\" sizes=\"auto, (max-width: 768px) 100vw, 768px\" \/><\/figure>\n\n\n\n<p><\/p>\n\n\n\n<h2 class=\"wp-block-heading\"><strong>D\u00c9CADA DE 1960<\/strong><\/h2>\n\n\n\n<h2 class=\"wp-block-heading\">Inaugura\u00e7\u00e3o do MIS<\/h2>\n\n\n\n<figure class=\"wp-block-image size-full is-resized\"><img loading=\"lazy\" decoding=\"async\" width=\"955\" height=\"694\" src=\"https:\/\/fmis.rj.gov.br\/v1\/wp-content\/uploads\/2024\/10\/1_Inauguracao-do-MIS-em-1965-1.jpg\" alt=\"\" class=\"wp-image-604\" style=\"width:803px\" srcset=\"https:\/\/fmis.rj.gov.br\/v1\/wp-content\/uploads\/2024\/10\/1_Inauguracao-do-MIS-em-1965-1.jpg 955w, https:\/\/fmis.rj.gov.br\/v1\/wp-content\/uploads\/2024\/10\/1_Inauguracao-do-MIS-em-1965-1-300x218.jpg 300w, https:\/\/fmis.rj.gov.br\/v1\/wp-content\/uploads\/2024\/10\/1_Inauguracao-do-MIS-em-1965-1-768x558.jpg 768w\" sizes=\"auto, (max-width: 955px) 100vw, 955px\" \/><figcaption class=\"wp-element-caption\"><em><mark style=\"background-color:rgba(0, 0, 0, 0)\" class=\"has-inline-color has-ast-global-color-0-color\">Inaugura\u00e7\u00e3o do MIS. Carlos Lacerda assina o livro de presen\u00e7as no dia da inaugura\u00e7\u00e3o do Museu da Imagem e do Som do Rio de Janeiro<\/mark><\/em> <em><mark style=\"background-color:rgba(0, 0, 0, 0)\" class=\"has-inline-color has-ast-global-color-0-color\">em  03 de setembro de 1965.<\/mark><\/em><br><em><mark style=\"background-color:rgba(0, 0, 0, 0)\" class=\"has-inline-color has-ast-global-color-0-color\">\u00c0 esquerda, o radialista e cr\u00edtico musical Maur\u00edcio Quadrio. Acervo MIS RJ. Setor Institucional.<\/mark><\/em><\/figcaption><\/figure>\n\n\n\n<p>Inaugura\u00e7\u00e3o do Museu da Imagem e do Som do Rio de Janeiro em 03 de setembro de 1965. Primeiro museu de imagem e som do Brasil, o MIS foi criado como parte das celebra\u00e7\u00f5es do IV centen\u00e1rio da cidade do Rio de Janeiro. Idealizado por Carlos Lacerda, governador do antigo estado da Guanabara, e criado gra\u00e7as aos esfor\u00e7os de Maur\u00edcio Quadrio (\u00e0 esquerda) e Ricardo Cravo Albin, que viriam a ser os dois primeiros diretores da institui\u00e7\u00e3o respectivamente. O MIS RJ foi o primeiro centro de mem\u00f3ria audiovisual do pa\u00eds.<\/p>\n\n\n\n<h2 class=\"wp-block-heading\">Cole\u00e7\u00e3o Augusto Malta<\/h2>\n\n\n\n<figure class=\"wp-block-image size-full is-resized\"><img loading=\"lazy\" decoding=\"async\" width=\"892\" height=\"661\" src=\"https:\/\/fmis.rj.gov.br\/v1\/wp-content\/uploads\/2024\/10\/2_Col-AM-1.jpg\" alt=\"\" class=\"wp-image-605\" style=\"width:800px\" srcset=\"https:\/\/fmis.rj.gov.br\/v1\/wp-content\/uploads\/2024\/10\/2_Col-AM-1.jpg 892w, https:\/\/fmis.rj.gov.br\/v1\/wp-content\/uploads\/2024\/10\/2_Col-AM-1-300x222.jpg 300w, https:\/\/fmis.rj.gov.br\/v1\/wp-content\/uploads\/2024\/10\/2_Col-AM-1-768x569.jpg 768w\" sizes=\"auto, (max-width: 892px) 100vw, 892px\" \/><figcaption class=\"wp-element-caption\"><mark style=\"background-color:rgba(0, 0, 0, 0)\" class=\"has-inline-color has-ast-global-color-0-color\">Multid\u00e3o na inaugura\u00e7\u00e3o da Exposi\u00e7\u00e3o do Centen\u00e1rio da Independ\u00eancia. O edif\u00edcio do Pavilh\u00e3o do Distrito Federal, em 1965, passaria a ser<\/mark><br><mark style=\"background-color:rgba(0, 0, 0, 0)\" class=\"has-inline-color has-ast-global-color-0-color\">a sede do Museu da Imagem e do Som do Rio de Janeiro. Foto de Augusto Malta, 1922. Acervo MIS RJ. Setor Institucional.<\/mark><\/figcaption><\/figure>\n\n\n\n<p>Cole\u00e7\u00e3o comprada pelo Estado da Guanabara, por meio do antigo Banco do Estado da Guanabara (BEG), para compor o patrim\u00f4nio inicial do Museu da Imagem e do Som do Rio de Janeiro. <a href=\"https:\/\/fmis.rj.gov.br\/v1\/index.php\/colecoes\/\">Saiba Mais<\/a><\/p>\n\n\n\n<h2 class=\"wp-block-heading\">Cole\u00e7\u00e3o Almirante<\/h2>\n\n\n\n<figure class=\"wp-block-image size-full is-resized\"><img loading=\"lazy\" decoding=\"async\" width=\"1024\" height=\"677\" src=\"https:\/\/fmis.rj.gov.br\/v1\/wp-content\/uploads\/2024\/10\/3_Col-ALM-1024x677-2.jpg\" alt=\"\" class=\"wp-image-606\" style=\"width:800px\" srcset=\"https:\/\/fmis.rj.gov.br\/v1\/wp-content\/uploads\/2024\/10\/3_Col-ALM-1024x677-2.jpg 1024w, https:\/\/fmis.rj.gov.br\/v1\/wp-content\/uploads\/2024\/10\/3_Col-ALM-1024x677-2-300x198.jpg 300w, https:\/\/fmis.rj.gov.br\/v1\/wp-content\/uploads\/2024\/10\/3_Col-ALM-1024x677-2-768x508.jpg 768w\" sizes=\"auto, (max-width: 1024px) 100vw, 1024px\" \/><figcaption class=\"wp-element-caption\"><mark style=\"background-color:rgba(0, 0, 0, 0)\" class=\"has-inline-color has-ast-global-color-0-color\">Almirante atende a jovens pesquisadores em seu arquivo, no anexo do Museu da Imagem e do Som do Rio de Janeiro. <\/mark><br><mark style=\"background-color:rgba(0, 0, 0, 0)\" class=\"has-inline-color has-ast-global-color-0-color\">Foto de Luiz Alberto de Andrade, 09\/1969.<br>Acervo MIS RJ. Cole\u00e7\u00e3o Almirante.<\/mark><\/figcaption><\/figure>\n\n\n\n<p>Cole\u00e7\u00e3o comprada pelo Estado da Guanabara, por meio do antigo Banco do Estado da Guanabara (BEG), para compor o patrim\u00f4nio inicial do Museu da Imagem e do Som do Rio de Janeiro. <a href=\"https:\/\/fmis.rj.gov.br\/v1\/index.php\/colecoes\/\">Saiba Mais<\/a><\/p>\n\n\n\n<h2 class=\"wp-block-heading\">Cole\u00e7\u00e3o Guilherme Santos<\/h2>\n\n\n\n<figure class=\"wp-block-image size-full is-resized\"><img loading=\"lazy\" decoding=\"async\" width=\"594\" height=\"494\" src=\"https:\/\/fmis.rj.gov.br\/v1\/wp-content\/uploads\/2024\/10\/4_Col-GS.jpg\" alt=\"\" class=\"wp-image-610\" style=\"width:800px\" srcset=\"https:\/\/fmis.rj.gov.br\/v1\/wp-content\/uploads\/2024\/10\/4_Col-GS.jpg 594w, https:\/\/fmis.rj.gov.br\/v1\/wp-content\/uploads\/2024\/10\/4_Col-GS-300x249.jpg 300w\" sizes=\"auto, (max-width: 594px) 100vw, 594px\" \/><figcaption class=\"wp-element-caption\"><mark style=\"background-color:rgba(0, 0, 0, 0)\" class=\"has-inline-color has-ast-global-color-0-color\">Carnaval na Avenida Beira Mar com destaque para o desfile de foli\u00f5es fantasiados em carro aberto. Foto de Guilherme Santos, 1922.Acervo MIS RJ. <\/mark><br><mark style=\"background-color:rgba(0, 0, 0, 0)\" class=\"has-inline-color has-ast-global-color-0-color\">Cole\u00e7\u00e3o Guilherme Santos.<\/mark><\/figcaption><\/figure>\n\n\n\n<p>Cole\u00e7\u00e3o comprada pelo Estado da Guanabara, por meio do antigo Banco do Estado da Guanabara (BEG), para compor o patrim\u00f4nio inicial do Museu da Imagem e do Som do Rio de Janeiro. <a href=\"https:\/\/fmis.rj.gov.br\/v1\/index.php\/colecoes\/\">Saiba Mais<\/a><\/p>\n\n\n\n<h2 class=\"wp-block-heading\">Cole\u00e7\u00e3o L\u00facio Rangel<\/h2>\n\n\n\n<figure class=\"wp-block-image size-full is-resized\"><img loading=\"lazy\" decoding=\"async\" width=\"1024\" height=\"773\" src=\"https:\/\/fmis.rj.gov.br\/v1\/wp-content\/uploads\/2024\/10\/5_Col-LR-1024x773-1.jpg\" alt=\"\" class=\"wp-image-611\" style=\"width:800px\" srcset=\"https:\/\/fmis.rj.gov.br\/v1\/wp-content\/uploads\/2024\/10\/5_Col-LR-1024x773-1.jpg 1024w, https:\/\/fmis.rj.gov.br\/v1\/wp-content\/uploads\/2024\/10\/5_Col-LR-1024x773-1-300x226.jpg 300w, https:\/\/fmis.rj.gov.br\/v1\/wp-content\/uploads\/2024\/10\/5_Col-LR-1024x773-1-768x580.jpg 768w\" sizes=\"auto, (max-width: 1024px) 100vw, 1024px\" \/><figcaption class=\"wp-element-caption\"><mark style=\"background-color:rgba(0, 0, 0, 0)\" class=\"has-inline-color has-ast-global-color-0-color\">Jornalista S\u00e9rgio Cabral ao lado do cr\u00edtico e jornalista L\u00facio Rangel, do compositor, poeta e produtor Herm\u00ednio Bello de Carvalho e da cantora Clementina de Jesus, 1977.Acervo MIS RJ. Cole\u00e7\u00e3o S\u00e9rgio Cabral.<\/mark><\/figcaption><\/figure>\n\n\n\n<p>Cr\u00edtico, jornalista e pesquisador musical, L\u00facio do Nascimento Rangel nasceu no Rio de Janeiro, em 17 de maio de 1914. Foi respons\u00e1vel pela cria\u00e7\u00e3o da Revista da M\u00fasica Popular, que mesmo tendo curta dura\u00e7\u00e3o (1954-1956), marcou \u00e9poca como espa\u00e7o de discuss\u00e3o de temas relacionados \u00e0 MPB e que tamb\u00e9m contou com a participa\u00e7\u00e3o de grandes nomes da literatura e pesquisa musical, como Manuel Bandeira, S\u00e9rgio Porto, Ary Barroso, Marisa Lira, Almirante, Guerra Peixe, Nestor de Holanda, Rubem Braga, Paulo Mendes Campos, Haroldo Barbosa, Jota Efeg\u00ea, entre outros. Colaborou com os jornais A Manh\u00e3, Jornal do Brasil, Di\u00e1rio de S\u00e3o Paulo e Estado de Minas. Assinou tamb\u00e9m se\u00e7\u00f5es especializadas em m\u00fasica nas revistas&nbsp;<em>Manchete, A Cigarra, Senhor<\/em>, e outras. Entre janeiro e mar\u00e7o de 1960, publicou s\u00e9rie de 10 artigos para a se\u00e7\u00e3o&nbsp;<em>Discoteca M\u00ednima da M\u00fasica Popular Brasileira<\/em>, do suplemento dominical do Jornal do Brasil. Em 1962, lan\u00e7a o livro Sambistas e chor\u00f5es: aspectos e figuras da m\u00fasica popular brasileira. Na d\u00e9cada de 1980, a Funarte instituiu em sua homenagem o&nbsp;<em>Projeto L\u00facio Rangel<\/em>, respons\u00e1vel pela publica\u00e7\u00e3o de v\u00e1rios trabalhos de pesquisadores da MPB.<\/p>\n\n\n\n<p>Faleceu no Rio de Janeiro, em 13 de dezembro de 1979.<\/p>\n\n\n\n<p>A cole\u00e7\u00e3o L\u00facio Rangel \u00e9 constitu\u00edda exclusivamente por documentos sonoros.<\/p>\n\n\n\n<p>Cole\u00e7\u00e3o comprada pelo Estado da Guanabara, por meio do antigo Banco do Estado da Guanabara (BEG), para compor o patrim\u00f4nio inicial do Museu da Imagem e do Som do Rio de Janeiro.<\/p>\n\n\n\n<h2 class=\"wp-block-heading\">Cole\u00e7\u00e3o Maur\u00edcio Quadrio<\/h2>\n\n\n\n<figure class=\"wp-block-image size-full is-resized\"><img loading=\"lazy\" decoding=\"async\" width=\"1024\" height=\"749\" src=\"https:\/\/fmis.rj.gov.br\/v1\/wp-content\/uploads\/2024\/10\/6_Col-MQ-2-op-1024x749-1.jpg\" alt=\"\" class=\"wp-image-612\" style=\"width:800px\" srcset=\"https:\/\/fmis.rj.gov.br\/v1\/wp-content\/uploads\/2024\/10\/6_Col-MQ-2-op-1024x749-1.jpg 1024w, https:\/\/fmis.rj.gov.br\/v1\/wp-content\/uploads\/2024\/10\/6_Col-MQ-2-op-1024x749-1-300x219.jpg 300w, https:\/\/fmis.rj.gov.br\/v1\/wp-content\/uploads\/2024\/10\/6_Col-MQ-2-op-1024x749-1-768x562.jpg 768w\" sizes=\"auto, (max-width: 1024px) 100vw, 1024px\" \/><figcaption class=\"wp-element-caption\"><mark style=\"background-color:rgba(0, 0, 0, 0)\" class=\"has-inline-color has-ast-global-color-0-color\">Ary Barroso abra\u00e7a Heitor Villa-Lobos ap\u00f3s receberem a Comenda da Ordem do Cruzeiro do Sul, em cerim\u00f4nia que contou com a presen\u00e7a do ent\u00e3o Presidente da Rep\u00fablica Caf\u00e9 Filho, 1955.Acervo MIS RJ. Cole\u00e7\u00e3o Almirante.<\/mark><\/figcaption><\/figure>\n\n\n\n<p>Maur\u00edcio Quadrio nasceu em 7 de setembro de 1920, em Roma, na It\u00e1lia. Radialista, cr\u00edtico musical, produtor de discos e documentarista, foi um dos idealizadores e primeiro diretor do Museu da Imagem e do Som do Rio de Janeiro. Come\u00e7ou a colecionar grava\u00e7\u00f5es em fitas de \u00e1udio quando chegou ao Brasil, em 1950, vindo da It\u00e1lia.<\/p>\n\n\n\n<p>Faleceu no Rio de Janeiro, em 23 de janeiro de 2003.<\/p>\n\n\n\n<p>A cole\u00e7\u00e3o Maur\u00edcio Quadrio \u00e9 composta, majoritariamente, por fitas de \u00e1udio contendo trechos de m\u00fasicas cl\u00e1ssicas e de vozes de figuras internacionais famosas do s\u00e9culo XX, tais como&nbsp;<em>Sarah Bernhardt<\/em>,&nbsp;<em>Andr\u00e9s Seg\u00f3via<\/em>&nbsp;e&nbsp;<em>Toscanini<\/em>.<\/p>\n\n\n\n<p>Cole\u00e7\u00e3o comprada pelo Estado da Guanabara, por meio do antigo Banco do Estado da Guanabara (BEG), para compor o patrim\u00f4nio inicial do Museu da Imagem e do Som do Rio de Janeiro.<\/p>\n\n\n\n<h2 class=\"wp-block-heading\">Cria\u00e7\u00e3o do Selo MIS<\/h2>\n\n\n\n<figure class=\"wp-block-image size-full is-resized\"><img loading=\"lazy\" decoding=\"async\" width=\"1024\" height=\"988\" src=\"https:\/\/fmis.rj.gov.br\/v1\/wp-content\/uploads\/2024\/10\/7.1_Selo-MIS-1024x988-1.jpg\" alt=\"\" class=\"wp-image-613\" style=\"width:804px\" srcset=\"https:\/\/fmis.rj.gov.br\/v1\/wp-content\/uploads\/2024\/10\/7.1_Selo-MIS-1024x988-1.jpg 1024w, https:\/\/fmis.rj.gov.br\/v1\/wp-content\/uploads\/2024\/10\/7.1_Selo-MIS-1024x988-1-300x289.jpg 300w, https:\/\/fmis.rj.gov.br\/v1\/wp-content\/uploads\/2024\/10\/7.1_Selo-MIS-1024x988-1-768x741.jpg 768w\" sizes=\"auto, (max-width: 1024px) 100vw, 1024px\" \/><figcaption class=\"wp-element-caption\"><mark style=\"background-color:rgba(0, 0, 0, 0)\" class=\"has-inline-color has-ast-global-color-0-color\">Capas dos dois primeiros discos lan\u00e7ados pelo selo MIS.<br>Carmen Miranda \u2013 a pequena not\u00e1vel. Acervo MIS. Cole\u00e7\u00e3o S\u00e9rgio Cabral.<br>Noel Rosa, 2\u00aa ed. Acervo MIS. Cole\u00e7\u00e3o MIS.<\/mark><\/figcaption><\/figure>\n\n\n\n<figure class=\"wp-block-image size-full is-resized\"><img loading=\"lazy\" decoding=\"async\" width=\"985\" height=\"1024\" src=\"https:\/\/fmis.rj.gov.br\/v1\/wp-content\/uploads\/2024\/10\/7.2_Selo-MIS-985x1024-1.jpg\" alt=\"\" class=\"wp-image-614\" style=\"width:800px\" srcset=\"https:\/\/fmis.rj.gov.br\/v1\/wp-content\/uploads\/2024\/10\/7.2_Selo-MIS-985x1024-1.jpg 985w, https:\/\/fmis.rj.gov.br\/v1\/wp-content\/uploads\/2024\/10\/7.2_Selo-MIS-985x1024-1-289x300.jpg 289w, https:\/\/fmis.rj.gov.br\/v1\/wp-content\/uploads\/2024\/10\/7.2_Selo-MIS-985x1024-1-768x798.jpg 768w\" sizes=\"auto, (max-width: 985px) 100vw, 985px\" \/><figcaption class=\"wp-element-caption\"><mark style=\"background-color:rgba(0, 0, 0, 0)\" class=\"has-inline-color has-ast-global-color-0-color\">Capas dos dois primeiros discos lan\u00e7ados pelo selo MIS.<br>Carmen Miranda \u2013 a pequena not\u00e1vel. Acervo MIS. Cole\u00e7\u00e3o S\u00e9rgio Cabral.<br>Noel Rosa, 2\u00aa ed. Acervo MIS. Cole\u00e7\u00e3o MIS.<\/mark><\/figcaption><\/figure>\n\n\n\n<p>O selo MIS foi pensado quando dos trabalhos de cria\u00e7\u00e3o do pr\u00f3prio Museu da Imagem e do Som do Rio de Janeiro e, j\u00e1 em novembro de 1965, foram lan\u00e7ados os dois primeiros discos com o selo da institui\u00e7\u00e3o, produzidos pelo jornalista e music\u00f3logo Ary Vasconcelos:&nbsp;<em>Carmen Miranda<\/em>&nbsp;e&nbsp;<em>Noel Rosa<\/em>. A cerim\u00f4nia de lan\u00e7amento contou com as presen\u00e7as Aurora Miranda, irm\u00e3 da \u201cPequena Not\u00e1vel\u201d e da vi\u00fava de Noel, Lindaura Rosa. Os primeiros discos com o selo MIS possu\u00edam a denomina\u00e7\u00e3o de \u201cPublica\u00e7\u00f5es Fonogr\u00e1ficas do Museu da Imagem e do Som\u201d. A logomarca inicial era a sede do Museu da Pra\u00e7a XV, depois, passou a ser usada a logo criada pelo jornalista, cartunista e multitalento Ziraldo Alves Pinto.<\/p>\n\n\n\n<h2 class=\"wp-block-heading\"><strong>Cole\u00e7\u00e3o Depoimentos para a Posteridade<\/strong><\/h2>\n\n\n\n<figure class=\"wp-block-image size-full is-resized\"><img loading=\"lazy\" decoding=\"async\" width=\"1024\" height=\"732\" src=\"https:\/\/fmis.rj.gov.br\/v1\/wp-content\/uploads\/2024\/10\/8_Col-DpP-1024x732-1.jpg\" alt=\"\" class=\"wp-image-615\" style=\"width:803px\" srcset=\"https:\/\/fmis.rj.gov.br\/v1\/wp-content\/uploads\/2024\/10\/8_Col-DpP-1024x732-1.jpg 1024w, https:\/\/fmis.rj.gov.br\/v1\/wp-content\/uploads\/2024\/10\/8_Col-DpP-1024x732-1-300x214.jpg 300w, https:\/\/fmis.rj.gov.br\/v1\/wp-content\/uploads\/2024\/10\/8_Col-DpP-1024x732-1-768x549.jpg 768w\" sizes=\"auto, (max-width: 1024px) 100vw, 1024px\" \/><figcaption class=\"wp-element-caption\"><mark style=\"background-color:rgba(0, 0, 0, 0)\" class=\"has-inline-color has-ast-global-color-0-color\">Compositores Donga, Pixinguinha e Jo\u00e3o da Baiana posam para foto.<br>Acervo MIS RJ. Cole\u00e7\u00e3o S\u00e9rgio Cabral.<\/mark><\/figcaption><\/figure>\n\n\n\n<p>O MIS produz, desde 1966, a cole\u00e7\u00e3o especial Depoimentos para a Posteridade. S\u00e3o grava\u00e7\u00f5es, em \u00e1udio e v\u00eddeo com personalidades vinculadas aos diversos setores da cultura. At\u00e9 o momento, s\u00e3o aproximadamente mil e cem depoimentos que perfazem mais de 4 mil horas de grava\u00e7\u00e3o. A s\u00e9rie hist\u00f3rica \u00e9 inaugurada com o depoimento do compositor, cantor, passista e instrumentista&nbsp;<em>Jo\u00e3o da Baiana<\/em>, em 24 de agosto de 1966 e contou com a participa\u00e7\u00e3o de&nbsp;<em>Ricardo Cravo Albin, Herm\u00ednio Bello de Carvalho e Aloysio de Alencar Pinto<\/em>, al\u00e9m de m\u00fasicos, amigos, estudiosos e imprensa.<\/p>\n\n\n\n<p>Em 2013, o MIS concluiu um novo projeto intitulado Mem\u00f3ria do MIS. Foram tomados depoimentos de seus ex-diretores e presidentes que subsidiaram a pesquisa sobre a hist\u00f3ria da institui\u00e7\u00e3o.<\/p>\n\n\n\n<h2 class=\"wp-block-heading\"><strong>Cria\u00e7\u00e3o do primeiro LP de sambas-enredos das escolas de samba do Rio de Janeiro<\/strong><\/h2>\n\n\n\n<figure class=\"wp-block-image size-full is-resized\"><img loading=\"lazy\" decoding=\"async\" width=\"980\" height=\"1024\" src=\"https:\/\/fmis.rj.gov.br\/v1\/wp-content\/uploads\/2024\/10\/9.1_Samba-enredo-980x1024-1.jpg\" alt=\"\" class=\"wp-image-616\" style=\"width:803px\" srcset=\"https:\/\/fmis.rj.gov.br\/v1\/wp-content\/uploads\/2024\/10\/9.1_Samba-enredo-980x1024-1.jpg 980w, https:\/\/fmis.rj.gov.br\/v1\/wp-content\/uploads\/2024\/10\/9.1_Samba-enredo-980x1024-1-287x300.jpg 287w, https:\/\/fmis.rj.gov.br\/v1\/wp-content\/uploads\/2024\/10\/9.1_Samba-enredo-980x1024-1-768x802.jpg 768w\" sizes=\"auto, (max-width: 980px) 100vw, 980px\" \/><figcaption class=\"wp-element-caption\"><mark style=\"background-color:rgba(0, 0, 0, 0)\" class=\"has-inline-color has-ast-global-color-0-color\">Capas dos discos pioneiros de sambas-enredos&nbsp;<em>As dez grandes escolas cantam para a posteridade seus sambas-enr\u00eado de 1968<\/em>&nbsp;e&nbsp;<em>Festival de samba: Sambas enredo das escolas de samba<\/em>&nbsp;de 1968. Acervo MIS RJ. Cole\u00e7\u00e3o Herm\u00ednio Bello de Carvalho.<\/mark><\/figcaption><\/figure>\n\n\n\n<figure class=\"wp-block-image size-full is-resized\"><img loading=\"lazy\" decoding=\"async\" width=\"1024\" height=\"969\" src=\"https:\/\/fmis.rj.gov.br\/v1\/wp-content\/uploads\/2024\/10\/9.2_Samba-enredo-1024x969-1.jpg\" alt=\"\" class=\"wp-image-617\" style=\"width:800px\" srcset=\"https:\/\/fmis.rj.gov.br\/v1\/wp-content\/uploads\/2024\/10\/9.2_Samba-enredo-1024x969-1.jpg 1024w, https:\/\/fmis.rj.gov.br\/v1\/wp-content\/uploads\/2024\/10\/9.2_Samba-enredo-1024x969-1-300x284.jpg 300w, https:\/\/fmis.rj.gov.br\/v1\/wp-content\/uploads\/2024\/10\/9.2_Samba-enredo-1024x969-1-768x727.jpg 768w\" sizes=\"auto, (max-width: 1024px) 100vw, 1024px\" \/><figcaption class=\"wp-element-caption\"><mark style=\"background-color:rgba(0, 0, 0, 0)\" class=\"has-inline-color has-ast-global-color-0-color\">Capas dos discos pioneiros de sambas-enredos&nbsp;<em>As dez grandes escolas cantam para a posteridade seus sambas-enr\u00eado de 1968<\/em>&nbsp;e&nbsp;<em>Festival de samba: Sambas enredo das escolas de samba<\/em>&nbsp;de 1968. Acervo MIS RJ. Cole\u00e7\u00e3o Herm\u00ednio Bello de Carvalho.<\/mark><\/figcaption><\/figure>\n\n\n\n<p>Em 1968 foi lan\u00e7ado o primeiro disco de samba-enredo:&nbsp;<em>As dez grandes escolas cantam para a posteridade seus sambas-enr\u00eado de 1968<\/em>. Idealizado por Ricardo Cravo Albin e gravado pelo Museu da Imagem e do Som do Rio de Janeiro, o disco de vinil com os sambas-enredos das dez escolas de samba do Rio de Janeiro foi um marco da cultura brasileira e continua at\u00e9 hoje sendo anualmente lan\u00e7ado, ainda que em outros suportes. Contudo, \u00e9 necess\u00e1rio registrar que antes do disco gravado pelo MIS, foi lan\u00e7ado pela DiscNews, o&nbsp;<em>Festival de samba: Sambas enredo das escolas de samba<\/em>, mas com sambas de apenas seis escolas. O do selo MIS foi al\u00e9m e gravou em um \u00e1lbum os sambas de todas as agremia\u00e7\u00f5es do grupo especial, definindo o formato dos \u00e1lbuns seguintes.<\/p>\n\n\n\n<h2 class=\"wp-block-heading\"><strong>Cole\u00e7\u00e3o MIS<\/strong><\/h2>\n\n\n\n<figure class=\"wp-block-image size-full is-resized\"><img loading=\"lazy\" decoding=\"async\" width=\"666\" height=\"1010\" src=\"https:\/\/fmis.rj.gov.br\/v1\/wp-content\/uploads\/2024\/10\/10_Col-MIS.jpg\" alt=\"\" class=\"wp-image-618\" style=\"width:800px\" srcset=\"https:\/\/fmis.rj.gov.br\/v1\/wp-content\/uploads\/2024\/10\/10_Col-MIS.jpg 666w, https:\/\/fmis.rj.gov.br\/v1\/wp-content\/uploads\/2024\/10\/10_Col-MIS-198x300.jpg 198w\" sizes=\"auto, (max-width: 666px) 100vw, 666px\" \/><figcaption class=\"wp-element-caption\"><mark style=\"background-color:rgba(0, 0, 0, 0)\" class=\"has-inline-color has-ast-global-color-0-color\">Bibi Ferreira durante a pe\u00e7a teatral \u201cGota D\u2019 \u00c1gua\u201d, abra\u00e7ada a crian\u00e7as n\u00e3o identificadas.<\/mark> <mark style=\"background-color:rgba(0, 0, 0, 0)\" class=\"has-inline-color has-ast-global-color-0-color\">Na pe\u00e7a, Bibi Ferreira interpreta Joana. \u201cGota D\u2019\u00e1gua\u201d, escrita por Chico Buarque e Paulo Pontes, foi inspirada em Medeia, trag\u00e9dia de Eur\u00edpides, e adaptada \u00e0 realidade social e cultural brasileira da d\u00e9cada de 1970. Com dire\u00e7\u00e3o de Gianni Ratto, Gota d\u2019\u00e1gua estreou em dezembro de 1975, no Teatro Tereza Raquel, no Rio de Janeiro.<br>Acervo MIS RJ. Cole\u00e7\u00e3o MIS.<\/mark><\/figcaption><\/figure>\n\n\n\n<p>O MIS produz sua pr\u00f3pria cole\u00e7\u00e3o desde que surgiu. Atualmente disponibiliza quase 19 mil itens entre documentos audiovisuais, iconogr\u00e1ficos, partituras, sonoros, objetos tridimensionais e de biblioteca, sobre os mais variados temas e manifesta\u00e7\u00f5es art\u00edsticas: m\u00fasica, cinema, teatro, literatura, poesia, artes pl\u00e1sticas, esportes, r\u00e1dio, televis\u00e3o, carnaval, hist\u00f3ria fluminense e da cidade do Rio de Janeiro, revelando h\u00e1bitos e costumes de sua gente.<\/p>\n\n\n\n<h2 class=\"wp-block-heading\"><strong>D\u00c9CADA DE 1970<\/strong><\/h2>\n\n\n\n<h2 class=\"wp-block-heading\"><strong>Cole\u00e7\u00e3o R\u00e1dio Nacional<\/strong><\/h2>\n\n\n\n<figure class=\"wp-block-image size-full is-resized\"><img loading=\"lazy\" decoding=\"async\" width=\"681\" height=\"1024\" src=\"https:\/\/fmis.rj.gov.br\/v1\/wp-content\/uploads\/2024\/10\/11_Col-RN-681x1024-1.jpg\" alt=\"\" class=\"wp-image-619\" style=\"width:800px\" srcset=\"https:\/\/fmis.rj.gov.br\/v1\/wp-content\/uploads\/2024\/10\/11_Col-RN-681x1024-1.jpg 681w, https:\/\/fmis.rj.gov.br\/v1\/wp-content\/uploads\/2024\/10\/11_Col-RN-681x1024-1-200x300.jpg 200w\" sizes=\"auto, (max-width: 681px) 100vw, 681px\" \/><figcaption class=\"wp-element-caption\"><mark style=\"background-color:rgba(0, 0, 0, 0)\" class=\"has-inline-color has-ast-global-color-0-color\">Marlene e Emilinha Borba na capa da Revista da R\u00e1dio Nacional, 09\/1950.<br>Acervo MIS RJ. Cole\u00e7\u00e3o Luiz Carlos Saroldi.<\/mark><\/figcaption><\/figure>\n\n\n\n<p>A Cole\u00e7\u00e3o R\u00e1dio Nacional abriga parte do acervo hist\u00f3rico da emissora que durante mais de vinte anos, nas d\u00e9cadas de 1940 e 1950, foi l\u00edder absoluta de audi\u00eancia na chamada \u00e9poca de ouro do r\u00e1dio brasileiro. S\u00e3o programas de audit\u00f3rio, como os de&nbsp;<em>C\u00e9sar de Alencar<\/em>&nbsp;e&nbsp;<em>Manoel Barcelos<\/em>, programas de calouros, programas musicais com os \u00eddolos da \u00e9poca, radionovelas famosas, como&nbsp;<em>O Direito de Nascer<\/em>&nbsp;e&nbsp;<em>Em Busca da Felicidade<\/em>, e as transmiss\u00f5es do famoso&nbsp;<em>Rep\u00f3rter Esso<\/em>&nbsp;\u2013&nbsp;<em>a testemunha ocular da hist\u00f3ria<\/em>, e suas emocionantes edi\u00e7\u00f5es extraordin\u00e1rias, na voz do famoso locutor Heron Domingues.<\/p>\n\n\n\n<p>A cole\u00e7\u00e3o foi doada ao MIS em 1972 e \u00e9 constitu\u00edda por milhares de discos, roteiros de programas escritos por importantes nomes do r\u00e1dio brasileiro, como&nbsp;<em>Almirante, Renato Murce, Paulo Tapaj\u00f3s, Fernando Lobo e Max Nunes<\/em>, al\u00e9m de partituras de grandes orquestras, assinadas por maestros e arranjadores famosos como&nbsp;<em>Radam\u00e9s Gnattali, Guerra Peixe, L\u00edrio Panicali, L\u00e9o Peracchi e Moacyr Santos.<\/em><\/p>\n\n\n\n<h2 class=\"wp-block-heading\"><strong>Cole\u00e7\u00e3o Jacob do Bandolim<\/strong><\/h2>\n\n\n\n<figure class=\"wp-block-image size-full is-resized\"><img loading=\"lazy\" decoding=\"async\" width=\"1024\" height=\"771\" src=\"https:\/\/fmis.rj.gov.br\/v1\/wp-content\/uploads\/2024\/10\/12_Col-JB-1024x771-1.jpg\" alt=\"\" class=\"wp-image-620\" style=\"width:800px\" srcset=\"https:\/\/fmis.rj.gov.br\/v1\/wp-content\/uploads\/2024\/10\/12_Col-JB-1024x771-1.jpg 1024w, https:\/\/fmis.rj.gov.br\/v1\/wp-content\/uploads\/2024\/10\/12_Col-JB-1024x771-1-300x226.jpg 300w, https:\/\/fmis.rj.gov.br\/v1\/wp-content\/uploads\/2024\/10\/12_Col-JB-1024x771-1-768x578.jpg 768w\" sizes=\"auto, (max-width: 1024px) 100vw, 1024px\" \/><figcaption class=\"wp-element-caption\"><mark style=\"background-color:rgba(0, 0, 0, 0)\" class=\"has-inline-color has-ast-global-color-0-color\">O bandolinista Jacob do Bandolim e a cantora Elizeth Cardoso se apresentam no Teatro Jo\u00e3o Caetano, em 19 de setembro de 1968. O show foi realizado em benef\u00edcio do MIS e contou com as participa\u00e7\u00f5es de Elizeth Cardoso, Jacob do Bandolim e seu \u00c9poca de Ouro mais o conjunto Zimbo Trio. Deste show foram produzidos dois LPs pelo selo MIS. Acervo MIS RJ. Cole\u00e7\u00e3o Jacob do Bandolim.<\/mark><\/figcaption><\/figure>\n\n\n\n<p>Jacob Pick Bittencourt, conhecido como Jacob do Bandolim, nasceu em 14 de fevereiro de 1918, no Rio de Janeiro. Ganhou seu primeiro bandolim na adolesc\u00eancia e, apesar de ter tocado em diversos conjuntos instrumentais desde cedo, nunca se profissionalizou totalmente, tendo sempre outros empregos n\u00e3o relacionados \u00e0 m\u00fasica.<\/p>\n\n\n\n<p>Tocou nas mais importantes r\u00e1dios da \u00e9poca, entre elas a Mayrink Veiga, Cajuti, Fluminense e R\u00e1dio Nacional, e participou de grava\u00e7\u00f5es hist\u00f3ricas como a de Ataulfo Alves para a m\u00fasica&nbsp;<em>Ai, que saudades da Am\u00e9lia<\/em>&nbsp;(Ataulfo Alves e M\u00e1rio Lago) e a de Nelson Gon\u00e7alves para&nbsp;<em>Marina<\/em>&nbsp;(Dorival Caymmi).<\/p>\n\n\n\n<p>Considerado um dos mais puros solistas de nossa m\u00fasica popular, Jacob \u00e9 autor de chorinhos cl\u00e1ssicos como&nbsp;<em>Remelexo, Doce de coco, Treme-treme e Bole-bole.<\/em>&nbsp;Dotado de extraordin\u00e1ria capacidade de improviso, harmonia e musicalidade, verdadeiro virtuose do bandolim, dominava o instrumento em execu\u00e7\u00f5es magn\u00edficas, gra\u00e7as \u00e0s inflex\u00f5es e aos recursos sonoros que utilizava.<\/p>\n\n\n\n<p>Faleceu em 13 de agosto de 1969, no Rio de Janeiro.<\/p>\n\n\n\n<p>A cole\u00e7\u00e3o Jacob do Bandolim, fruto de sua dedica\u00e7\u00e3o \u00e0 pesquisa da m\u00fasica popular brasileira, particularmente das origens do choro, foi comprada pela Companhia Sousa Cruz e doada ao MIS RJ em 1974. \u00c9 composta por milhares de documentos, entre partituras, scripts, correspond\u00eancia, discos, fotografias e objetos tridimensionais \u2013 entre os quais sua m\u00e1quina de escrever e sua indument\u00e1ria de casamento \u2013 al\u00e9m de livros, cat\u00e1logos, revistas e recortes de jornais. De l\u00e1 para c\u00e1, seu arquivo foi organizado, catalogado e digitalizado, gra\u00e7as \u00e0s parcerias do MIS com o Instituto Jacob do Bandolim, e muitas homenagens lhe foram feitas, bem como suas obras foram pesquisadas e lan\u00e7adas.<\/p>\n\n\n\n<h2 class=\"wp-block-heading\"><strong>Cole\u00e7\u00e3o Elizeth Cardoso<\/strong><\/h2>\n\n\n\n<figure class=\"wp-block-image size-full is-resized\"><img loading=\"lazy\" decoding=\"async\" width=\"1024\" height=\"761\" src=\"https:\/\/fmis.rj.gov.br\/v1\/wp-content\/uploads\/2024\/10\/13_Col-EC-1024x761-1.jpg\" alt=\"\" class=\"wp-image-621\" style=\"width:800px\" srcset=\"https:\/\/fmis.rj.gov.br\/v1\/wp-content\/uploads\/2024\/10\/13_Col-EC-1024x761-1.jpg 1024w, https:\/\/fmis.rj.gov.br\/v1\/wp-content\/uploads\/2024\/10\/13_Col-EC-1024x761-1-300x223.jpg 300w, https:\/\/fmis.rj.gov.br\/v1\/wp-content\/uploads\/2024\/10\/13_Col-EC-1024x761-1-768x571.jpg 768w\" sizes=\"auto, (max-width: 1024px) 100vw, 1024px\" \/><figcaption class=\"wp-element-caption\"><mark style=\"background-color:rgba(0, 0, 0, 0)\" class=\"has-inline-color has-ast-global-color-0-color\">Elizeth Cardoso e Elis Regina em coquetel do Zimbo Trio em S\u00e3o Paulo.<br>Acervo MIS RJ. Cole\u00e7\u00e3o Elizeth Cardoso.<\/mark><\/figcaption><\/figure>\n\n\n\n<p>Elizeth Moreira Cardoso nasceu em 16 de julho de 1920, no Rio de Janeiro. Desde crian\u00e7a gostava de cantar, participando com a sua fam\u00edlia da vida musical da cidade. Aos 16 anos, apresentou-se no&nbsp;<em>Programa suburbano<\/em>, da R\u00e1dio Guanabara, sendo contratada para um programa semanal nessa r\u00e1dio; na R\u00e1dio Educadora, no programa&nbsp;<em>Samba e outras coisas<\/em>; e na R\u00e1dio Transmissora, no programa&nbsp;<em>R\u00e1dio novidades<\/em>, dentre outras emissoras. Em 1939, formou uma dupla com Grande Otelo no quadro&nbsp;<em>Boneca de piche<\/em>. Trabalhou em circo, participou de filmes e era disputada por todas as casas noturnas do Rio de Janeiro.<\/p>\n\n\n\n<p>Uma das maiores int\u00e9rpretes da m\u00fasica popular brasileira, Elizeth Cardoso, conhecida como A divina, alcan\u00e7ou a consagra\u00e7\u00e3o nos anos de 1950, quando gravou grandes sucessos como&nbsp;<em>Can\u00e7\u00e3o de Amor<\/em>&nbsp;(1951) e&nbsp;<em>Can\u00e7\u00e3o a Meia-luz<\/em>&nbsp;(1955). Em 1958, seu disco&nbsp;<em>Can\u00e7\u00e3o do amor demais<\/em>, com m\u00fasicas de Tom Jobim e Vinicius de Moraes e acompanhamento ao viol\u00e3o de Jo\u00e3o Gilberto, foi considerado o marco inicial da Bossa Nova.<\/p>\n\n\n\n<p>Um dos grandes momentos de sua carreira art\u00edstica ocorreu em 1968, quando se apresentou no Teatro Jo\u00e3o Caetano, com Jacob do Bandolim e seu conjunto \u00c9poca de Ouro e com Zimbo Trio, em espet\u00e1culo promovido pelo Museu da Imagem e do Som do Rio de Janeiro.<\/p>\n\n\n\n<p>Faleceu em 7 de maio de 1990, no Rio de Janeiro.<\/p>\n\n\n\n<p>A cole\u00e7\u00e3o Elizeth Cardoso, doada em 1979 ao MIS RJ pela pr\u00f3pria cantora, \u00e9 composta de partituras; documentos iconogr\u00e1ficos, dos quais mais de 1.300 fotografias de shows no Brasil e no exterior; roteiros de programas de r\u00e1dio, televis\u00e3o e espet\u00e1culos musicais; objetos tridimensionais \u2013 incluindo trof\u00e9us, placas, medalhas e indument\u00e1ria usada em suas apresenta\u00e7\u00f5es; discos; fitas de \u00e1udio e documentos textuais \u2013 incluindo convites, telegramas, cartas, roteiros, contratos de trabalho e recortes de jornais sobre sua trajet\u00f3ria art\u00edstica.<\/p>\n\n\n\n<h2 class=\"wp-block-heading\"><strong>D\u00c9CADA DE 1980<\/strong><\/h2>\n\n\n\n<h2 class=\"wp-block-heading\"><strong>Cole\u00e7\u00e3o Salvyano Cavalcanti de Paiva<\/strong><\/h2>\n\n\n\n<figure class=\"wp-block-image size-full is-resized\"><img loading=\"lazy\" decoding=\"async\" width=\"750\" height=\"1024\" src=\"https:\/\/fmis.rj.gov.br\/v1\/wp-content\/uploads\/2024\/10\/14_Col-SCP-750x1024-1.jpg\" alt=\"\" class=\"wp-image-622\" style=\"width:800px\" srcset=\"https:\/\/fmis.rj.gov.br\/v1\/wp-content\/uploads\/2024\/10\/14_Col-SCP-750x1024-1.jpg 750w, https:\/\/fmis.rj.gov.br\/v1\/wp-content\/uploads\/2024\/10\/14_Col-SCP-750x1024-1-220x300.jpg 220w\" sizes=\"auto, (max-width: 750px) 100vw, 750px\" \/><figcaption class=\"wp-element-caption\"><mark style=\"background-color:rgba(0, 0, 0, 0)\" class=\"has-inline-color has-ast-global-color-0-color\">Grande Otelo e Oscarito em cena referente ao filme \u201cMatar ou Correr\u201d, 1954.<br>Acervo MIS RJ. Cole\u00e7\u00e3o Salvyano Cavalcanti de Paiva.<\/mark><\/figcaption><\/figure>\n\n\n\n<p>Jornalista e escritor, Salvyano Cavalcanti nasceu em Natal, RN, em 29\/09\/1923. Iniciou a sua carreira como cr\u00edtico de cinema na antiga revista A Cena Muda, tendo se especializado nessa atividade tamb\u00e9m em outros jornais e revistas como&nbsp;<em>A Folha do Rio<\/em>,&nbsp;<em>Senhor<\/em>,&nbsp;<em>O Globo<\/em>,&nbsp;<em>O Correio da Manh\u00e3<\/em>&nbsp;e na&nbsp;<em>R\u00e1dio Jornal do Brasil<\/em>. Em 1953, publicou, na revista&nbsp;<em>Manchete<\/em>, um estudo sobre o cinema brasileiro.<\/p>\n\n\n\n<p>Foi fundador e diretor do&nbsp;<em>C\u00edrculo de Estudos Cinematogr\u00e1ficos<\/em>&nbsp;e da&nbsp;<em>Associa\u00e7\u00e3o Brasileira de Cronistas Cinematogr\u00e1ficos<\/em>&nbsp;e dirigiu a Divis\u00e3o de Fomento do Filme Nacional do&nbsp;<em>Instituto Nacional de Cinema<\/em>.<\/p>\n\n\n\n<p>Autor da tese&nbsp;<em>Cinema e cultura brasileira<\/em>, participou ativamente de congressos sobre o tema e publicou, entre outros, os livros&nbsp;<em>Aspectos do cinema americano<\/em>,&nbsp;<em>O gangster no cinema<\/em>&nbsp;e&nbsp;<em>Hist\u00f3ria dos filmes brasileiros<\/em>.<\/p>\n\n\n\n<p>Faleceu em 19 de agosto de 2000, v\u00edtima de consequ\u00eancias advindas do mal de Alzheimer.<\/p>\n\n\n\n<p>A cole\u00e7\u00e3o Salvyano Cavalcanti foi doada ao MIS RJ na segunda metade da d\u00e9cada de 1980 e \u00e9 constitu\u00edda por vasto material bibliogr\u00e1fico, iconogr\u00e1fico e textual, fundamentalmente, sobre temas ligados a cinema.<\/p>\n\n\n\n<h2 class=\"wp-block-heading\"><strong>Cole\u00e7\u00e3o Irm\u00e3s Batista<\/strong><\/h2>\n\n\n\n<figure class=\"wp-block-image size-full is-resized\"><img loading=\"lazy\" decoding=\"async\" width=\"1024\" height=\"736\" src=\"https:\/\/fmis.rj.gov.br\/v1\/wp-content\/uploads\/2024\/10\/15_Col-IB-1024x736-1.jpg\" alt=\"\" class=\"wp-image-623\" style=\"width:800px\" srcset=\"https:\/\/fmis.rj.gov.br\/v1\/wp-content\/uploads\/2024\/10\/15_Col-IB-1024x736-1.jpg 1024w, https:\/\/fmis.rj.gov.br\/v1\/wp-content\/uploads\/2024\/10\/15_Col-IB-1024x736-1-300x216.jpg 300w, https:\/\/fmis.rj.gov.br\/v1\/wp-content\/uploads\/2024\/10\/15_Col-IB-1024x736-1-768x552.jpg 768w\" sizes=\"auto, (max-width: 1024px) 100vw, 1024px\" \/><figcaption class=\"wp-element-caption\"><mark style=\"background-color:rgba(0, 0, 0, 0)\" class=\"has-inline-color has-ast-global-color-0-color\">As cantoras Linda Batista e Dircinha Batista posam para foto deitadas em ch\u00e3o. Foto de Dier, 1952.<br>Acervo MIS RJ. Cole\u00e7\u00e3o Irm\u00e3s Batista.<\/mark><\/figcaption><\/figure>\n\n\n\n<p>Florinda Grandino de Oliveira (Linda Batista) e Dirce Grandino de Oliveira (Dircinha Batista) nasceram, respectivamente, em 14 de junho de 1919 e 5 de maio de 1922, em S\u00e3o Paulo, filhas do cantor, comediante, compositor e ventr\u00edloquo Jo\u00e3o Batista de Oliveira (Batista J\u00fanior), de quem adotaram o sobrenome. Ainda crian\u00e7as, mudaram-se para o Rio de Janeiro.<\/p>\n\n\n\n<p>As irm\u00e3s cantoras, Linda e Dircinha Batista, conheceram a gl\u00f3ria e a fama na \u00e9poca de ouro do r\u00e1dio brasileiro, nas d\u00e9cadas de 1940 e 1950, despertando a admira\u00e7\u00e3o do presidente Get\u00falio Vargas. Ambas eleitas Rainha do r\u00e1dio durante v\u00e1rios anos, participaram de diversos filmes nacionais e viveram o esplendor de suas carreiras no Cassino da Urca e na R\u00e1dio Nacional.<\/p>\n\n\n\n<p>Linda Batista fez sua estreia em programa de Francisco Alves, na R\u00e1dio Cajuti. O maior sucesso de sua carreira foi o samba-can\u00e7\u00e3o&nbsp;<em>Vingan\u00e7a<\/em>, de Lupic\u00ednio Rodrigues. A partir de 1960, lan\u00e7ou principalmente m\u00fasicas de carnaval, inclusive algumas de sua autoria. Faleceu no dia 17 de abril de 1988, no Rio de Janeiro.<\/p>\n\n\n\n<p>Dircinha Batista iniciou sua carreira ainda crian\u00e7a e, em 1934, estreou tamb\u00e9m na R\u00e1dio Cajuti, no programa de Francisco Alves, no qual permaneceu apenas um ano. Alcan\u00e7ou grande sucesso em 1938, quando lan\u00e7ou a marcha carnavalesca&nbsp;<em>Periquitinho verde<\/em>&nbsp;e, no ano seguinte,&nbsp;<em>A tirolesa<\/em>. Em 1940, foi escolhida a cantora da cidade pelo jornal&nbsp;<em>O Globo<\/em>. Entre outros sucessos, gravou&nbsp;<em>Nunca<\/em>&nbsp;(1951), do compositor Lupic\u00ednio Rodrigues e&nbsp;<em>Se eu morresse amanh\u00e3 de manh\u00e3<\/em>, de Ant\u00f4nio Maria. Faleceu no dia 18 de junho de 1999, no Rio de Janeiro.<\/p>\n\n\n\n<p>A cole\u00e7\u00e3o Irm\u00e3s Batista foi doada ao MIS RJ, em 1988, por Herm\u00ednio Bello de Carvalho e \u00e9 composta por trof\u00e9us, discos, documentos iconogr\u00e1ficos e textuais, entre roteiros, letras de m\u00fasicas, al\u00e9m de revistas e \u00e1lbuns com recortes de jornais sobre suas trajet\u00f3rias art\u00edsticas.<\/p>\n\n\n\n<h2 class=\"wp-block-heading\"><strong>Cole\u00e7\u00e3o Odete Amaral<\/strong><\/h2>\n\n\n\n<figure class=\"wp-block-image size-full is-resized\"><img loading=\"lazy\" decoding=\"async\" width=\"775\" height=\"1024\" src=\"https:\/\/fmis.rj.gov.br\/v1\/wp-content\/uploads\/2024\/10\/16_Col-OA-775x1024-1.jpg\" alt=\"\" class=\"wp-image-624\" style=\"width:800px\" srcset=\"https:\/\/fmis.rj.gov.br\/v1\/wp-content\/uploads\/2024\/10\/16_Col-OA-775x1024-1.jpg 775w, https:\/\/fmis.rj.gov.br\/v1\/wp-content\/uploads\/2024\/10\/16_Col-OA-775x1024-1-227x300.jpg 227w, https:\/\/fmis.rj.gov.br\/v1\/wp-content\/uploads\/2024\/10\/16_Col-OA-775x1024-1-768x1015.jpg 768w\" sizes=\"auto, (max-width: 775px) 100vw, 775px\" \/><figcaption class=\"wp-element-caption\"><mark style=\"background-color:rgba(0, 0, 0, 0)\" class=\"has-inline-color has-ast-global-color-0-color\">Odete Amaral e Golden Boys cantam nos est\u00fadios da TV Tupi. Foto de Cordeiro, 1957.<br>Acervo MIS RJ. Cole\u00e7\u00e3o Odete Amaral.<\/mark><\/figcaption><\/figure>\n\n\n\n<p>A cantora Odete Amaral nasceu em 28 de abril de 1917, na cidade de Niter\u00f3i, no estado do Rio de Janeiro. Casada com o tamb\u00e9m cantor Ciro Monteiro, recebeu de C\u00e9sar Ladeira o apelido de&nbsp;<em>A voz tropical<\/em>.<\/p>\n\n\n\n<p>Int\u00e9rprete de choros e sambas, Odete Amaral trabalhou em diversas r\u00e1dios brasileiras como a&nbsp;<em>R\u00e1dio Clube do Brasil, R\u00e1dio Philips, R\u00e1dio Sociedade, Mayrink Veiga, Mundial e R\u00e1dio Tupi<\/em>. Participou do filme&nbsp;<em>O samba da vida<\/em>, de Lu\u00eds de Barros, produzido pela&nbsp;<em>Cin\u00e9dia<\/em>. Seus grandes sucessos como int\u00e9rprete foram o choro&nbsp;<em>Murmurand<\/em>o, o samba&nbsp;<em>Vem, amor<\/em>, o samba-can\u00e7\u00e3o&nbsp;<em>Carteiro,<\/em>&nbsp;de Lupic\u00ednio Rodrigues e,&nbsp;<em>Colibri<\/em>&nbsp;e&nbsp;<em>Foi de madrugada<\/em>, de Ary Barroso.<\/p>\n\n\n\n<p>Pelo tom afinado de sua voz, foi convidada a participar de coros de grava\u00e7\u00f5es de cantores famosos contempor\u00e2neos seus, como Carlos Galhardo, S\u00edlvio Caldas, Francisco Alves, Carmen Miranda e Dircinha Batista.<\/p>\n\n\n\n<p>Faleceu em 11 de outubro de 1984, no Rio de Janeiro.<\/p>\n\n\n\n<p>A cole\u00e7\u00e3o Odete Amaral foi doada ao MIS RJ no final da d\u00e9cada de 1980 e \u00e9 constitu\u00edda por fotografias \u2013 em sua maioria da pr\u00f3pria Odete, partituras, discos \u2013 dentre os quais 73 interpretados pela cantora, documentos textuais e tridimensionais, tais como trof\u00e9us e faixas recebidos por ela.<\/p>\n\n\n\n<h2 class=\"wp-block-heading\"><strong>D\u00c9CADA DE 1990<\/strong><\/h2>\n\n\n\n<h2 class=\"wp-block-heading\"><strong>Nova sede Lapa e reforma do pr\u00e9dio da Pra\u00e7a XV<\/strong><\/h2>\n\n\n\n<figure class=\"wp-block-image size-full is-resized\"><img loading=\"lazy\" decoding=\"async\" width=\"585\" height=\"1024\" src=\"https:\/\/fmis.rj.gov.br\/v1\/wp-content\/uploads\/2024\/10\/17_Nova-Sede-Lapa.jpg\" alt=\"\" class=\"wp-image-625\" style=\"width:800px\" srcset=\"https:\/\/fmis.rj.gov.br\/v1\/wp-content\/uploads\/2024\/10\/17_Nova-Sede-Lapa.jpg 585w, https:\/\/fmis.rj.gov.br\/v1\/wp-content\/uploads\/2024\/10\/17_Nova-Sede-Lapa-171x300.jpg 171w\" sizes=\"auto, (max-width: 585px) 100vw, 585px\" \/><figcaption class=\"wp-element-caption\"><mark style=\"background-color:rgba(0, 0, 0, 0)\" class=\"has-inline-color has-ast-global-color-0-color\">Sede Lapa do Museu da Imagem e do Som do Rio de Janeiro, quando da inaugura\u00e7\u00e3o oficial da exposi\u00e7\u00e3o&nbsp;<em>Pixinguinha eterno, carinhoso mestre<\/em>, em 05 de novembro de 2021, que marcou tamb\u00e9m a estreia da ilumina\u00e7\u00e3o especial da arte em grafite do Pixinguinha, realizado pelo artista Caz\u00e9 e o projeto Negro Muro. &nbsp;<br>Acervo MIS. Assessoria de Comunica\u00e7\u00e3o.<\/mark><\/figcaption><\/figure>\n\n\n\n<p>Em 1990, ap\u00f3s um inc\u00eandio que amea\u00e7ou a integridade do acervo, a sede da Pra\u00e7a XV passou por uma grande restaura\u00e7\u00e3o que lhe devolveu o estilo ecl\u00e9tico original. Nesse mesmo ano, o MIS come\u00e7ou a ocupar outro edif\u00edcio, na Rua Visconde de Maranguape, no bairro da Lapa. Se a primeira sede guarda os acervos iconogr\u00e1ficos e audiovisuais, a segunda abriga os acervos sonoros, textuais, partituras e tridimensionais. Na sede Lapa encontram-se tamb\u00e9m a administra\u00e7\u00e3o e a antiga sala de pesquisa, atual Centro de Pesquisa e Documenta\u00e7\u00e3o Ricardo Cravo Albin. O edif\u00edcio iluminado, bem como o painel do Pixinguinha em sua lateral direita \u00e9 bem posterior e datam de 2021.<\/p>\n\n\n\n<h2 class=\"wp-block-heading\"><strong>Cole\u00e7\u00e3o Nara Le\u00e3o<\/strong><\/h2>\n\n\n\n<figure class=\"wp-block-image size-full is-resized\"><img loading=\"lazy\" decoding=\"async\" width=\"796\" height=\"535\" src=\"https:\/\/fmis.rj.gov.br\/v1\/wp-content\/uploads\/2024\/10\/18_Col-NL.jpg\" alt=\"\" class=\"wp-image-626\" style=\"width:800px\" srcset=\"https:\/\/fmis.rj.gov.br\/v1\/wp-content\/uploads\/2024\/10\/18_Col-NL.jpg 796w, https:\/\/fmis.rj.gov.br\/v1\/wp-content\/uploads\/2024\/10\/18_Col-NL-300x202.jpg 300w, https:\/\/fmis.rj.gov.br\/v1\/wp-content\/uploads\/2024\/10\/18_Col-NL-768x516.jpg 768w\" sizes=\"auto, (max-width: 796px) 100vw, 796px\" \/><figcaption class=\"wp-element-caption\"><mark style=\"background-color:rgba(0, 0, 0, 0)\" class=\"has-inline-color has-ast-global-color-0-color\">Nara Le\u00e3o, Jo\u00e3o do Vale e Z\u00e9 Keti no Show Opini\u00e3o, 12\/1964.<br>Acervo MIS. Cole\u00e7\u00e3o Nara Le\u00e3o.<\/mark><\/figcaption><\/figure>\n\n\n\n<p>Nara Lofego Le\u00e3o nasceu no dia 19 de janeiro de 1942, na cidade de Vit\u00f3ria, no Esp\u00edrito Santo. Sua fam\u00edlia mudou-se para o Rio de Janeiro quando ela tinha um ano de idade.<\/p>\n\n\n\n<p>Aluna de viol\u00e3o dos professores Solon Ayala e Patr\u00edcio Teixeira, Nara iniciou sua carreira art\u00edstica no in\u00edcio dos anos 1960, ao lado de Vinicius de Moraes e Carlos Lyra, na com\u00e9dia&nbsp;<em>Pobre menina rica<\/em>. Sua consagra\u00e7\u00e3o como cantora, contudo, se deu ap\u00f3s o golpe militar de 1964, com o show&nbsp;<em>Opini\u00e3o<\/em>, junto com Z\u00e9 Keti e Jo\u00e3o do Valle. Em 1966, interpreta&nbsp;<em>A banda<\/em>, de Chico Buarque, can\u00e7\u00e3o vitoriosa do&nbsp;<em>Festival da Record<\/em>.<\/p>\n\n\n\n<p>Nara Le\u00e3o foi uma das pioneiras do movimento musical que se tornou mundialmente conhecido como Bossa Nova. Int\u00e9rprete de compositores nacionais que se tornaram famosos como Tom Jobim, Carlos Lyra, Vinicius de Moraes, Chico Buarque, Edu Lobo e Cartola, Nara tinha um repert\u00f3rio ecl\u00e9tico e deixou sucessos inesquec\u00edveis como&nbsp;<em>Diz que fui por a\u00ed<\/em>,&nbsp;<em>Com a\u00e7\u00facar e com afeto<\/em>,&nbsp;<em>Um cantinho e um viol\u00e3o<\/em>&nbsp;e&nbsp;<em>Garota de Ipanema<\/em>.<\/p>\n\n\n\n<p>Casada com o cineasta Carlos Diegues, Nara morou tr\u00eas anos em Paris, durante a \u00e9poca da ditadura militar.<\/p>\n\n\n\n<p>Faleceu em 7 de junho de 1989.<\/p>\n\n\n\n<p>A cole\u00e7\u00e3o Nara Le\u00e3o, doada ao MIS em 6 de novembro de 1990 por Carlos Diegues, \u00e9 constitu\u00edda por fotografias, documentos textuais, partituras e objetos tridimensionais, entre eles 10 trof\u00e9us.<\/p>\n\n\n\n<h2 class=\"wp-block-heading\"><strong>Tombamento da sede Pra\u00e7a XV pelo Instituto Estadual do Patrim\u00f4nio Cultural \u2013 INEPAC<\/strong><\/h2>\n\n\n\n<figure class=\"wp-block-image size-full is-resized\"><img loading=\"lazy\" decoding=\"async\" width=\"929\" height=\"610\" src=\"https:\/\/fmis.rj.gov.br\/v1\/wp-content\/uploads\/2024\/10\/19_Sede-Praca-XV-Tombamento.jpg\" alt=\"\" class=\"wp-image-627\" style=\"width:800px\" srcset=\"https:\/\/fmis.rj.gov.br\/v1\/wp-content\/uploads\/2024\/10\/19_Sede-Praca-XV-Tombamento.jpg 929w, https:\/\/fmis.rj.gov.br\/v1\/wp-content\/uploads\/2024\/10\/19_Sede-Praca-XV-Tombamento-300x197.jpg 300w, https:\/\/fmis.rj.gov.br\/v1\/wp-content\/uploads\/2024\/10\/19_Sede-Praca-XV-Tombamento-768x504.jpg 768w\" sizes=\"auto, (max-width: 929px) 100vw, 929px\" \/><figcaption class=\"wp-element-caption\"><mark style=\"background-color:rgba(0, 0, 0, 0)\" class=\"has-inline-color has-ast-global-color-0-color\">Sede da Pra\u00e7a XV ap\u00f3s a conclus\u00e3o da reforma e do tombamento definitivo em 1992.<br>Acervo MIS RJ. Setor Institucional.<\/mark><\/figcaption><\/figure>\n\n\n\n<p>Em 18 de mar\u00e7o de 1992, o Museu da Imagem e do Som do Rio de Janeiro foi tombado definitivamente pelo Instituto Estadual do Patrim\u00f4nio Cultural (INEPAC). No&nbsp;&nbsp; processo n\u00famero: E-03\/300.230\/88, iniciado em 19 de outubro de 1988, a sede do MIS Pra\u00e7a XV, originalmente constru\u00edda em 1922 para ser utilizada como pavilh\u00e3o do Distrito Federal na Exposi\u00e7\u00e3o Nacional Comemorativa do Centen\u00e1rio da Independ\u00eancia, \u00e9 finalmente conclu\u00edda. O autor do projeto arquitet\u00f4nico do futuro MIS, o arquiteto Raphael Rebecchi, idealizou-o no estilo Lu\u00eds XVI. Atrav\u00e9s dos anos, por\u00e9m, foi despojado de parte significativa de seus ornatos. Concebido como constru\u00e7\u00e3o tempor\u00e1ria, apresenta sistema construtivo bastante incomum, com paredes em estrutura de madeira e fechamentos em argamassa aplicada sobre tela&nbsp;<em>deployer<\/em>. Abrigou a administra\u00e7\u00e3o do Instituto M\u00e9dico Legal e do Servi\u00e7o de Registro dos Estrangeiros. Em 1965, entre as comemora\u00e7\u00f5es do IV Centen\u00e1rio da Funda\u00e7\u00e3o da Cidade do Rio de Janeiro, foi nele instalado o Museu da Imagem e do Som. O tombamento provis\u00f3rio data de 19.10.1988 e o tombamento definitivo de 18.03.1992.<\/p>\n\n\n\n<h2 class=\"wp-block-heading\"><strong>Cole\u00e7\u00e3o Abel Ferreira<\/strong><\/h2>\n\n\n\n<figure class=\"wp-block-image size-full is-resized\"><img loading=\"lazy\" decoding=\"async\" width=\"521\" height=\"712\" src=\"https:\/\/fmis.rj.gov.br\/v1\/wp-content\/uploads\/2024\/10\/20_Col-AF.jpg\" alt=\"\" class=\"wp-image-628\" style=\"width:800px\" srcset=\"https:\/\/fmis.rj.gov.br\/v1\/wp-content\/uploads\/2024\/10\/20_Col-AF.jpg 521w, https:\/\/fmis.rj.gov.br\/v1\/wp-content\/uploads\/2024\/10\/20_Col-AF-220x300.jpg 220w\" sizes=\"auto, (max-width: 521px) 100vw, 521px\" \/><figcaption class=\"wp-element-caption\"><mark style=\"background-color:rgba(0, 0, 0, 0)\" class=\"has-inline-color has-ast-global-color-0-color\">M\u00fasico e compositor Waldir Azevedo e o instrumentista Abel Ferreira em apresenta\u00e7\u00e3o musical.<br>Acervo MIS RJ. Cole\u00e7\u00e3o Waldyr Azevedo.<\/mark><\/figcaption><\/figure>\n\n\n\n<p>Compositor e instrumentista de sax e clarineta, Abel Ferreira \u00e9 autor de choros que se tornaram cl\u00e1ssicos do repert\u00f3rio popular brasileiro, como Acariciando e Doce melodia. Nascido em 13 de fevereiro de 1915, em Coromandel, Minas Gerais, Abel desenvolveu sua carreira entre Minas e S\u00e3o Paulo, onde estreou seu primeiro disco, em 1942, interpretando no clarinete o choro Chorando baixinho, que se tornou seu grande sucesso.<\/p>\n\n\n\n<p>Em 1943, transfere-se para o Rio de Janeiro, atuando em conjuntos musicais famosos de seu tempo, como o de Valdir Azevedo e o do pianista Ben\u00e9 Nunes, tendo tamb\u00e9m participado de grandes orquestras como a de Rui Rei e a de Ferreira Filho, no Cassino da Urca. Mais tarde, constituiu seu pr\u00f3prio grupo, divulgando a m\u00fasica brasileira pelo Brasil e pelo mundo. Foi tamb\u00e9m respons\u00e1vel pelo acompanhamento musical de int\u00e9rpretes nacionais famosos como S\u00edlvio Caldas, Francisco Alves, Orlando Silva, Marlene, Emilinha e Beth Carvalho.<\/p>\n\n\n\n<p>Faleceu em 13 de abril de 1980, no Rio de Janeiro.<\/p>\n\n\n\n<p>&nbsp;A cole\u00e7\u00e3o Abel Ferreira foi doada ao MIS pelos filhos do compositor em 1995 e inclui, al\u00e9m de outras pe\u00e7as, dois dos seus instrumentos musicais (saxofone e clarinete).<\/p>\n\n\n\n<h2 class=\"wp-block-heading\"><strong>Cole\u00e7\u00e3o Jurandyr Noronha<\/strong><\/h2>\n\n\n\n<figure class=\"wp-block-image size-full is-resized\"><img loading=\"lazy\" decoding=\"async\" width=\"1024\" height=\"788\" src=\"https:\/\/fmis.rj.gov.br\/v1\/wp-content\/uploads\/2024\/10\/21_Col-JN-1024x788-1.jpg\" alt=\"\" class=\"wp-image-629\" style=\"width:800px\" srcset=\"https:\/\/fmis.rj.gov.br\/v1\/wp-content\/uploads\/2024\/10\/21_Col-JN-1024x788-1.jpg 1024w, https:\/\/fmis.rj.gov.br\/v1\/wp-content\/uploads\/2024\/10\/21_Col-JN-1024x788-1-300x231.jpg 300w, https:\/\/fmis.rj.gov.br\/v1\/wp-content\/uploads\/2024\/10\/21_Col-JN-1024x788-1-768x591.jpg 768w\" sizes=\"auto, (max-width: 1024px) 100vw, 1024px\" \/><figcaption class=\"wp-element-caption\"><mark style=\"background-color:rgba(0, 0, 0, 0)\" class=\"has-inline-color has-ast-global-color-0-color\">Cena do filme&nbsp;<em>O pagador de promessas<\/em>, 1962.<br>Acervo MIS RJ. Cole\u00e7\u00e3o Jurandyr Noronha.<\/mark><\/figcaption><\/figure>\n\n\n\n<p>Jurandyr Passos Noronha nasceu em 1916, em Juiz de Fora.<\/p>\n\n\n\n<p>Cinegrafista, montador, redator, roteirista e diretor de filmes, Jurandyr Noronha trabalhou no Instituto Nacional de Cinema, na Embrafilme e em diversas produtoras independentes.<\/p>\n\n\n\n<p>Autor dos livros No tempo da manivela, Pioneiros do cinema brasileiro e A longa luta do cinema brasileiro, tamb\u00e9m produziu curtas e m\u00e9dias metragens, al\u00e9m dos longas&nbsp;&nbsp;<em>Panorama do cinema brasileiro<\/em>,&nbsp;<em>C\u00f4micos e mais c\u00f4micos<\/em>&nbsp;e&nbsp;<em>70 anos de Brasil.<\/em>&nbsp;Em sua trajet\u00f3ria reuniu uma vasta documenta\u00e7\u00e3o sobre o cinema nacional, com produ\u00e7\u00f5es que remontam ao ciclo dos Falantes e cantantes e revelam toda a evolu\u00e7\u00e3o da ind\u00fastria cinematogr\u00e1fica no pa\u00eds.<\/p>\n\n\n\n<p>A cole\u00e7\u00e3o Jurandyr Noronha, comprada pela Light em 1991 e doada ao MIS RJ em 1997, \u00e9 constitu\u00edda por document\u00e1rios hist\u00f3ricos e filmes de fic\u00e7\u00e3o em 16 e 35 mm, assim como de cenas do cotidiano carioca, como a Cinel\u00e2ndia em 1920, a Avenida Rio Branco, a Praia do Flamengo, Copacabana e o Carnaval de 1940. S\u00e3o mais de 200 pel\u00edculas de filmes document\u00e1rios e de fic\u00e7\u00e3o, aproximadamente, 4000 fotografias de filmes, est\u00fadios, equipamentos, salas de exibi\u00e7\u00e3o e personalidades do cinema nacional e estrangeiro; al\u00e9m de documentos textuais e bibliogr\u00e1ficos.<\/p>\n\n\n\n<p>Jurandyr Noronha faleceu em 10 de maio de 2015, no Rio de Janeiro.<\/p>\n\n\n\n<h2 class=\"wp-block-heading\"><strong>Cole\u00e7\u00e3o Jorge Murad<\/strong><\/h2>\n\n\n\n<figure class=\"wp-block-image size-full is-resized\"><img loading=\"lazy\" decoding=\"async\" width=\"597\" height=\"799\" src=\"https:\/\/fmis.rj.gov.br\/v1\/wp-content\/uploads\/2024\/10\/22_Col_JM.jpg\" alt=\"\" class=\"wp-image-630\" style=\"width:800px\" srcset=\"https:\/\/fmis.rj.gov.br\/v1\/wp-content\/uploads\/2024\/10\/22_Col_JM.jpg 597w, https:\/\/fmis.rj.gov.br\/v1\/wp-content\/uploads\/2024\/10\/22_Col_JM-224x300.jpg 224w\" sizes=\"auto, (max-width: 597px) 100vw, 597px\" \/><figcaption class=\"wp-element-caption\"><mark style=\"background-color:rgba(0, 0, 0, 0)\" class=\"has-inline-color has-ast-global-color-0-color\">Jorge Murad vestido como o personagem&nbsp;<em>Salom\u00e3o<\/em>&nbsp;do programa&nbsp;<em>A Pens\u00e3o do Salom\u00e3o,<\/em>&nbsp;da TV Tupi. Jorge Murad comandou o programa por quase 30 anos!<br>Acervo MIS RJ. Cole\u00e7\u00e3o Jorge Murad.<\/mark><\/figcaption><\/figure>\n\n\n\n<p>Jorge Murad nasceu em 13 de abril de 1910, no Rio de Janeiro.<\/p>\n\n\n\n<p>Radialista, humorista consagrado, trovador, autor de livros e de pe\u00e7as teatrais, al\u00e9m de produtor de televis\u00e3o e compositor de sambas e marchinhas, Jorge Murad iniciou sua carreira em 1929, apresentando-se no Programa Cas\u00e9.<\/p>\n\n\n\n<p>Animador de programas na R\u00e1dio Clube e na R\u00e1dio Phillips, recebeu o apelido de o Sult\u00e3o da alegria por seu repert\u00f3rio de anedotas, em programas que se tornaram famosos como&nbsp;<em>Fala meu louro<\/em>&nbsp;e&nbsp;<em>Pens\u00e3o do Salom\u00e3o<\/em>, l\u00edder em audi\u00eancia na \u00e9poca. Autor das pe\u00e7as teatrais&nbsp;<em>Carioca da gema, Rumo \u00e0 Turquia&nbsp;<\/em>e<em>&nbsp;Dois bo\u00eamios do outro mundo<\/em>, escreveu tamb\u00e9m v\u00e1rios livros humor\u00edsticos como&nbsp;<em>Salada de risos, Salom\u00e3o a varejo&nbsp;<\/em>e<em>&nbsp;Anedotas de guerra<\/em>, tendo sido, por esse \u00faltimo, laureado com a Cruz de Guerra, durante a 2\u00aa Guerra Mundial. No cinema nacional atuou em filmes como:&nbsp;<em>Al\u00f4, al\u00f4, Brasil, Al\u00f4,<\/em>&nbsp;<em>al\u00f4, carnaval e Banana da terra.<\/em><\/p>\n\n\n\n<p>Faleceu no dia 25 de abril de 1998, no Rio de Janeiro.<\/p>\n\n\n\n<p>A Cole\u00e7\u00e3o Jorge Murad foi doada ao MIS RJ em 1999\/2000.<\/p>\n\n\n\n<h2 class=\"wp-block-heading\"><strong>D\u00c9CADA DE 2000<\/strong><\/h2>\n\n\n\n<h2 class=\"wp-block-heading\"><strong>Cole\u00e7\u00e3o S\u00e9rgio Cabral<\/strong><\/h2>\n\n\n\n<figure class=\"wp-block-image size-full is-resized\"><img loading=\"lazy\" decoding=\"async\" width=\"1024\" height=\"752\" src=\"https:\/\/fmis.rj.gov.br\/v1\/wp-content\/uploads\/2024\/10\/23_Col-SC-1024x752-1.jpg\" alt=\"\" class=\"wp-image-631\" style=\"width:800px\" srcset=\"https:\/\/fmis.rj.gov.br\/v1\/wp-content\/uploads\/2024\/10\/23_Col-SC-1024x752-1.jpg 1024w, https:\/\/fmis.rj.gov.br\/v1\/wp-content\/uploads\/2024\/10\/23_Col-SC-1024x752-1-300x220.jpg 300w, https:\/\/fmis.rj.gov.br\/v1\/wp-content\/uploads\/2024\/10\/23_Col-SC-1024x752-1-768x564.jpg 768w\" sizes=\"auto, (max-width: 1024px) 100vw, 1024px\" \/><figcaption class=\"wp-element-caption\"><mark style=\"background-color:rgba(0, 0, 0, 0)\" class=\"has-inline-color has-ast-global-color-0-color\">Vin\u00edcius de Moraes, Tom Jobim, Jo\u00e3o Gilberto e o quarteto Os Cariocas no show&nbsp;<em>Um Encontro<\/em>&nbsp;no restaurante&nbsp;<em>Au Bon Gourmet<\/em>. O restaurante&nbsp;<em>Au Bon Gourmet<\/em>&nbsp;era localizado na Avenida Nossa Senhora de Copacabana e foi palco da grava\u00e7\u00e3o no dia 02 de agosto de 1962, que marca a primeira execu\u00e7\u00e3o da m\u00fasica Garota de Ipanema. Desse show, resultou o \u00e1lbum&nbsp;<em>Um Encontro No Au Bon Gourmet<\/em>&nbsp;lan\u00e7ado em 2015 pela gravadora Doxy Records.<br>Acervo MIS RJ. Cole\u00e7\u00e3o S\u00e9rgio Cabral.<\/mark><\/figcaption><\/figure>\n\n\n\n<p>S\u00e9rgio Cabral Santos nasceu em 27 de maio de 1937, no Rio de Janeiro. Criou-se no sub\u00farbio da cidade, no bairro de Cavalcanti, onde despertou sua paix\u00e3o pelo Vasco da Gama e o seu gosto pela m\u00fasica popular brasileira.<\/p>\n\n\n\n<p>Iniciou sua carreira profissional em 1957 como jornalista do Di\u00e1rio da Noite. Foi rep\u00f3rter, redator e cronista em quase todos os jornais do Rio de Janeiro, assim como em emissoras de televis\u00e3o. Foi um dos fundadores do peri\u00f3dico&nbsp;<em>O Pasquim<\/em>, em 1969, em plena ditadura militar.<\/p>\n\n\n\n<p>Produziu diversos discos e comp\u00f4s em parceria com outros sambistas, dentre os quais Rildo Hora, no samba&nbsp;<em>Os meninos da Mangueira<\/em>, sucesso em 1977. Neste per\u00edodo iniciou a atividade de pesquisador e escritor, tendo publicado diversas obras, principalmente biografias:&nbsp;<em>Escolas de samba: o que, quem, onde e por qu\u00ea<\/em>, em 1974;&nbsp;<em>Pixinguinha, vida e obra<\/em>, em 1978;&nbsp;<em>Tom Jobim<\/em>, em 1987;&nbsp;<em>No tempo de Almirante<\/em>, em 1991;&nbsp;<em>No tempo de Ary Barroso<\/em>, em 1993;&nbsp;<em>Elisete Cardoso, vida e obra<\/em>, em 1994;&nbsp;<em>As escolas de samba do Rio de Janeiro<\/em>, em 1996;&nbsp;<em>A m\u00fasica popular brasileira na era do r\u00e1dio<\/em>, tamb\u00e9m em 1996;&nbsp;<em>Ant\u00f4nio Carlos Jobim \u2014 uma biografia<\/em>, em 1997;&nbsp;<em>Livro do centen\u00e1rio do Clube de Regatas Vasco da Gama<\/em>, em 1998;&nbsp;<em>Mangueira \u2014 na\u00e7\u00e3o verde e rosa<\/em>, em 1998;&nbsp;<em>Nara Le\u00e3o \u2014 uma biografia<\/em>, em 2001; e, em 2007,&nbsp;<em>Grande Otelo \u2014 uma biografia<\/em>.<\/p>\n\n\n\n<p>Paralelo \u00e0 atividade jornal\u00edstica, atuou na pol\u00edtica carioca, tendo sido vereador, secret\u00e1rio municipal de esporte e lazer e conselheiro do Tribunal de Contas do munic\u00edpio do Rio de Janeiro.<\/p>\n\n\n\n<p>\u00c9 autor, em parceria com Rosa Maria Ara\u00fajo, do musical&nbsp;<em>Sassaricando<\/em>&nbsp;\u2013&nbsp;<em>e o Rio inventou a marchinha<\/em>, grande sucesso no Rio de Janeiro e em outras capitais do Brasil. S\u00e9rgio Cabral representa a s\u00edntese do que se conhece como esp\u00edrito carioca, tendo se interessado pelas tr\u00eas grandes voca\u00e7\u00f5es da cidade: o samba, o carnaval e o futebol. Ao completar 70 anos, em 2007, doou sua cole\u00e7\u00e3o ao MIS.<\/p>\n\n\n\n<p>Em 2015, doou um conjunto documental para complementar o j\u00e1 existente, de recortes de jornal.<\/p>\n\n\n\n<p>Em 2017, doou CDs e outros itens documentais.<\/p>\n\n\n\n<p>A cole\u00e7\u00e3o S\u00e9rgio Cabral \u00e9 constitu\u00edda por documentos textuais e iconogr\u00e1ficos; partituras; discos; material bibliogr\u00e1fico e objetos tridimensionais, onde encontram-se medalhas e faixas, fruto de homenagens recebidas ao longo de sua vida p\u00fablica.<\/p>\n\n\n\n<h2 class=\"wp-block-heading\"><strong>Cole\u00e7\u00e3o Zez\u00e9 Gonzaga<\/strong><\/h2>\n\n\n\n<figure class=\"wp-block-image size-full is-resized\"><img loading=\"lazy\" decoding=\"async\" width=\"676\" height=\"1024\" src=\"https:\/\/fmis.rj.gov.br\/v1\/wp-content\/uploads\/2024\/10\/24_Col-ZG-676x1024-1.jpg\" alt=\"\" class=\"wp-image-632\" style=\"width:800px\" srcset=\"https:\/\/fmis.rj.gov.br\/v1\/wp-content\/uploads\/2024\/10\/24_Col-ZG-676x1024-1.jpg 676w, https:\/\/fmis.rj.gov.br\/v1\/wp-content\/uploads\/2024\/10\/24_Col-ZG-676x1024-1-198x300.jpg 198w\" sizes=\"auto, (max-width: 676px) 100vw, 676px\" \/><figcaption class=\"wp-element-caption\"><mark style=\"background-color:rgba(0, 0, 0, 0)\" class=\"has-inline-color has-ast-global-color-0-color\">Zez\u00e9 Gonzaga e Ala\u00edde Costa em 14 de mar\u00e7o de 1958.<br>Acervo MIS RJ. Cole\u00e7\u00e3o Zez\u00e9 Gonzaga.<\/mark><\/figcaption><\/figure>\n\n\n\n<p>Maria Jos\u00e9 Gonzaga nasceu em Manhua\u00e7u, Minas Gerais, em 3 de setembro de 1926.<\/p>\n\n\n\n<p>Iniciou sua carreira art\u00edstica ainda na inf\u00e2ncia, participando do programa de calouros de Ary Barroso na R\u00e1dio Nacional, onde veio a ser contratada e integrou diversos conjuntos vocais, como As moreninhas e os Cantores do c\u00e9u. Zez\u00e9 chegou a ser a cantora mais tocada da R\u00e1dio Nacional e tornou-se uma das mais famosas int\u00e9rpretes da chamada era do r\u00e1dio. Na R\u00e1dio, al\u00e9m de samba, Zez\u00e9 Gonzaga costumava interpretar m\u00fasicas eruditas do maestro Radam\u00e9s Gnattali e de Villa-Lobos. Com uma voz prop\u00edcia \u00e0 m\u00fasica cl\u00e1ssica, chegou a estudar canto l\u00edrico, embora n\u00e3o tenha seguido carreira. Em 1956 lan\u00e7a seu primeiro LP, intitulado Zez\u00e9 Gonzaga. Ainda jovem, aos 45 anos, decide abandonar a carreira art\u00edstica e passa a se dedicar a outras atividades. Ap\u00f3s alguns anos afastada, volta \u00e0 cena art\u00edstica com o apoio de Herm\u00ednio Bello de Carvalho e lan\u00e7a, em 1979, um LP com can\u00e7\u00f5es do amigo e compositor Valzinho e acompanhamento de Radam\u00e9s Gnattali. Prosseguiu a carreira fazendo shows, recitais, turn\u00eas e participando de grava\u00e7\u00f5es especiais. Seus dois \u00faltimos trabalhos foram, em 1999, o CD&nbsp;<em>Cl\u00e1ssicos<\/em>, gravado em dupla com Jane Duboc e seu primeiro CD solo&nbsp;<em>Sou apenas uma senhora que ainda canta<\/em>, lan\u00e7ado em 2002.<\/p>\n\n\n\n<p>Faleceu na cidade do Rio de Janeiro, em 2008.<\/p>\n\n\n\n<p>Em 2008, foi doada ao MIS a Cole\u00e7\u00e3o de Zez\u00e9 Gonzaga. Sua cole\u00e7\u00e3o \u00e9 composta de discos, fitas, livros, v\u00eddeos, documentos textuais e objetos tridimensionais, tais como trof\u00e9us e placas.<\/p>\n\n\n\n<h2 class=\"wp-block-heading\"><strong>Cole\u00e7\u00e3o da Discoteca P\u00fablica do Distrito Federal<\/strong><\/h2>\n\n\n\n<figure class=\"wp-block-image size-full is-resized\"><img loading=\"lazy\" decoding=\"async\" width=\"709\" height=\"960\" src=\"https:\/\/fmis.rj.gov.br\/v1\/wp-content\/uploads\/2024\/10\/25_Col-DPDF.jpg\" alt=\"\" class=\"wp-image-633\" style=\"width:800px\" srcset=\"https:\/\/fmis.rj.gov.br\/v1\/wp-content\/uploads\/2024\/10\/25_Col-DPDF.jpg 709w, https:\/\/fmis.rj.gov.br\/v1\/wp-content\/uploads\/2024\/10\/25_Col-DPDF-222x300.jpg 222w\" sizes=\"auto, (max-width: 709px) 100vw, 709px\" \/><figcaption class=\"wp-element-caption\"><mark style=\"background-color:rgba(0, 0, 0, 0)\" class=\"has-inline-color has-ast-global-color-0-color\">Retrato do compositor Carlos Gomes. Nascido em Campinas, S\u00e3o Paulo, em 11 de julho de 1836, Carlos Gomes \u00e9 considerado o maior compositor brasileiro de \u00f3pera e o autor da famosa obra&nbsp;<em>O Guarani<\/em>&nbsp;(1870), cuja abertura \u00e9 a vinheta do programa de r\u00e1dio&nbsp;<em>A Voz do Brasil<\/em>. Faleceu em Bel\u00e9m, Par\u00e1, em 16 de setembro de 1896.<br>Acervo MIS RJ. Cole\u00e7\u00e3o S\u00e9rgio Cabral.<\/mark><\/figcaption><\/figure>\n\n\n\n<p>A Discoteca P\u00fablica do Distrito Federal foi fundada em 1941 com a finalidade de propiciar cultura musical ao povo carioca.<\/p>\n\n\n\n<p>As grava\u00e7\u00f5es nela depositadas eram tamb\u00e9m utilizadas pela R\u00e1dio PRD-5, ou R\u00e1dio Educadora do Munic\u00edpio, fundada em 1935 e que se transformaria na R\u00e1dio Roquette-Pinto.<\/p>\n\n\n\n<p>A DPDF teve um efeito multiplicador, estimulando a organiza\u00e7\u00e3o de servi\u00e7os an\u00e1logos em institui\u00e7\u00f5es como a Associa\u00e7\u00e3o dos Servidores Civis do Brasil, o Departamento Federal de Seguran\u00e7a P\u00fablica, o Instituto de Resseguros do Brasil e o Servi\u00e7o de Recrea\u00e7\u00e3o Oper\u00e1ria, do Minist\u00e9rio do Trabalho que, na d\u00e9cada de 1940, organizou e distribuiu aos sindicatos cole\u00e7\u00f5es que compunham a Discoteca M\u00ednima do Trabalhador Brasileiro.<\/p>\n\n\n\n<p>Ao longo dos anos, a DPDF passou por in\u00fameras mudan\u00e7as regimentais e f\u00edsicas, at\u00e9 que em 1988, naquele momento denominada Fonoteca do Estado, teve seu acervo transferido para a Biblioteca P\u00fablica do Estado do Rio de Janeiro, onde permaneceu em prec\u00e1rias condi\u00e7\u00f5es de conserva\u00e7\u00e3o at\u00e9 2009 quando, finalmente, foi transferida para o Museu da Imagem e do Som e passou a integrar o seu acervo sonoro e a receber o necess\u00e1rio tratamento t\u00e9cnico, com vistas \u00e0 conserva\u00e7\u00e3o e \u00e0 divulga\u00e7\u00e3o de seu conte\u00fado.<\/p>\n\n\n\n<p>A cole\u00e7\u00e3o Discoteca P\u00fablica do Distrito Federal \u00e9 composta por mais de 4500 discos.<\/p>\n\n\n\n<h2 class=\"wp-block-heading\"><strong>Cole\u00e7\u00e3o Paulo Tapaj\u00f3s<\/strong><\/h2>\n\n\n\n<figure class=\"wp-block-image size-full is-resized\"><img loading=\"lazy\" decoding=\"async\" width=\"1024\" height=\"713\" src=\"https:\/\/fmis.rj.gov.br\/v1\/wp-content\/uploads\/2024\/10\/26_Col-PT-1024x713-1.jpg\" alt=\"\" class=\"wp-image-634\" style=\"width:800px\" srcset=\"https:\/\/fmis.rj.gov.br\/v1\/wp-content\/uploads\/2024\/10\/26_Col-PT-1024x713-1.jpg 1024w, https:\/\/fmis.rj.gov.br\/v1\/wp-content\/uploads\/2024\/10\/26_Col-PT-1024x713-1-300x209.jpg 300w, https:\/\/fmis.rj.gov.br\/v1\/wp-content\/uploads\/2024\/10\/26_Col-PT-1024x713-1-768x535.jpg 768w\" sizes=\"auto, (max-width: 1024px) 100vw, 1024px\" \/><figcaption class=\"wp-element-caption\"><mark style=\"background-color:rgba(0, 0, 0, 0)\" class=\"has-inline-color has-ast-global-color-0-color\">Paulo Tapaj\u00f3s (de \u00f3culos) e Haroldo Tapaj\u00f3s se apresentam na R\u00e1dio Nacional em 1939.<br>Acervo MIS RJ. Cole\u00e7\u00e3o MIS.<\/mark><\/figcaption><\/figure>\n\n\n\n<p>Paulo Tapaj\u00f3s Gomes, conhecido artisticamente como Paulo Tapaj\u00f3s, nasceu em 20 de outubro de 1913, foi compositor, cantor e radialista. Participou ativamente dos principais acontecimentos da cidade do Rio de Janeiro e da \u00e9poca de ouro do r\u00e1dio brasileiro. Ingressou na R\u00e1dio Nacional em 1942 e se aposentou 32 anos depois, em 1974, naquela que foi a l\u00edder absoluta de audi\u00eancia em todo territ\u00f3rio nacional.<\/p>\n\n\n\n<p>Paulo Tapaj\u00f3s faleceu em 29 de dezembro de 1990.<\/p>\n\n\n\n<p>A Cole\u00e7\u00e3o Paulo Tapaj\u00f3s foi doada pela fam\u00edlia do ao MIS RJ, em 2009.<\/p>\n\n\n\n<p>Em 2014, foi doada a segunda remessa para complementar a cole\u00e7\u00e3o de discos e fitas de \u00e1udio, desse modo, acrescida por mais de 10.000 itens documentais, entre partituras, fotografias, documentos textuais e bibliogr\u00e1ficos.<\/p>\n\n\n\n<p>Em junho de 2021, o Museu da Imagem e do Som do Rio de Janeiro, com o Projeto MIS \u2013 Cole\u00e7\u00e3o Paulo Tapaj\u00f3s, concluiu o arrolamento da Cole\u00e7\u00e3o composta por mais de 17 mil itens distribu\u00eddos em diferentes tipologias.<\/p>\n\n\n\n<h2 class=\"wp-block-heading\"><strong>Cole\u00e7\u00e3o Waldyr Azevedo<\/strong><\/h2>\n\n\n\n<figure class=\"wp-block-image size-full is-resized\"><img loading=\"lazy\" decoding=\"async\" width=\"821\" height=\"588\" src=\"https:\/\/fmis.rj.gov.br\/v1\/wp-content\/uploads\/2024\/10\/28_Col-WA.jpg\" alt=\"\" class=\"wp-image-635\" style=\"width:800px\" srcset=\"https:\/\/fmis.rj.gov.br\/v1\/wp-content\/uploads\/2024\/10\/28_Col-WA.jpg 821w, https:\/\/fmis.rj.gov.br\/v1\/wp-content\/uploads\/2024\/10\/28_Col-WA-300x215.jpg 300w, https:\/\/fmis.rj.gov.br\/v1\/wp-content\/uploads\/2024\/10\/28_Col-WA-768x550.jpg 768w\" sizes=\"auto, (max-width: 821px) 100vw, 821px\" \/><figcaption class=\"wp-element-caption\"><mark style=\"background-color:rgba(0, 0, 0, 0)\" class=\"has-inline-color has-ast-global-color-0-color\">O m\u00fasico e compositor Waldyr Azevedo com os m\u00fasicos Z\u00e9 da Velha, Copinha, Paulo Moura, Abel Ferreira e Joel Nascimento \u00e0 \u00e9poca do show&nbsp;<em>Choro na pra\u00e7a<\/em>, que contava com dire\u00e7\u00e3o de Albino Pinheiro e era realizado no Teatro Jo\u00e3o Caetano, na Pra\u00e7a Tiradentes, em 1977. Do show resultou o lan\u00e7amento do \u00e1lbum duplo de mesmo nome, ainda em 1977.<\/mark><\/figcaption><\/figure>\n\n\n\n<p>Waldir Azevedo nasceu em 27 de janeiro de 1923, no Rio de Janeiro. Apresentou-se em p\u00fablico pela primeira vez com 10 anos, como flautista, tocando&nbsp;<em>Trem Blindado<\/em>, de Jo\u00e3o de Barro.<\/p>\n\n\n\n<p>Adolescente conheceu um grupo de m\u00fasicos e, por influ\u00eancia de seus membros, acabou por trocar a flauta pelo bandolim. Pouco tempo depois trocou o bandolim pelo cavaquinho, instrumento que abandonou quando o viol\u00e3o el\u00e9trico ganhou proje\u00e7\u00e3o no Brasil. Em 1945, ingressou no grupo de Dilermando Reis e participou por dois anos de um programa da R\u00e1dio Clube do Brasil.<\/p>\n\n\n\n<p>Compositor de grandes sucessos, tais como&nbsp;<em>Brasileirinho, Pedacinhos do C\u00e9u, Delicado, Chiquit<\/em>a e&nbsp;<em>V\u00ea Se Gostas<\/em>, teve v\u00e1rias de suas composi\u00e7\u00f5es gravadas no exterior, como nos Estados Unidos, na Alemanha e no Jap\u00e3o. Atuou com grande sucesso at\u00e9 o in\u00edcio da d\u00e9cada de 1960, quando um drama familiar \u2013 a morte de uma filha, em 1964 \u2013 o afasta da cena art\u00edstica.<\/p>\n\n\n\n<p>Faleceu, em S\u00e3o Paulo, em 1980.<\/p>\n\n\n\n<p>A Cole\u00e7\u00e3o Waldyr Azevedo foi doada ao MIS RJ em 2010.<\/p>\n\n\n\n<h2 class=\"wp-block-heading\"><strong>D\u00c9CADA DE 2010<\/strong><\/h2>\n\n\n\n<h2 class=\"wp-block-heading\"><strong>Cole\u00e7\u00e3o Herm\u00ednio Bello de Carvalho<\/strong><\/h2>\n\n\n\n<figure class=\"wp-block-image size-full is-resized\"><img loading=\"lazy\" decoding=\"async\" width=\"813\" height=\"476\" src=\"https:\/\/fmis.rj.gov.br\/v1\/wp-content\/uploads\/2024\/10\/29_Col-HBC.jpg\" alt=\"\" class=\"wp-image-636\" style=\"width:800px\" srcset=\"https:\/\/fmis.rj.gov.br\/v1\/wp-content\/uploads\/2024\/10\/29_Col-HBC.jpg 813w, https:\/\/fmis.rj.gov.br\/v1\/wp-content\/uploads\/2024\/10\/29_Col-HBC-300x176.jpg 300w, https:\/\/fmis.rj.gov.br\/v1\/wp-content\/uploads\/2024\/10\/29_Col-HBC-768x450.jpg 768w\" sizes=\"auto, (max-width: 813px) 100vw, 813px\" \/><figcaption class=\"wp-element-caption\"><mark style=\"background-color:rgba(0, 0, 0, 0)\" class=\"has-inline-color has-ast-global-color-0-color\">Compositor Paulo Cesar Pinheiro (\u00e0 esquerda) e Jo\u00e3o Nogueira durante apresenta\u00e7\u00e3o no programa da TVE \u201c\u00c1gua Viva\u201d, apresentado por Herm\u00ednio Bello de Carvalho. Foto de Luiz Silva, 1977\/78.<br>Acervo MIS RJ. Cole\u00e7\u00e3o Herm\u00ednio Bello de Carvalho.<\/mark><\/figcaption><\/figure>\n\n\n\n<p>Herm\u00ednio Bello de Carvalho \u00e9 compositor, produtor musical, escritor e poeta, al\u00e9m de ter sido respons\u00e1vel pela cria\u00e7\u00e3o e produ\u00e7\u00e3o de projetos culturais inesquec\u00edveis como os espet\u00e1culos Rosas de Ouro (1965), Elizeth Cardoso, Jacob do Bandolim e \u00c9poca de Ouro, e Zimbo Trio no Teatro Jo\u00e3o Caetano (1968), Projeto Pixinguinha (Funarte). Lan\u00e7ou in\u00fameros int\u00e9rpretes no cen\u00e1rio art\u00edstico e resgatou outros tantos, como Aracy Cortes, a grande dama do teatro de revista. Come\u00e7ou sua carreira profissional em 1951 como rep\u00f3rter e colunista de discos da revista&nbsp;<em>R\u00e1dio entrevista<\/em>, atuando, mais tarde, como colaborador das revistas&nbsp;<em>O Cruzeiro<\/em>&nbsp;(Internacional),&nbsp;<em>Leitura<\/em>&nbsp;e&nbsp;<em>Revista da M\u00fasica Popular<\/em>, de Lucio Rangel. Em 1958, come\u00e7ou a trabalhar tamb\u00e9m em r\u00e1dio, produzindo centenas de programas para a R\u00e1dio MEC, como&nbsp;<em>Viol\u00e3o de ontem e de hoje<\/em>,&nbsp;<em>Reminisc\u00eancias do Rio de Janeiro<\/em>&nbsp;e&nbsp;<em>Retratos Musicais<\/em>. Na d\u00e9cada de 1970, atuou como colaborador do jornal&nbsp;<em>O Pasquim<\/em>, assinando ainda, nessa \u00e9poca, v\u00e1rios programas para a TVE, como a s\u00e9rie&nbsp;<em>\u00c1gua Viva<\/em>. Herm\u00ednio n\u00e3o para de criar. A cole\u00e7\u00e3o Herm\u00ednio Bello de Carvalho foi doada ao MIS, pelo pr\u00f3prio, em 2011.<\/p>\n\n\n\n<p>Em 2012, o MIS RJ recebeu a segunda remessa de sua Cole\u00e7\u00e3o.<\/p>\n\n\n\n<h2 class=\"wp-block-heading\"><strong>Cole\u00e7\u00e3o Dorival Caymmi<\/strong><\/h2>\n\n\n\n<figure class=\"wp-block-image size-full is-resized\"><img loading=\"lazy\" decoding=\"async\" width=\"712\" height=\"504\" src=\"https:\/\/fmis.rj.gov.br\/v1\/wp-content\/uploads\/2024\/10\/30_Col-DC.jpg\" alt=\"\" class=\"wp-image-637\" style=\"width:800px\" srcset=\"https:\/\/fmis.rj.gov.br\/v1\/wp-content\/uploads\/2024\/10\/30_Col-DC.jpg 712w, https:\/\/fmis.rj.gov.br\/v1\/wp-content\/uploads\/2024\/10\/30_Col-DC-300x212.jpg 300w\" sizes=\"auto, (max-width: 712px) 100vw, 712px\" \/><figcaption class=\"wp-element-caption\"><mark style=\"background-color:rgba(0, 0, 0, 0)\" class=\"has-inline-color has-ast-global-color-0-color\">Dorival Caymmi e Jorge Amado conversam em sof\u00e1 da casa do escritor, localizada no bairro de Rio Vermelho. Foto de Z\u00e9lia Amado Gattai.<br>Acervo MIS RJ. Cole\u00e7\u00e3o Dorival Caymmi.<\/mark><\/figcaption><\/figure>\n\n\n\n<p>Dorival Caymmi nasceu em 30 de abril de 1914, Salvador, Bahia. Compositor, cantor e pintor, Caymmi, em 1936, venceu concurso de m\u00fasicas de carnaval com o samba&nbsp;<em>A Bahia tamb\u00e9m d\u00e1<\/em>. Dois anos depois, em 1938, embarcou para o Rio de Janeiro, conseguindo emprego como desenhista numa ag\u00eancia de publicidade e come\u00e7a a se apresentar na R\u00e1dio Tupi. Em 1939 a can\u00e7\u00e3o&nbsp;<em>O que \u00e9 que a baiana tem?<\/em>, na voz de Carmen Miranda, torna-se sucesso nacional. Em 1940 trabalha na R\u00e1dio Nacional e conhece a caloura Stella Maris, com quem se casa e tem tr\u00eas filhos: Dinahir Nana (1941), Dorival Dori (1943) e Danilo (1948). Durante 70 anos de carreira deixou 127 composi\u00e7\u00f5es e 17 LPs gravados. Faleceu, no Rio de Janeiro, em 16 de agosto de 2008.<\/p>\n\n\n\n<p>A cole\u00e7\u00e3o foi doada ao MIS em 2011.<\/p>\n\n\n\n<h2 class=\"wp-block-heading\"><strong>Cole\u00e7\u00e3o Luiz Carlos Saroldi<\/strong><\/h2>\n\n\n\n<figure class=\"wp-block-image size-full is-resized\"><img loading=\"lazy\" decoding=\"async\" width=\"1024\" height=\"752\" src=\"https:\/\/fmis.rj.gov.br\/v1\/wp-content\/uploads\/2024\/10\/31_Col-LCS-1024x752-1.jpg\" alt=\"\" class=\"wp-image-638\" style=\"width:800px\" srcset=\"https:\/\/fmis.rj.gov.br\/v1\/wp-content\/uploads\/2024\/10\/31_Col-LCS-1024x752-1.jpg 1024w, https:\/\/fmis.rj.gov.br\/v1\/wp-content\/uploads\/2024\/10\/31_Col-LCS-1024x752-1-300x220.jpg 300w, https:\/\/fmis.rj.gov.br\/v1\/wp-content\/uploads\/2024\/10\/31_Col-LCS-1024x752-1-768x564.jpg 768w\" sizes=\"auto, (max-width: 1024px) 100vw, 1024px\" \/><figcaption class=\"wp-element-caption\"><mark style=\"background-color:rgba(0, 0, 0, 0)\" class=\"has-inline-color has-ast-global-color-0-color\">O cartunista Jaguar no est\u00fadio da R\u00e1dio Jornal do Brasil, participa de programa apresentado por Luiz Carlos Saroldi. Foto de Luiz Morier, 28\/08\/1980.<br>Acervo MIS RJ. Cole\u00e7\u00e3o Luiz Carlos Saroldi.<\/mark><\/figcaption><\/figure>\n\n\n\n<p>Luiz Carlos Saroldi nasceu no Rio de Janeiro, em 15 de setembro de 1931. Radialista, escritor e poeta, Saroldi passou a se interessar por literatura e r\u00e1dio na inf\u00e2ncia. Em meados da d\u00e9cada de 1950, teve sua primeira experi\u00eancia como locutor, na R\u00e1dio Jornal do Brasil. Trabalhou na antiga Universidade do Estado da Guanabara (atual UERJ), como professor de teatro, e na TV Rio. A partir de 1973, atuou na R\u00e1dio Jornal do Brasil, onde passou a produzir e apresentar os programas Noturno e Especial, at\u00e9 meados da d\u00e9cada de 1980. Depois vieram&nbsp;<em>M\u00fasica tamb\u00e9m \u00e9 not\u00edcia<\/em>,&nbsp;<em>Primeiro Plano<\/em>,&nbsp;<em>As dez mais da sua v<\/em>ida e&nbsp;<em>Arte Final Variedades<\/em>, que estreou em 1986. Com bolsa da funda\u00e7\u00e3o Vitae, pesquisa sobre o maxixe e vai trabalhar na R\u00e1dio MEC, onde continuou a produzir e apresentar o programa&nbsp;<em>As dez mais da sua vida<\/em>, cuja \u00faltima edi\u00e7\u00e3o foi ao ar em 1998. Em 1993, assumiu a chefia de programa\u00e7\u00e3o da R\u00e1dio Nacional. At\u00e9 o fim manteve seu interesse pela dramaturgia e pelas pesquisas sobre r\u00e1dio.<\/p>\n\n\n\n<p>Faleceu, no Rio de Janeiro, em 16 de novembro de 2010.<\/p>\n\n\n\n<p>A Cole\u00e7\u00e3o Luiz Carlos Saroldi foi doada ao MIS RJ, pela fam\u00edlia do radialista, em 2012.<\/p>\n\n\n\n<h2 class=\"wp-block-heading\"><strong>Cole\u00e7\u00e3o Braguinha<\/strong><\/h2>\n\n\n\n<figure class=\"wp-block-image size-full is-resized\"><img loading=\"lazy\" decoding=\"async\" width=\"761\" height=\"1024\" src=\"https:\/\/fmis.rj.gov.br\/v1\/wp-content\/uploads\/2024\/10\/32_Col-BRA-761x1024-1.jpg\" alt=\"\" class=\"wp-image-639\" style=\"width:800px\" srcset=\"https:\/\/fmis.rj.gov.br\/v1\/wp-content\/uploads\/2024\/10\/32_Col-BRA-761x1024-1.jpg 761w, https:\/\/fmis.rj.gov.br\/v1\/wp-content\/uploads\/2024\/10\/32_Col-BRA-761x1024-1-223x300.jpg 223w\" sizes=\"auto, (max-width: 761px) 100vw, 761px\" \/><figcaption class=\"wp-element-caption\"><mark style=\"background-color:rgba(0, 0, 0, 0)\" class=\"has-inline-color has-ast-global-color-0-color\">O compositor Braguinha conversa com Jairo Severiano, pesquisador, produtor musical e tamb\u00e9m seu bi\u00f3grafo, em est\u00fadio de grava\u00e7\u00e3o. Com a biografia do compositor Jo\u00e3o de Barro, Jairo Severiano vence o Concurso de Monografias L\u00facio Rangel e tem a obra publicada pela Funarte, em 1987, com o t\u00edtulo&nbsp;<em>Yes, n\u00f3s temos Braguinha,&nbsp;<\/em>quando tamb\u00e9m \u00e9 lan\u00e7ado o \u00e1lbum fonogr\u00e1fico de mesmo nome<em>.<\/em>&nbsp;Foto de Jos\u00e9 Eug\u00eanio.<br>Acervo MIS RJ. Cole\u00e7\u00e3o Braguinha.<\/mark><\/figcaption><\/figure>\n\n\n\n<p>Carlos Alberto Ferreira Braga, nascido no Rio de Janeiro, em 29 de mar\u00e7o de 1907, teve o interesse e a voca\u00e7\u00e3o pela m\u00fasica despertados logo cedo. Aos 16 anos, comp\u00f4s sua primeira obra (letra e m\u00fasica), de nome&nbsp;<em>Vestidinho encarnado<\/em>. Com amigos de col\u00e9gio, em meados de 1928, formou o grupo&nbsp;<em>Flor do Tempo,&nbsp;<\/em>que mais tardese chamaria<em>&nbsp;O Bando de Tangar\u00e1s<\/em>. Formado basicamente por Braguinha, Henrique Brito, Alvinho, Noel Rosa e Almirante, apresentava-se em casas de amigos e em clubes.<\/p>\n\n\n\n<p>Chamado de Carlinhos na fam\u00edlia e de Braguinha pelos amigos, foi com esse grupo que surgiu Jo\u00e3o de Barro. Estudante de arquitetura, inspirou-se no p\u00e1ssaro arquiteto para criar o pseud\u00f4nimo, uma vez que seu pai n\u00e3o queria o nome de fam\u00edlia envolvido com m\u00fasica popular, devido aos preconceitos que marcavam essa \u00e9poca.&nbsp;<em>O Bando de Tangar\u00e1s<\/em>&nbsp;desfez-se em 1933, mas foi durante sua exist\u00eancia que sua carreira come\u00e7ou a se afirmar. Braguinha fez parte da gera\u00e7\u00e3o que cantou e encantou a chamada \u201cEra de Ouro\u201d do carnaval brasileiro (1930-1942). Em 1934, o ent\u00e3o Jo\u00e3o de Barro conheceu duas pessoas que marcariam sua carreira: Alberto Ribeiro, seu maior parceiro, e Wallace Downey, um americano que o conduziu \u00e0 carreira do cinema e \u00e0 ind\u00fastria de discos. Uma das facetas pouco divulgadas de Braguinha foi sua participa\u00e7\u00e3o como roteirista e assistente de dire\u00e7\u00e3o em filmes da Cin\u00e9dia. Juntamente com Alberto Ribeiro, escreveu argumentos e composi\u00e7\u00f5es para a trilha sonora de filmes como&nbsp;<em>Al\u00f4, Al\u00f4, Brasil<\/em>&nbsp;e&nbsp;<em>Estudantes<\/em>, cuja personagem principal, Mimi, foi estrelada por Carmem Miranda.<\/p>\n\n\n\n<p>A Cole\u00e7\u00e3o Braguinha foi doada ao MIS RJ em 08 de novembro de 2013 e \u00e9 composta de centenas de fotografias, discos, fitas K-7, fitas rolo, partituras e documentos textuais, ainda n\u00e3o dispon\u00edveis para consulta, aguardando tratamento t\u00e9cnico.<\/p>\n\n\n\n<h2 class=\"wp-block-heading\"><strong>Cole\u00e7\u00e3o Herivelto Martins<\/strong><\/h2>\n\n\n\n<figure class=\"wp-block-image size-full is-resized\"><img loading=\"lazy\" decoding=\"async\" width=\"896\" height=\"1024\" src=\"https:\/\/fmis.rj.gov.br\/v1\/wp-content\/uploads\/2024\/10\/33_Col-HM-896x1024-1.jpg\" alt=\"\" class=\"wp-image-640\" style=\"width:800px\" srcset=\"https:\/\/fmis.rj.gov.br\/v1\/wp-content\/uploads\/2024\/10\/33_Col-HM-896x1024-1.jpg 896w, https:\/\/fmis.rj.gov.br\/v1\/wp-content\/uploads\/2024\/10\/33_Col-HM-896x1024-1-263x300.jpg 263w, https:\/\/fmis.rj.gov.br\/v1\/wp-content\/uploads\/2024\/10\/33_Col-HM-896x1024-1-768x878.jpg 768w\" sizes=\"auto, (max-width: 896px) 100vw, 896px\" \/><figcaption class=\"wp-element-caption\"><mark style=\"background-color:rgba(0, 0, 0, 0)\" class=\"has-inline-color has-ast-global-color-0-color\">Os cantores do conjunto&nbsp;<em>Trio de Ouro<\/em>, em sua primeira forma\u00e7\u00e3o. Nilo Chagas, Dalva de Oliveira e Herivelto Martins posam para foto, durante cena do show&nbsp;<em>Vem, a Bahia te espera<\/em>. Foto de Carlos.<br>Acervo MIS RJ. Cole\u00e7\u00e3o Herivelto Martins.<\/mark><\/figcaption><\/figure>\n\n\n\n<p>O cantor e compositor Herivelto Martins nasceu no antigo Distrito de Rodeio, atual munic\u00edpio de Engenheiro Paulo de Frontin, no Rio de Janeiro. Seu pai era apaixonado por teatro, e com apenas tr\u00eas anos Herivelto j\u00e1 se apresentava nos espet\u00e1culos promovidos por ele. Ainda crian\u00e7a aprendeu m\u00fasica e fez suas primeiras composi\u00e7\u00f5es aos nove anos. Aos 18 anos resolveu partir para o Rio de Janeiro, para tentar uma carreira art\u00edstica.<\/p>\n\n\n\n<p>Nas in\u00fameras ocupa\u00e7\u00f5es que teve, conheceu sambistas que o levaram \u00e0 gravadora RCA Victor, onde se tornou diretor de coro. Num momento em que o samba ainda n\u00e3o havia descido o morro e chegado \u00e0 cidade, Herivelto foi um importante elemento de liga\u00e7\u00e3o, compondo v\u00e1rios cl\u00e1ssicos do g\u00eanero, eternizados nas vozes de in\u00fameros int\u00e9rpretes, como Francisco Alves, Aracy de Almeida, S\u00edlvio Caldas, Aurora Miranda, Carmen Miranda, Nelson Gon\u00e7alves e muitos outros.<\/p>\n\n\n\n<p>Em 1937 formou com Nilo Chagas e Dalva de Oliveira o Trio de ouro. Sua uni\u00e3o com Dalva foi oficializada em 1939 e durou at\u00e9 1947, quando a separa\u00e7\u00e3o tumultuada do casal determinou o fim do grupo vocal.<\/p>\n\n\n\n<p>Herivelto Martins faleceu de embolia pulmonar em 17 de setembro de 1992, no Rio de Janeiro.<\/p>\n\n\n\n<p>A cole\u00e7\u00e3o foi doada ao MIS no ano de 2013.<\/p>\n\n\n\n<h2 class=\"wp-block-heading\"><strong>Cole\u00e7\u00e3o Nelson Motta<\/strong><\/h2>\n\n\n\n<figure class=\"wp-block-image size-full is-resized\"><img loading=\"lazy\" decoding=\"async\" width=\"936\" height=\"633\" src=\"https:\/\/fmis.rj.gov.br\/v1\/wp-content\/uploads\/2024\/10\/34_Col-NM.jpg\" alt=\"\" class=\"wp-image-641\" style=\"width:800px\" srcset=\"https:\/\/fmis.rj.gov.br\/v1\/wp-content\/uploads\/2024\/10\/34_Col-NM.jpg 936w, https:\/\/fmis.rj.gov.br\/v1\/wp-content\/uploads\/2024\/10\/34_Col-NM-300x203.jpg 300w, https:\/\/fmis.rj.gov.br\/v1\/wp-content\/uploads\/2024\/10\/34_Col-NM-768x519.jpg 768w\" sizes=\"auto, (max-width: 936px) 100vw, 936px\" \/><figcaption class=\"wp-element-caption\"><mark style=\"background-color:rgba(0, 0, 0, 0)\" class=\"has-inline-color has-ast-global-color-0-color\">Cantora e compositora Elza Soares (1930-2022) em close.<br>Acervo MIS RJ. Cole\u00e7\u00e3o Nelson Motta.<\/mark><\/figcaption><\/figure>\n\n\n\n<p>Jornalista, compositor, produtor musical e autor de pe\u00e7as teatrais, Nelson Candido Motta Filho nasceu em S\u00e3o Paulo em 29 de outubro de 1944, mas estudou no Rio de Janeiro, para onde se mudou com sua fam\u00edlia aos seis anos de idade.<\/p>\n\n\n\n<p>Grande conhecedor da m\u00fasica popular brasileira, ainda jovem passou a frequentar os meios musicais, tornando-se amigo de compositores e de int\u00e9rpretes da Bossa Nova. Sempre se dedicando \u00e0 m\u00fasica, trabalhou no&nbsp;<em>Jornal do Brasil, \u00daltima Hora<\/em>&nbsp;e&nbsp;<em>O Globo<\/em>, e tamb\u00e9m na&nbsp;<em>Rede Globo de Televis\u00e3o<\/em>, onde atua at\u00e9 hoje, em uma semanal coluna no&nbsp;<em>Jornal da Globo<\/em>.<\/p>\n\n\n\n<p>Grande incentivador do rock no Brasil, Nelson Motta produziu o festival&nbsp;<em>Hollywood Rock<\/em>, no Rio de Janeiro. Foi tamb\u00e9m respons\u00e1vel pela produ\u00e7\u00e3o de discos e dire\u00e7\u00e3o de shows de Gal Costa, Elba Ramalho, Djavan, Sandra de S\u00e1 e Leila Pinheiro, na d\u00e9cada de 1980.&nbsp; Ainda nos anos de 1980, atuou como roteirista e apresentador, com Eug\u00e9nia Melo e Castro, da s\u00e9rie de televis\u00e3o&nbsp;<em>Atl\u00e2ntico<\/em>, na emissora RTP, em Portugal.<\/p>\n\n\n\n<p>Como escritor publicou diversos livros, entre eles o romance policial O canto da sereia \u2013 um&nbsp;<em>noir baiano<\/em>&nbsp;e a bem-sucedida biografia Vale Tudo \u2013 O Som e a F\u00faria de Tim Maia, pela editora Objetiva que, em 2011, foi a base para o espet\u00e1culo Tim Maia \u2013 O Musical.<\/p>\n\n\n\n<p>A cole\u00e7\u00e3o Nelson Motta \u00e9 constitu\u00edda, basicamente, por fotografias de artistas e personalidades de destaque no mundo do cinema nacional e internacional, do teatro, da televis\u00e3o e da m\u00fasica popular brasileira.<\/p>\n\n\n\n<p>A Cole\u00e7\u00e3o Nelson Motta foi doada ao MIS RJ, pelo pr\u00f3prio, em 2013.<\/p>\n\n\n\n<p>Em 2015, foi doado um conjunto documental para se juntar ao existente, constitu\u00eddo por: discos, CDs, livros e peri\u00f3dicos (indispon\u00edvel).<\/p>\n\n\n\n<h2 class=\"wp-block-heading\"><strong>Retomada das exposi\u00e7\u00f5es<\/strong><\/h2>\n\n\n\n<figure class=\"wp-block-image size-full is-resized\"><img loading=\"lazy\" decoding=\"async\" width=\"630\" height=\"945\" src=\"https:\/\/fmis.rj.gov.br\/v1\/wp-content\/uploads\/2024\/10\/35.1_Retomada-das-exposicoes.jpg\" alt=\"\" class=\"wp-image-642\" style=\"width:800px\" srcset=\"https:\/\/fmis.rj.gov.br\/v1\/wp-content\/uploads\/2024\/10\/35.1_Retomada-das-exposicoes.jpg 630w, https:\/\/fmis.rj.gov.br\/v1\/wp-content\/uploads\/2024\/10\/35.1_Retomada-das-exposicoes-200x300.jpg 200w\" sizes=\"auto, (max-width: 630px) 100vw, 630px\" \/><figcaption class=\"wp-element-caption\"><mark style=\"background-color:rgba(0, 0, 0, 0)\" class=\"has-inline-color has-ast-global-color-0-color\">Arte gr\u00e1fica produzida para a exposi\u00e7\u00e3o:&nbsp;<em>Um MIS de Hist\u00f3ria<\/em>, que marca a retomada das exposi\u00e7\u00f5es na institui\u00e7\u00e3o. Inaugurada em 10 de setembro de 2019, Um MIS de Hist\u00f3ria foi realizada na sede Lapa do Museu da Imagem e do Som do Rio de Janeiro.<br>Acervo MIS RJ. Ger\u00eancia de Projetos<\/mark><\/figcaption><\/figure>\n\n\n\n<figure class=\"wp-block-image size-full is-resized\"><img loading=\"lazy\" decoding=\"async\" width=\"828\" height=\"597\" src=\"https:\/\/fmis.rj.gov.br\/v1\/wp-content\/uploads\/2024\/10\/35.2-Retomada-das-exposicoes.jpg\" alt=\"\" class=\"wp-image-643\" style=\"width:800px\" srcset=\"https:\/\/fmis.rj.gov.br\/v1\/wp-content\/uploads\/2024\/10\/35.2-Retomada-das-exposicoes.jpg 828w, https:\/\/fmis.rj.gov.br\/v1\/wp-content\/uploads\/2024\/10\/35.2-Retomada-das-exposicoes-300x216.jpg 300w, https:\/\/fmis.rj.gov.br\/v1\/wp-content\/uploads\/2024\/10\/35.2-Retomada-das-exposicoes-768x554.jpg 768w\" sizes=\"auto, (max-width: 828px) 100vw, 828px\" \/><figcaption class=\"wp-element-caption\"><mark style=\"background-color:rgba(0, 0, 0, 0)\" class=\"has-inline-color has-ast-global-color-0-color\">Radialista Jorge Murad, Braguinha e Paulo Tapaj\u00f3s na exposi\u00e7\u00e3o de Ary Barroso, no Museu da Imagem e do Som, sede Pra\u00e7a XV, em novembro de 1967.<br>Acervo MIS RJ. Cole\u00e7\u00e3o Jorge Murad.<\/mark><\/figcaption><\/figure>\n\n\n\n<p>Em 11 de setembro de 2019, o Museu da Imagem e do Som do Rio de Janeiro inaugurou a exposi\u00e7\u00e3o&nbsp;<em>Um MIS de Hist\u00f3ria<\/em>, depois de anos sem exposi\u00e7\u00f5es. Como parte das celebra\u00e7\u00f5es dos 54 anos do MIS RJ, foi poss\u00edvel uma imers\u00e3o no acervo, que contou com linha do tempo, fotografias, partituras, m\u00fasicas e trechos de Depoimentos para a Posteridade, conduzindo o visitante a mais de 100 anos de hist\u00f3ria.<\/p>\n\n\n\n<h2 class=\"wp-block-heading\">D\u00c9CADA DE 2020<\/h2>\n\n\n\n<h2 class=\"wp-block-heading\"><strong>Painel do Pixinguinha<\/strong><\/h2>\n\n\n\n<figure class=\"wp-block-image size-full is-resized\"><img loading=\"lazy\" decoding=\"async\" width=\"686\" height=\"683\" src=\"https:\/\/fmis.rj.gov.br\/v1\/wp-content\/uploads\/2024\/10\/36_Painel-do-Pixinguinha.jpg\" alt=\"\" class=\"wp-image-644\" style=\"width:800px\" srcset=\"https:\/\/fmis.rj.gov.br\/v1\/wp-content\/uploads\/2024\/10\/36_Painel-do-Pixinguinha.jpg 686w, https:\/\/fmis.rj.gov.br\/v1\/wp-content\/uploads\/2024\/10\/36_Painel-do-Pixinguinha-300x300.jpg 300w, https:\/\/fmis.rj.gov.br\/v1\/wp-content\/uploads\/2024\/10\/36_Painel-do-Pixinguinha-150x150.jpg 150w\" sizes=\"auto, (max-width: 686px) 100vw, 686px\" \/><figcaption class=\"wp-element-caption\"><mark style=\"background-color:rgba(0, 0, 0, 0)\" class=\"has-inline-color has-ast-global-color-0-color\">Painel lateral da sede Lapa do Museu da Imagem e do Som do Rio de Janeiro, em homenagem ao mestre Pixinguinha. Caz\u00e9, o criador da obra, aparece no alto do edif\u00edcio de bra\u00e7os abertos. Foto de Douglas Dobby\/Negro Muro, 2021.<\/mark><\/figcaption><\/figure>\n\n\n\n<p>Na sede do Museu da Imagem e do Som do Rio de Janeiro, no cora\u00e7\u00e3o da Lapa, famosa pela boemia carioca, foi realizada uma linda homenagem ao mestre Pixinguinha com um painel de 10 metros de altura estampado na parede lateral da institui\u00e7\u00e3o. O artista Caz\u00e9 junto ao produtor cultural, Pedro Raj\u00e3o, desenvolvem o Projeto Negro Muro, que homenageia personalidades negras em diversos muros da cidade. Em parceria com o MIS RJ, o projeto com aproximadamente 150 metros quadrados, demorou quatro meses para ser conclu\u00eddo, em 25 de mar\u00e7o de 2021, e foi realizado com recursos da Lei Aldir Blanc. Em outubro do mesmo ano, quando da abertura oficial da exposi\u00e7\u00e3o \u201cPixinguinha eterno, carinhoso mestre\u201d, o painel recebeu ilumina\u00e7\u00e3o especial.<\/p>\n\n\n\n<h2 class=\"wp-block-heading\"><strong>Cria\u00e7\u00e3o da Web R\u00e1dio MIS RJ<\/strong><\/h2>\n\n\n\n<figure class=\"wp-block-image size-full is-resized\"><img decoding=\"async\" src=\"https:\/\/fmis.rj.gov.br\/v1\/wp-content\/uploads\/2024\/10\/37_Criacao-Web-Radio-MIS-RJ.jpg\" alt=\"\" class=\"wp-image-645\" style=\"width:800px\"\/><figcaption class=\"wp-element-caption\"><mark style=\"background-color:rgba(0, 0, 0, 0)\" class=\"has-inline-color has-ast-global-color-0-color\">Arte gr\u00e1fica publicada no Instagram do Museu da Imagem e do Som do Rio de Janeiro em 26 de abril de 2021.<br>Acervo MIS. Assessoria de Comunica\u00e7\u00e3o.<\/mark><\/figcaption><\/figure>\n\n\n\n<p>Em dois de abril de 2021, foi ao ar a Web R\u00e1dio MIS RJ. Inaugurada com m\u00fasicas de alta qualidade, trechos de depoimentos de grandes artistas brasileiros, podcasts, entrevistas e curiosidades sobre o acervo do Museu da Imagem e do Som do Rio de Janeiro. Idealizada por Cesar Miranda Ribeiro e com textos da jornalista M\u00e1rcia Benazzi, a web r\u00e1dio aproximou os p\u00fablicos brasileiro e internacional das preciosidades salvaguardadas no acervo da institui\u00e7\u00e3o. Atualmente, a Web R\u00e1dio MIS RJ pode ser ouvida em endere\u00e7o pr\u00f3prio https:\/\/www.webradio.mis.rj.gov.br\/, no site do MIS RJ ou no aplicativo para&nbsp;<em>Apple<\/em>&nbsp;ou&nbsp;<em>Android<\/em>. Configura-se, desse modo, na primeira web r\u00e1dio oficial de museus do estado do Rio de Janeiro, e conta com a participa\u00e7\u00e3o de diversos colaboradores da institui\u00e7\u00e3o e externos<strong>.<\/strong><\/p>\n\n\n\n<h2 class=\"wp-block-heading\"><strong>Primeira Exposi\u00e7\u00e3o Virtual<\/strong><\/h2>\n\n\n\n<figure class=\"wp-block-image size-full is-resized\"><img decoding=\"async\" src=\"https:\/\/fmis.rj.gov.br\/v1\/wp-content\/uploads\/2024\/10\/38_Exposicao-Virtual-819x1024-1.jpg\" alt=\"\" class=\"wp-image-646\" style=\"width:800px\"\/><figcaption class=\"wp-element-caption\"><mark style=\"background-color:rgba(0, 0, 0, 0)\" class=\"has-inline-color has-ast-global-color-0-color\">Arte gr\u00e1fica publicada no Instagram do Museu da Imagem e do Som do Rio de Janeiro em 04 de abril de 2021.<br>Acervo MIS. Assessoria de Comunica\u00e7\u00e3o.<\/mark><\/figcaption><\/figure>\n\n\n\n<p>Em 05 de abril de 2021, o Museu da Imagem e do Som do Rio de Janeiro em parceria com a Nabuco Technology inaugurou a Exposi\u00e7\u00e3o MIS em 3D. Resgatou preciosidades do acervo tridimensional para a primeira exposi\u00e7\u00e3o virtual do acervo do MIS RJ, composta por pe\u00e7as raras e de grande valor para pesquisa, sem deixar de lado o entretenimento, passando por objetos que contaram a hist\u00f3ria da imagem, do som e do audiovisual no Brasil e que pertenceram a personagens marcantes da nossa cultura.<\/p>\n\n\n\n<h2 class=\"wp-block-heading\"><strong>Depoimentos para a Posteridade em formato online<\/strong><\/h2>\n\n\n\n<figure class=\"wp-block-image size-full is-resized\"><img decoding=\"async\" src=\"https:\/\/fmis.rj.gov.br\/v1\/wp-content\/uploads\/2024\/10\/39_DpP-online-766x1024-1.jpg\" alt=\"\" class=\"wp-image-647\" style=\"width:800px\"\/><figcaption class=\"wp-element-caption\"><mark style=\"background-color:rgba(0, 0, 0, 0)\" class=\"has-inline-color has-ast-global-color-0-color\">O locutor Dirceu Rabelo em seu Depoimento para a Posteridade, em 17 de maio de 2021, inaugura o novo formato da s\u00e9rie hist\u00f3rica: online.<br>Acervo MIS RJ. Assessoria de Comunica\u00e7\u00e3o.<\/mark><\/figcaption><\/figure>\n\n\n\n<p>O Museu da Imagem e do Som do Rio de Janeiro retomou a s\u00e9rie \u201cDepoimentos para a Posteridade\u201d com inova\u00e7\u00f5es. Criada em 1966, a grava\u00e7\u00e3o dos testemunhos hist\u00f3ricos contou pela primeira vez com a participa\u00e7\u00e3o virtual de entrevistadores para deixar registradas a vida e obra do locutor Dirceu Rabelo, conhecido como&nbsp;<em>A Voz da TV Globo<\/em>. A contribui\u00e7\u00e3o de um profissional dessa atividade tamb\u00e9m \u00e9 in\u00e9dita no extenso acervo. Em virtude da aus\u00eancia de tecnologia capaz de gravar com qualidade a s\u00e9rie hist\u00f3rica foi paralisada com a pandemia de Covid-19 que assolou o Brasil e o mundo. Em 17 de maio de 2021, ela foi retomada sob novo formato: com o depoente no est\u00fadio da Biblioteca Parque Estadual, no Centro, sede da Secretaria de Estado de Cultura e Economia Criativa do Rio de Janeiro e contou com as participa\u00e7\u00f5es virtuais do apresentador do SBT Celso Portiolli, diretamente de S\u00e3o Paulo e, de casa, no Rio, o diretor da Divis\u00e3o de Promo\u00e7\u00f5es da TV Globo, Francisco Wanderley. A media\u00e7\u00e3o foi realizada pela jornalista M\u00e1rcia Benazzi.<\/p>\n\n\n\n<h2 class=\"wp-block-heading\"><strong>Cria\u00e7\u00e3o do Centro de Pesquisa e Documenta\u00e7\u00e3o Ricardo Cravo Albin<\/strong><\/h2>\n\n\n\n<figure class=\"wp-block-image size-full is-resized\"><img decoding=\"async\" src=\"https:\/\/fmis.rj.gov.br\/v1\/wp-content\/uploads\/2024\/10\/40_Criacao-do-CPD-Ricardo-Cravo-Albin-768x1024-1.jpg\" alt=\"\" class=\"wp-image-648\" style=\"width:800px\"\/><figcaption class=\"wp-element-caption\"><mark style=\"background-color:rgba(0, 0, 0, 0)\" class=\"has-inline-color has-ast-global-color-0-color\">O jornalista, radialista e music\u00f3logo Ricardo Cravo Albin posa junto ao Centro de Pesquisa e Documenta\u00e7\u00e3o Ricardo Cravo Albin em 21 de junho 2021.<br>Acervo MIS RJ. Assessoria de Comunica\u00e7\u00e3o.<\/mark><\/figcaption><\/figure>\n\n\n\n<p>Em 21 de junho de 2021 foi criado o Centro de Pesquisa e Documenta\u00e7\u00e3o Ricardo Cravo Albin. Junto \u00e0s celebra\u00e7\u00f5es da reabertura do Museu da Imagem e do Som para o p\u00fablico, Ricardo Cravo Albin teve seu nome gravado na antiga Sala de Pesquisa, uma homenagem aquele que foi um dos idealizadores e criadores do Museu da Imagem e do Som do Rio de Janeiro, pioneiro no Brasil.<\/p>\n\n\n\n<h2 class=\"wp-block-heading\"><strong>Cole\u00e7\u00e3o Garoto<\/strong><\/h2>\n\n\n\n<figure class=\"wp-block-image size-full is-resized\"><img loading=\"lazy\" decoding=\"async\" width=\"681\" height=\"1024\" src=\"https:\/\/fmis.rj.gov.br\/v1\/wp-content\/uploads\/2024\/10\/41_Col-Garoto-681x1024-1.jpg\" alt=\"\" class=\"wp-image-649\" style=\"width:800px\" srcset=\"https:\/\/fmis.rj.gov.br\/v1\/wp-content\/uploads\/2024\/10\/41_Col-Garoto-681x1024-1.jpg 681w, https:\/\/fmis.rj.gov.br\/v1\/wp-content\/uploads\/2024\/10\/41_Col-Garoto-681x1024-1-200x300.jpg 200w\" sizes=\"auto, (max-width: 681px) 100vw, 681px\" \/><figcaption class=\"wp-element-caption\"><mark style=\"background-color:rgba(0, 0, 0, 0)\" class=\"has-inline-color has-ast-global-color-0-color\">Garoto posa para foto ao viol\u00e3o. D\u00e9cada de 1950.<br>Acervo MIS RJ. Cole\u00e7\u00e3o Almirante.<\/mark><\/figcaption><\/figure>\n\n\n\n<p>An\u00edbal Augusto Sardinha, conhecido como Garoto, nasceu em 28 de junho de 1915, em S\u00e3o Paulo. Foi compositor e multi-instrumentista brasileiro. Garoto, al\u00e9m de violonista, dominava o banjo, cavaquinho, bandolim, viol\u00e3o tenor, guitarra el\u00e9trica, havaiana, portuguesa, al\u00e9m de compor e fazer arranjos para estes instrumentos.<\/p>\n\n\n\n<p>Come\u00e7ou a carreira bastante cedo, com apenas 11 anos de idade, o que lhe rendeu o apelido de&nbsp;<em>O Moleque do Banjo<\/em>&nbsp;e posteriormente&nbsp;<em>Garoto<\/em>. No final de 1952, a partir do programa&nbsp;<em>M\u00fasica em Surdina<\/em>, da R\u00e1dio Nacional, o diretor musical Paulo Tapaj\u00f3s formou com Faf\u00e1, Garoto e Chiquinho do Acordeom o Trio Surdina. Gravou com artistas do calibre de Carmen Miranda, Dorival Caymmi e Ary Barroso.<\/p>\n\n\n\n<p>Garoto passou a carreira entre est\u00fadios de r\u00e1dio do Rio de Janeiro e de S\u00e3o Paulo, e esteve por algum tempo com o Bando da Lua, nos Estados Unidos, nos anos 40. Mesmo assim, n\u00e3o conseguiu firmar-se l\u00e1. Vivendo sempre uma vida dif\u00edcil, s\u00f3 ficou realmente famoso e conseguiu bastante dinheiro como compositor em 1954. Naquele ano, ganhou um concurso da Prefeitura de S\u00e3o Paulo, que queria uma m\u00fasica para o IV Centen\u00e1rio da Cidade.<\/p>\n\n\n\n<p>A vencedora foi o seu dobrado&nbsp;<em>S\u00e3o Paulo Quatrocent\u00e3o<\/em>, em parceria com Chiquinho do Acordeon. O disco vendeu centenas de milhares de c\u00f3pias, atingindo a marca de 700 mil exemplares vendidos.<\/p>\n\n\n\n<p>Foi um dos maiores violonistas brasileiros de todos os tempos e influenciou m\u00fasicos como Carlos Lyra, que foi seu aluno, Jo\u00e3o Gilberto, Raphael Rabello, Dino 7 Cordas e Baden Powell.<\/p>\n\n\n\n<p>Faleceu em 03 de maio 1955, no Rio de Janeiro, v\u00edtima de ataque card\u00edaco quando planejava uma excurs\u00e3o \u00e0 Europa.<\/p>\n\n\n\n<p>Em 15 de setembro de 2021, o Museu da Imagem e do Som do Rio de Janeiro adquiriu, por doa\u00e7\u00e3o da fam\u00edlia, cerca de 80 itens do compositor e multi-instrumentista An\u00edbal Augusto Sardinha, mais conhecido como \u201cGaroto\u201d. Em 28 de outubro do mesmo ano, obteve a doa\u00e7\u00e3o de in\u00fameros itens do pesquisador e m\u00fasico Jorge Mello, muitos deles originariamente pertencentes a Garoto, que se encontravam sob a guarda do bi\u00f3grafo de Garoto.&nbsp; Ambas v\u00e3o se juntar a mais de 600 itens sobre o violonista paulista que j\u00e1 se encontram no acervo do MIS RJ.<\/p>\n\n\n\n<h2 class=\"wp-block-heading\"><strong>Disponibiliza\u00e7\u00e3o do banco de dados online<\/strong><\/h2>\n\n\n\n<figure class=\"wp-block-image size-full is-resized\"><img decoding=\"async\" src=\"https:\/\/fmis.rj.gov.br\/v1\/wp-content\/uploads\/2024\/10\/42_Banco-de-Dados-online-1024x768-1.jpg\" alt=\"\" class=\"wp-image-650\" style=\"width:800px\"\/><figcaption class=\"wp-element-caption\"><mark style=\"background-color:rgba(0, 0, 0, 0)\" class=\"has-inline-color has-ast-global-color-0-color\">Arte gr\u00e1fica publicada no Instagram do Museu da Imagem e do Som do Rio de Janeiro em 23 de dezembro de 2021.<br>Acervo MIS. Assessoria de Comunica\u00e7\u00e3o.<\/mark><\/figcaption><\/figure>\n\n\n\n<p>Em 14 de dezembro de 2021, o Museu da Imagem e do Som do Rio de Janeiro disponibilizou para a sociedade brasileira quase 520 mil itens do seu acervo para a pesquisa online, ampliando o acesso e a democratiza\u00e7\u00e3o da cultura. No banco de dados online do MIS est\u00e3o dispon\u00edveis os itens dos sete setores, al\u00e9m do Selo Fonogr\u00e1fico MIS, e a S\u00e9rie Hist\u00f3rica dos Depoimentos para a Posteridade.<\/p>\n\n\n\n<h2 class=\"wp-block-heading\"><strong>Cole\u00e7\u00e3o Ronaldo C\u00e2mara<\/strong><\/h2>\n\n\n\n<figure class=\"wp-block-image size-full is-resized\"><img loading=\"lazy\" decoding=\"async\" width=\"1024\" height=\"660\" src=\"https:\/\/fmis.rj.gov.br\/v1\/wp-content\/uploads\/2024\/10\/43_Col-RC-1024x660-1.jpg\" alt=\"\" class=\"wp-image-651\" style=\"width:800px\" srcset=\"https:\/\/fmis.rj.gov.br\/v1\/wp-content\/uploads\/2024\/10\/43_Col-RC-1024x660-1.jpg 1024w, https:\/\/fmis.rj.gov.br\/v1\/wp-content\/uploads\/2024\/10\/43_Col-RC-1024x660-1-300x193.jpg 300w, https:\/\/fmis.rj.gov.br\/v1\/wp-content\/uploads\/2024\/10\/43_Col-RC-1024x660-1-768x495.jpg 768w\" sizes=\"auto, (max-width: 1024px) 100vw, 1024px\" \/><figcaption class=\"wp-element-caption\"><mark style=\"background-color:rgba(0, 0, 0, 0)\" class=\"has-inline-color has-ast-global-color-0-color\">Povos da Floresta. Foto de Ronaldo C\u00e2mara.<br>Acervo MIS RJ. Cole\u00e7\u00e3o Ronaldo C\u00e2mara.<\/mark><\/figcaption><\/figure>\n\n\n\n<p>Ronaldo C\u00e2mara nasceu no Rio de Janeiro. \u00c9 um fot\u00f3grafo brasileiro com fotos publicadas no&nbsp;<em>Washington Post, New York Times, The Globe<\/em>&nbsp;e muitos outros \u00f3rg\u00e3os da imprensa internacional. Iniciou sua carreira em 1965, na TV Rio e passou pela Revista Manchete e O Cruzeiro. A partir da d\u00e9cada de 1970 at\u00e9 meados dos anos 80 foi&nbsp;<em>freelancer<\/em>&nbsp;para o Caderno Ela, do jornal O Globo e para a primeira revista masculina brasileira, a Fairplay, editada por Ziraldo.<\/p>\n\n\n\n<p>Entre os anos de 1974 e 1982 foi comandante de helic\u00f3pteros da L\u00edder T\u00e1xi A\u00e9reo \u2013 a maior parte do tempo na Amaz\u00f4nia, onde aproveitou para fotografar os povos da floresta. Tamb\u00e9m foi contratado como piloto do filme&nbsp;<em>Moonraker<\/em>&nbsp;(007 contra o Foguete da Morte).<\/p>\n\n\n\n<p>Recentemente publicou a obra O retratista, resultado de mais de 55 anos de trabalho, retratando as mais diversas personalidades brasileiras, sempre em fotos exclusivas para suas lentes. Nomes como Tom Jobim, Vin\u00edcius de Moraes, Rubem Braga, Burle Marx e tantos outros. Seu \u00faltimo livro foi&nbsp;<em>Cr\u00f4nicas do mar em frente<\/em>&nbsp;sobre os cem anos do bairro do Leblon, onde vive desde o in\u00edcio da d\u00e9cada de 1950, em parceria com o publicit\u00e1rio Evandro Barreto.<\/p>\n\n\n\n<p>A cole\u00e7\u00e3o foi doada ao MIS pelo pr\u00f3prio Ronaldo C\u00e2mara, em 15 de fevereiro de 2022 e \u00e9 formada por fotografias anal\u00f3gicas e digitais. Os temas s\u00e3o diversos, mas pode-se destacar: personalidades da sociedade (como a fam\u00edlia Guinle), personalidades culturais (cantores, cineastas, artistas, caricaturistas etc.), povos origin\u00e1rios, vistas \u00e1reas de regi\u00f5es do Brasil e modelos femininas para revistas.<\/p>\n\n\n\n<h2 class=\"wp-block-heading\"><strong>REFER\u00caNCIAS<\/strong><\/h2>\n\n\n\n<h2 class=\"wp-block-heading\"><strong>Documentos de arquivo<\/strong><\/h2>\n\n\n\n<p>CULTURE AND TOURISM LAB. BARCELONA MEDIA INNOVATION CENTRE.&nbsp;<strong>Novo<\/strong>&nbsp;<strong>Museu da Imagem e do Som do Rio de Janeiro&nbsp;<\/strong>-Anteprojeto Muse\u00edstico. Barcelona \u2013 Rio de Janeiro, julho 2009, 221p.<\/p>\n\n\n\n<p>FUNDA\u00c7\u00c3O MUSEU DA IMAGEM E DO SOM DO RIO DE JANEIRO.&nbsp;<strong>Documenta\u00e7\u00e3o dos acervos<\/strong>: Abel Ferreira, Almirante, Augusto Malta, Irm\u00e3s Batista, Jorge Murad, Luiz Carlos Saroldi, Nelson Mota, Nara Le\u00e3o, Odete Amaral, Salvyano Cavalcanti de Paiva.<\/p>\n\n\n\n<p>FUNDA\u00c7\u00c3O MUSEU DA IMAGEM E DO SOM DO RIO DE JANEIRO.&nbsp;<strong>Mem\u00f3ria Digital<\/strong>&nbsp;\u2013 Cataloga\u00e7\u00e3o e digitaliza\u00e7\u00e3o do acervo MIS (projeto).<\/p>\n\n\n\n<p>FUNDA\u00c7\u00c3O MUSEU DA IMAGEM E DO SOM DO RIO DE JANEIRO.&nbsp;<strong>Nomes de Conselheiros (1966 \u2013 1972)<\/strong>&nbsp;\u2013 Livro Atas do Conselho de MPB, 2020.<\/p>\n\n\n\n<p>FUNDA\u00c7\u00c3O MUSEU DA IMAGEM E DO SOM DO RIO DE JANEIRO.&nbsp;<strong>Plano Museol\u00f3gico<\/strong>, 2015.<\/p>\n\n\n\n<p>FUNDA\u00c7\u00c3O MUSEU DA IMAGEM E DO SOM DO RIO DE JANEIRO.&nbsp;<strong>Relat\u00f3rio Anua<\/strong>l \u2013 2011.<\/p>\n\n\n\n<p>FUNDA\u00c7\u00c3O MUSEU DA IMAGEM E DO SOM DO RIO DE JANEIRO.&nbsp;<strong>Relat\u00f3rio Anual<\/strong>&nbsp;\u2013 2015 \u2013 2017.<\/p>\n\n\n\n<p>FUNDA\u00c7\u00c3O MUSEU DA IMAGEM E DO SOM DO RIO DE JANEIRO.&nbsp;<strong>Relat\u00f3rio da Gest\u00e3o&nbsp;<\/strong>\u2013 2007- 2010.<\/p>\n\n\n\n<p>FUNDA\u00c7\u00c3O MUSEU DA IMAGEM E DO SOM DO RIO DE JANEIRO.&nbsp;<strong>Relat\u00f3rio de Gest\u00e3o<\/strong>&nbsp;\u2013 2012.<\/p>\n\n\n\n<p>FUNDA\u00c7\u00c3O MUSEU DA IMAGEM E DO SOM DO RIO DE JANEIRO.&nbsp;<strong>Relat\u00f3rio de Gest\u00e3o<\/strong>&nbsp;\u2013 2012.<\/p>\n\n\n\n<p>FUNDA\u00c7\u00c3O MUSEU DA IMAGEM E DO SOM DO RIO DE JANEIRO.&nbsp;<strong>Relat\u00f3rio de Gest\u00e3o<\/strong>&nbsp;\u2013 2013.<\/p>\n\n\n\n<p>FUNDA\u00c7\u00c3O MUSEU DA IMAGEM E DO SOM DO RIO DE JANEIRO.&nbsp;<strong>Relat\u00f3rio de Gest\u00e3o<\/strong>&nbsp;\u2013 2014.<\/p>\n\n\n\n<p>FUNDA\u00c7\u00c3O MUSEU DA IMAGEM E DO SOM DO RIO DE JANEIRO.&nbsp;<strong>Relat\u00f3rio de Transi\u00e7\u00e3o<\/strong>&nbsp;\u2013 2018.<\/p>\n\n\n\n<p>FUNDA\u00c7\u00c3O MUSEU DA IMAGEM E DO SOM DO RIO DE JANEIRO.&nbsp;<strong>Relat\u00f3rio Relativo \u00e0 visita ao acervo do m\u00fasico Waldyr Azevedo<\/strong>, 2010<\/p>\n\n\n\n<p>SECRETARIA DE ESTADO DE CULTURA E ECONOMIA CRIATIVA.&nbsp;<strong>Rio de Janeiro<\/strong>&nbsp;\u2013 Museums and Cultural Heritage, 2013.<\/p>\n\n\n\n<p><strong>Bibliografia<\/strong><\/p>\n\n\n\n<p>MESQUITA, Cl\u00e1udia. Um museu para Guanabara: Carlos Lacerda e a cria\u00e7\u00e3o do Museu da Imagem e do Som (1960\/1965). Rio de Janeiro: Folha Seca, 2009, 192p.<\/p>\n\n\n\n<p><strong>Sites<\/strong><\/p>\n\n\n\n<p>ALMEIDA, Mateus. Primeiro disco de samba-enredo completa 50 anos em 2018: \u2018Marcou o carnaval\u2019, lembra colecionador.&nbsp;<strong>G1<\/strong>. Rio de Janeiro, 08 de fevereiro de 2018. Dispon\u00edvel em:&nbsp;<a href=\"https:\/\/g1.globo.com\/rj\/rio-de-janeiro\/carnaval\/2018\/noticia\/primeiro-disco-de-samba-enredo-completa-50-anos-em-2018-marcou-o-carnaval-lembra-colecionador.ghtml\" target=\"_blank\" rel=\"noreferrer noopener\">https:\/\/g1.globo.com\/rj\/rio-de-janeiro\/carnaval\/2018\/noticia\/primeiro-disco-de-samba-enredo-completa-50-anos-em-2018-marcou-o-carnaval-lembra-colecionador.ghtml<\/a>. Acesso em: 31 jan. 2022.<\/p>\n\n\n\n<p>ARCHDAILY. Em Constru\u00e7\u00e3o: MIS Copacabana \/ Diller Scofidio + Renfro. Dispon\u00edvel em:&nbsp;<a href=\"https:\/\/www.archdaily.com.br\/br\/626648\/em-construcao-mis-copacabana-diller-scofidio-mais-renfro\" target=\"_blank\" rel=\"noreferrer noopener\">https:\/\/www.archdaily.com.br\/br\/626648\/em-construcao-mis-copacabana-diller-scofidio-mais-renfro<\/a>. Acesso em: 31 janeiro de 2022.<\/p>\n\n\n\n<p>CARLOS Gomes. In: ENCICLOP\u00c9DIA Ita\u00fa Cultural de Arte e Cultura Brasileira. S\u00e3o Paulo: Ita\u00fa Cultural, 2022. Dispon\u00edvel em: http:\/\/enciclopedia.itaucultural.org.br\/pessoa15076\/carlos-gomes. Acesso em: 31 de janeiro de 2022. Verbete da Enciclop\u00e9dia. ISBN: 978-85-7979-060-7<\/p>\n\n\n\n<p>DICION\u00c1RIO CRAVO ALBIN DA M\u00daSICA POPULAR BRASILEIRA. Dispon\u00edvel em:&nbsp;<a href=\"https:\/\/dicionariompb.com.br\/\" target=\"_blank\" rel=\"noreferrer noopener\">https:\/\/dicionariompb.com.br\/<\/a>&nbsp;Acesso em: 02 de fev. 2022.<\/p>\n\n\n\n<p>FUNDA\u00c7\u00c3O MUSEU DA IMAGEM E DO SOM DO RIO DE JANEIRO INSTAGRAM MIS RJ. Dispon\u00edvel em:&nbsp;<a href=\"https:\/\/www.instagram.com\/mis.rio\" target=\"_blank\" rel=\"noreferrer noopener\">https:\/\/www.instagram.com\/mis.rio<\/a>&nbsp;Acesso em: 30 jan. 2022.<\/p>\n\n\n\n<p>FUNDA\u00c7\u00c3O MUSEU DA IMAGEM E DO SOM DO RIO DE JANEIRO. Site MIS RJ. Dispon\u00edvel em:&nbsp;<a href=\"https:\/\/mis.rj.gov.br\/\" target=\"_blank\" rel=\"noreferrer noopener\">https:\/\/www.mis.rj.gov.br\/<\/a>&nbsp;Acesso em: 01 fev. 2022.<\/p>\n\n\n\n<p>FUNDA\u00c7\u00c3O MUSEU DA IMAGEM E DO SOM DO RIO DE JANEIRO. Web R\u00e1dio MIS RJ. Dispon\u00edvel em:&nbsp;<a href=\"https:\/\/www.webradio.mis.rj.gov.br\/\" target=\"_blank\" rel=\"noreferrer noopener\">https:\/\/www.webradio.mis.rj.gov.br\/<\/a>&nbsp;Acesso em: 01 fev. 2022.<\/p>\n\n\n\n<p>LEONARDO BRUNO. Disco de samba-enredo faz 50 anos; confira os oito melhores \u00e1lbuns da hist\u00f3ria.&nbsp;<strong>Extra<\/strong>, Rio de Janeiro, 03 de fevereiro de 2018. Dispon\u00edvel em:&nbsp;<a href=\"https:\/\/extra.globo.com\/tv-e-lazer\/roda-de-samba\/disco-de-samba-enredo-faz-50-anos-confira-os-oito-melhores-albuns-da-historia-22359463.html\" target=\"_blank\" rel=\"noreferrer noopener\">https:\/\/extra.globo.com\/tv-e-lazer\/roda-de-samba\/disco-de-samba-enredo-faz-50-anos-confira-os-oito-melhores-albuns-da-historia-22359463.html<\/a>. Acesso em: 31 jan. de 2022.<\/p>\n\n\n\n<p>MELLO, Jorge Carvalho de.&nbsp;<strong>An\u00edbal Augusto Sardinha (Garoto)<\/strong>. In Acervo Digital do Viol\u00e3o Brasileiro. Dispon\u00edvel em:&nbsp;<a href=\"https:\/\/www.violaobrasileiro.com\/dicionario\/anibal-augusto-sardinha-garoto\" target=\"_blank\" rel=\"noreferrer noopener\">https:\/\/www.violaobrasileiro.com\/dicionario\/anibal-augusto-sardinha-garoto<\/a>. Acesso em: 31 jan. 2022.<\/p>\n\n\n\n<p>MORAES, Nilo da Silva. O humor de Jorge Murad. IN Almanaque Cultural Brasileiro. Porto Alegre, 02 de fevereiro de 2017. Dispon\u00edvel em:&nbsp;<a href=\"https:\/\/almanaquenilomoraes.blogspot.com\/2017\/02\/o-humor-de-jorge-murad.html\" target=\"_blank\" rel=\"noreferrer noopener\">https:\/\/almanaquenilomoraes.blogspot.com\/2017\/02\/o-humor-de-jorge-murad.html<\/a>. Acesso em: 31 jan. 2022.<\/p>\n\n\n\n<p>MUSICA BRASILIS.&nbsp;<strong>Ant\u00f4nio Carlos Gomes<\/strong>. Dispon\u00edvel em:&nbsp;<a href=\"https:\/\/musicabrasilis.org.br\/compositores\/antonio-carlos-gomes\" target=\"_blank\" rel=\"noreferrer noopener\">https:\/\/musicabrasilis.org.br\/compositores\/antonio-carlos-gomes<\/a>. Acesso em: 31 jan. 2022.<\/p>\n\n\n\n<div style=\"height:50px\" aria-hidden=\"true\" class=\"wp-block-spacer\"><\/div>\n\n\n\n<p><\/p>\n","protected":false},"excerpt":{"rendered":"<p>FMIS em Cartaz D\u00c9CADA DE 1960 Inaugura\u00e7\u00e3o do MIS Inaugura\u00e7\u00e3o do Museu da Imagem e do Som do Rio de [&hellip;]<\/p>\n","protected":false},"author":2,"featured_media":0,"parent":0,"menu_order":0,"comment_status":"closed","ping_status":"closed","template":"","meta":{"site-sidebar-layout":"default","site-content-layout":"","ast-site-content-layout":"default","site-content-style":"default","site-sidebar-style":"default","ast-global-header-display":"","ast-banner-title-visibility":"","ast-main-header-display":"","ast-hfb-above-header-display":"","ast-hfb-below-header-display":"","ast-hfb-mobile-header-display":"","site-post-title":"disabled","ast-breadcrumbs-content":"","ast-featured-img":"","footer-sml-layout":"","ast-disable-related-posts":"","theme-transparent-header-meta":"","adv-header-id-meta":"","stick-header-meta":"","header-above-stick-meta":"","header-main-stick-meta":"","header-below-stick-meta":"","astra-migrate-meta-layouts":"default","ast-page-background-enabled":"default","ast-page-background-meta":{"desktop":{"background-color":"var(--ast-global-color-4)","background-image":"","background-repeat":"repeat","background-position":"center center","background-size":"auto","background-attachment":"scroll","background-type":"","background-media":"","overlay-type":"","overlay-color":"","overlay-opacity":"","overlay-gradient":""},"tablet":{"background-color":"","background-image":"","background-repeat":"repeat","background-position":"center center","background-size":"auto","background-attachment":"scroll","background-type":"","background-media":"","overlay-type":"","overlay-color":"","overlay-opacity":"","overlay-gradient":""},"mobile":{"background-color":"","background-image":"","background-repeat":"repeat","background-position":"center center","background-size":"auto","background-attachment":"scroll","background-type":"","background-media":"","overlay-type":"","overlay-color":"","overlay-opacity":"","overlay-gradient":""}},"ast-content-background-meta":{"desktop":{"background-color":"var(--ast-global-color-5)","background-image":"","background-repeat":"repeat","background-position":"center center","background-size":"auto","background-attachment":"scroll","background-type":"","background-media":"","overlay-type":"","overlay-color":"","overlay-opacity":"","overlay-gradient":""},"tablet":{"background-color":"var(--ast-global-color-5)","background-image":"","background-repeat":"repeat","background-position":"center center","background-size":"auto","background-attachment":"scroll","background-type":"","background-media":"","overlay-type":"","overlay-color":"","overlay-opacity":"","overlay-gradient":""},"mobile":{"background-color":"var(--ast-global-color-5)","background-image":"","background-repeat":"repeat","background-position":"center center","background-size":"auto","background-attachment":"scroll","background-type":"","background-media":"","overlay-type":"","overlay-color":"","overlay-opacity":"","overlay-gradient":""}},"footnotes":""},"folder":[],"class_list":["post-589","page","type-page","status-publish","hentry"],"_links":{"self":[{"href":"https:\/\/fmis.rj.gov.br\/v1\/wp-json\/wp\/v2\/pages\/589","targetHints":{"allow":["GET"]}}],"collection":[{"href":"https:\/\/fmis.rj.gov.br\/v1\/wp-json\/wp\/v2\/pages"}],"about":[{"href":"https:\/\/fmis.rj.gov.br\/v1\/wp-json\/wp\/v2\/types\/page"}],"author":[{"embeddable":true,"href":"https:\/\/fmis.rj.gov.br\/v1\/wp-json\/wp\/v2\/users\/2"}],"replies":[{"embeddable":true,"href":"https:\/\/fmis.rj.gov.br\/v1\/wp-json\/wp\/v2\/comments?post=589"}],"version-history":[{"count":42,"href":"https:\/\/fmis.rj.gov.br\/v1\/wp-json\/wp\/v2\/pages\/589\/revisions"}],"predecessor-version":[{"id":1603,"href":"https:\/\/fmis.rj.gov.br\/v1\/wp-json\/wp\/v2\/pages\/589\/revisions\/1603"}],"wp:attachment":[{"href":"https:\/\/fmis.rj.gov.br\/v1\/wp-json\/wp\/v2\/media?parent=589"}],"wp:term":[{"taxonomy":"folder","embeddable":true,"href":"https:\/\/fmis.rj.gov.br\/v1\/wp-json\/wp\/v2\/folder?post=589"}],"curies":[{"name":"wp","href":"https:\/\/api.w.org\/{rel}","templated":true}]}}